{"id":1245,"date":"2023-07-12T08:53:31","date_gmt":"2023-07-12T08:53:31","guid":{"rendered":"https:\/\/www.od.dk\/?post_type=materialer&#038;p=1245"},"modified":"2023-07-12T08:54:22","modified_gmt":"2023-07-12T08:54:22","slug":"libanon-2023-fransk-at-vaere-frivillig-ambulanceredder-i-libanon","status":"publish","type":"materialer","link":"https:\/\/www.od.dk\/?materialer=libanon-2023-fransk-at-vaere-frivillig-ambulanceredder-i-libanon","title":{"rendered":"Libanon 2023 &#8211; Fransk: At v\u00e6re frivillig ambulanceredder i Libanon"},"content":{"rendered":"\n<p><\/p>\n\n\n\n<p>Sikkerhedskrise, energikrise, klimakrise. Lige nu ser vi en ungdom i Libanon, der er ramt af stort set alle verdens kriser p\u00e5 \u00e9n gang. Det er det land i verden, som huser flest flygtninge per indbygger. Dertil er Libanon ramt af et finansielt kollaps af historisk skala &#8211; den Internationale Valutafond vurderer Libanon til at st\u00e5 i en af de tredje v\u00e6rste \u00f8konomiske kriser p\u00e5 globalt plan siden 1850, valutaen har mistet 90% af sin v\u00e6rdi, der mangler str\u00f8m og benzin og 30% af Libanons unge har m\u00e5ttet droppe deres uddannelse.<\/p>\n\n\n\n<p>Men Libanons ungdom ser ikke bare p\u00e5. De er, om nogen, de mest handlekraftige og g\u00f8r deres bedste for at forbedre det samfund, de lever i. Det g\u00f8r de ved fx at blive frivillige ambulancereddere i Libanesisk R\u00f8de Kors. Og faktisk er 80% af de 3.600 frivillige ambulancereddere under 30 \u00e5r gamle. Det er bl.a. disse frivillige, der rykkede ud, da Beiruts havn blev ramt af en eksplosion i 2020, for at yde f\u00f8rstehj\u00e6lp til de s\u00e5rede og dele forplejning ud til de 300.000, der blev hjeml\u00f8se.<\/p>\n\n\n\n<p>I dette undervisningsforl\u00f8b skal I m\u00f8de en af de unge frivillige, Roy Baaklini, som fort\u00e6ller om sine opgaver og motivation som frivillig ambulanceredder og om, hvordan Libanesisk R\u00f8de Kors leverer en unik service i Libanon.&nbsp;<\/p>\n\n\n<script type=\"text\/javascript\">\ndocument.addEventListener('DOMContentLoaded', function () {\n\n  const linksToTrack = document.querySelectorAll('a.ressource-download');\n  \n  linksToTrack.forEach((linkToTrack) => {\n    linkToTrack.addEventListener('click', function (event) {\n      event.preventDefault();\n      const href = this.href;\n      fetch('\/wp-admin\/admin-ajax.php', {\n        method: 'POST',\n        credentials: 'same-origin',\n        headers: {\n          'Content-Type': 'application\/x-www-form-urlencoded',\n        },\n        body: 'action=track_link_click&link_url=' + encodeURIComponent(href)\n      }).then(response => response.text())\n        .then(data => {\n          window.location.href = href;\n        });\n    });\n  });\n});\n<\/script>\n\n\n<div id=\"downloads\">\n  <div class=\"downloads\">\n    <h2 class=\"h2\">Hent materialer<\/h2>\n    <div class=\"row\">\n               \n        <div class=\"col-12\">\n          <a class=\"ressource-download cc\" href=\"https:\/\/www.od.dk\/wp-content\/uploads\/2023\/07\/Modulbeskrivelse-At-vaere-frivillig-ambulanceredder-i-Libanon-.pdf\" target=\"_blank\">\n            <i class=\"fa fa-download\" aria-hidden=\"true\"><\/i>\n            Modulbeskrivelse          <\/a>\n\n                  <\/div>\n                 \n        <div class=\"col-12\">\n          <a class=\"ressource-download cc\" href=\"https:\/\/www.od.dk\/wp-content\/uploads\/2023\/07\/Gloseliste-At-vaere-frivillig-ambulanceredder-i-Libanon.pdf\" target=\"_blank\">\n            <i class=\"fa fa-download\" aria-hidden=\"true\"><\/i>\n            Gloseliste          <\/a>\n\n                  <\/div>\n        <\/div>\n<\/div>\n<\/div>\n\n<style>\n\n    .download-count {\n      font-size: .85rem;\n      background-color: #f1f1f1;\n      padding: 3px 10px;\n      border-radius: 9999px;\n      margin-left: 5px;\n    }\n\n<\/style>\n\n\n<script type=\"text\/javascript\">\ndocument.addEventListener('DOMContentLoaded', function () {\n\n  const linksToTrack = document.querySelectorAll('a.resource-download');\n  linksToTrack.forEach((linkToTrack) => {\n    linkToTrack.addEventListener('click', function (event) {\n      event.preventDefault();\n      const href = this.href;\n      fetch('\/wp-admin\/admin-ajax.php', {\n        method: 'POST',\n        credentials: 'same-origin',\n        headers: {\n          'Content-Type': 'application\/x-www-form-urlencoded',\n        },\n        body: 'action=track_link_click&link_url=' + encodeURIComponent(href)\n      }).then(response => response.text())\n        .then(data => {\n          window.location.href = href;\n        });\n    });\n  });\n});\n<\/script>\n\n<div id=\"links\">\n  <div class=\"links\">\n    <h2 class=\"h2\"><\/h2>\n      <div class=\"row\">\n                              <div class=\"col-12\">\n              <a class=\"resource-download cc\" href=\"https:\/\/docs.google.com\/presentation\/d\/1-dtgJHqWzaizQxusbGXM0U7-vuwMsyG_4e2mqFYtB8U\/edit?usp=sharing\" target=\"_blank\">\n                Slideshow              <\/a>\n\n                          <\/div>\n                                <div class=\"col-12\">\n              <a class=\"resource-download cc\" href=\"https:\/\/youtube.com\/playlist?list=PL-xDKmJVWX52uQPBcTxJ-AIOukyUlv5vE\" target=\"_blank\">\n                Videoer (ligger ogs\u00e5 i slideshowet)              <\/a>\n\n                          <\/div>\n                                <div class=\"col-12\">\n              <a class=\"resource-download cc\" href=\"https:\/\/wordwall.net\/resource\/58438762\" target=\"_blank\">\n                Spil 1              <\/a>\n\n                          <\/div>\n                                <div class=\"col-12\">\n              <a class=\"resource-download cc\" href=\"https:\/\/wordwall.net\/resource\/58438604\" target=\"_blank\">\n                Spil 2              <\/a>\n\n                          <\/div>\n            <\/div>\n  <\/div>\n<\/div>\n\n<style>\n\n    .download-count {\n      font-size: .85rem;\n      background-color: #f1f1f1;\n      padding: 3px 10px;\n      border-radius: 9999px;\n      margin-left: 5px;\n    }\n\n<\/style>","protected":false},"featured_media":901,"parent":0,"menu_order":0,"template":"","fag":[120],"medietype":[121],"projekt":[72],"tema":[122,101,105],"acf":[],"yoast_head":"<!-- This site is optimized with the Yoast SEO plugin v22.5 - https:\/\/yoast.com\/wordpress\/plugins\/seo\/ -->\n<title>Libanon 2023 - Fransk: At v\u00e6re frivillig ambulanceredder i Libanon - Operation Dagsv\u00e6rk<\/title>\n<meta name=\"robots\" content=\"index, follow, max-snippet:-1, max-image-preview:large, max-video-preview:-1\" \/>\n<link rel=\"canonical\" href=\"https:\/\/www.od.dk\/?materialer=libanon-2023-fransk-at-vaere-frivillig-ambulanceredder-i-libanon\" \/>\n<meta property=\"og:locale\" content=\"da_DK\" \/>\n<meta property=\"og:type\" content=\"article\" \/>\n<meta property=\"og:title\" content=\"Libanon 2023 - Fransk: At v\u00e6re frivillig ambulanceredder i Libanon - Operation Dagsv\u00e6rk\" \/>\n<meta property=\"og:description\" content=\"Sikkerhedskrise, energikrise, klimakrise. Lige nu ser vi en ungdom i Libanon, der er ramt af stort set alle verdens kriser p\u00e5 \u00e9n gang. Det er det land i verden, som huser flest flygtninge per indbygger. &hellip;\" \/>\n<meta property=\"og:url\" content=\"https:\/\/www.od.dk\/?materialer=libanon-2023-fransk-at-vaere-frivillig-ambulanceredder-i-libanon\" \/>\n<meta property=\"og:site_name\" content=\"Operation Dagsv\u00e6rk\" \/>\n<meta property=\"article:modified_time\" content=\"2023-07-12T08:54:22+00:00\" \/>\n<meta property=\"og:image\" content=\"https:\/\/www.od.dk\/wp-content\/uploads\/2023\/02\/1.-Psykisk-foerstehjaelp-e1676141521225.jpg\" \/>\n\t<meta property=\"og:image:width\" content=\"1800\" \/>\n\t<meta property=\"og:image:height\" content=\"774\" \/>\n\t<meta property=\"og:image:type\" content=\"image\/jpeg\" \/>\n<meta name=\"twitter:card\" content=\"summary_large_image\" \/>\n<meta name=\"twitter:label1\" content=\"Estimeret l\u00e6setid\" \/>\n\t<meta name=\"twitter:data1\" content=\"2 minutter\" \/>\n<script type=\"application\/ld+json\" class=\"yoast-schema-graph\">{\"@context\":\"https:\/\/schema.org\",\"@graph\":[{\"@type\":\"WebPage\",\"@id\":\"https:\/\/www.od.dk\/?materialer=libanon-2023-fransk-at-vaere-frivillig-ambulanceredder-i-libanon\",\"url\":\"https:\/\/www.od.dk\/?materialer=libanon-2023-fransk-at-vaere-frivillig-ambulanceredder-i-libanon\",\"name\":\"Libanon 2023 - Fransk: At v\u00e6re frivillig ambulanceredder i Libanon - Operation Dagsv\u00e6rk\",\"isPartOf\":{\"@id\":\"https:\/\/www.od.dk\/#website\"},\"primaryImageOfPage\":{\"@id\":\"https:\/\/www.od.dk\/?materialer=libanon-2023-fransk-at-vaere-frivillig-ambulanceredder-i-libanon#primaryimage\"},\"image\":{\"@id\":\"https:\/\/www.od.dk\/?materialer=libanon-2023-fransk-at-vaere-frivillig-ambulanceredder-i-libanon#primaryimage\"},\"thumbnailUrl\":\"https:\/\/www.od.dk\/wp-content\/uploads\/2023\/02\/1.-Psykisk-foerstehjaelp-e1676141521225.jpg\",\"datePublished\":\"2023-07-12T08:53:31+00:00\",\"dateModified\":\"2023-07-12T08:54:22+00:00\",\"breadcrumb\":{\"@id\":\"https:\/\/www.od.dk\/?materialer=libanon-2023-fransk-at-vaere-frivillig-ambulanceredder-i-libanon#breadcrumb\"},\"inLanguage\":\"da-DK\",\"potentialAction\":[{\"@type\":\"ReadAction\",\"target\":[\"https:\/\/www.od.dk\/?materialer=libanon-2023-fransk-at-vaere-frivillig-ambulanceredder-i-libanon\"]}]},{\"@type\":\"ImageObject\",\"inLanguage\":\"da-DK\",\"@id\":\"https:\/\/www.od.dk\/?materialer=libanon-2023-fransk-at-vaere-frivillig-ambulanceredder-i-libanon#primaryimage\",\"url\":\"https:\/\/www.od.dk\/wp-content\/uploads\/2023\/02\/1.-Psykisk-foerstehjaelp-e1676141521225.jpg\",\"contentUrl\":\"https:\/\/www.od.dk\/wp-content\/uploads\/2023\/02\/1.-Psykisk-foerstehjaelp-e1676141521225.jpg\",\"width\":1800,\"height\":774},{\"@type\":\"BreadcrumbList\",\"@id\":\"https:\/\/www.od.dk\/?materialer=libanon-2023-fransk-at-vaere-frivillig-ambulanceredder-i-libanon#breadcrumb\",\"itemListElement\":[{\"@type\":\"ListItem\",\"position\":1,\"name\":\"Forside\",\"item\":\"https:\/\/www.od.dk\/\"},{\"@type\":\"ListItem\",\"position\":2,\"name\":\"Materialer\",\"item\":\"https:\/\/www.od.dk\/?post_type=materialer\"},{\"@type\":\"ListItem\",\"position\":3,\"name\":\"Libanon 2023 &#8211; Fransk: At v\u00e6re frivillig ambulanceredder i Libanon\"}]},{\"@type\":\"WebSite\",\"@id\":\"https:\/\/www.od.dk\/#website\",\"url\":\"https:\/\/www.od.dk\/\",\"name\":\"Operation Dagsv\u00e6rk\",\"description\":\"Oplysning, stillingtagen, handling\",\"alternateName\":\"OD\",\"potentialAction\":[{\"@type\":\"SearchAction\",\"target\":{\"@type\":\"EntryPoint\",\"urlTemplate\":\"https:\/\/www.od.dk\/?s={search_term_string}\"},\"query-input\":\"required name=search_term_string\"}],\"inLanguage\":\"da-DK\"}]}<\/script>\n<!-- \/ Yoast SEO plugin. -->","yoast_head_json":{"title":"Libanon 2023 - Fransk: At v\u00e6re frivillig ambulanceredder i Libanon - Operation Dagsv\u00e6rk","robots":{"index":"index","follow":"follow","max-snippet":"max-snippet:-1","max-image-preview":"max-image-preview:large","max-video-preview":"max-video-preview:-1"},"canonical":"https:\/\/www.od.dk\/?materialer=libanon-2023-fransk-at-vaere-frivillig-ambulanceredder-i-libanon","og_locale":"da_DK","og_type":"article","og_title":"Libanon 2023 - Fransk: At v\u00e6re frivillig ambulanceredder i Libanon - Operation Dagsv\u00e6rk","og_description":"Sikkerhedskrise, energikrise, klimakrise. Lige nu ser vi en ungdom i Libanon, der er ramt af stort set alle verdens kriser p\u00e5 \u00e9n gang. Det er det land i verden, som huser flest flygtninge per indbygger. &hellip;","og_url":"https:\/\/www.od.dk\/?materialer=libanon-2023-fransk-at-vaere-frivillig-ambulanceredder-i-libanon","og_site_name":"Operation Dagsv\u00e6rk","article_modified_time":"2023-07-12T08:54:22+00:00","og_image":[{"width":1800,"height":774,"url":"https:\/\/www.od.dk\/wp-content\/uploads\/2023\/02\/1.-Psykisk-foerstehjaelp-e1676141521225.jpg","type":"image\/jpeg"}],"twitter_card":"summary_large_image","twitter_misc":{"Estimeret l\u00e6setid":"2 minutter"},"schema":{"@context":"https:\/\/schema.org","@graph":[{"@type":"WebPage","@id":"https:\/\/www.od.dk\/?materialer=libanon-2023-fransk-at-vaere-frivillig-ambulanceredder-i-libanon","url":"https:\/\/www.od.dk\/?materialer=libanon-2023-fransk-at-vaere-frivillig-ambulanceredder-i-libanon","name":"Libanon 2023 - Fransk: At v\u00e6re frivillig ambulanceredder i Libanon - Operation Dagsv\u00e6rk","isPartOf":{"@id":"https:\/\/www.od.dk\/#website"},"primaryImageOfPage":{"@id":"https:\/\/www.od.dk\/?materialer=libanon-2023-fransk-at-vaere-frivillig-ambulanceredder-i-libanon#primaryimage"},"image":{"@id":"https:\/\/www.od.dk\/?materialer=libanon-2023-fransk-at-vaere-frivillig-ambulanceredder-i-libanon#primaryimage"},"thumbnailUrl":"https:\/\/www.od.dk\/wp-content\/uploads\/2023\/02\/1.-Psykisk-foerstehjaelp-e1676141521225.jpg","datePublished":"2023-07-12T08:53:31+00:00","dateModified":"2023-07-12T08:54:22+00:00","breadcrumb":{"@id":"https:\/\/www.od.dk\/?materialer=libanon-2023-fransk-at-vaere-frivillig-ambulanceredder-i-libanon#breadcrumb"},"inLanguage":"da-DK","potentialAction":[{"@type":"ReadAction","target":["https:\/\/www.od.dk\/?materialer=libanon-2023-fransk-at-vaere-frivillig-ambulanceredder-i-libanon"]}]},{"@type":"ImageObject","inLanguage":"da-DK","@id":"https:\/\/www.od.dk\/?materialer=libanon-2023-fransk-at-vaere-frivillig-ambulanceredder-i-libanon#primaryimage","url":"https:\/\/www.od.dk\/wp-content\/uploads\/2023\/02\/1.-Psykisk-foerstehjaelp-e1676141521225.jpg","contentUrl":"https:\/\/www.od.dk\/wp-content\/uploads\/2023\/02\/1.-Psykisk-foerstehjaelp-e1676141521225.jpg","width":1800,"height":774},{"@type":"BreadcrumbList","@id":"https:\/\/www.od.dk\/?materialer=libanon-2023-fransk-at-vaere-frivillig-ambulanceredder-i-libanon#breadcrumb","itemListElement":[{"@type":"ListItem","position":1,"name":"Forside","item":"https:\/\/www.od.dk\/"},{"@type":"ListItem","position":2,"name":"Materialer","item":"https:\/\/www.od.dk\/?post_type=materialer"},{"@type":"ListItem","position":3,"name":"Libanon 2023 &#8211; Fransk: At v\u00e6re frivillig ambulanceredder i Libanon"}]},{"@type":"WebSite","@id":"https:\/\/www.od.dk\/#website","url":"https:\/\/www.od.dk\/","name":"Operation Dagsv\u00e6rk","description":"Oplysning, stillingtagen, handling","alternateName":"OD","potentialAction":[{"@type":"SearchAction","target":{"@type":"EntryPoint","urlTemplate":"https:\/\/www.od.dk\/?s={search_term_string}"},"query-input":"required name=search_term_string"}],"inLanguage":"da-DK"}]}},"_links":{"self":[{"href":"https:\/\/www.od.dk\/index.php?rest_route=\/wp\/v2\/materialer\/1245"}],"collection":[{"href":"https:\/\/www.od.dk\/index.php?rest_route=\/wp\/v2\/materialer"}],"about":[{"href":"https:\/\/www.od.dk\/index.php?rest_route=\/wp\/v2\/types\/materialer"}],"wp:featuredmedia":[{"embeddable":true,"href":"https:\/\/www.od.dk\/index.php?rest_route=\/wp\/v2\/media\/901"}],"wp:attachment":[{"href":"https:\/\/www.od.dk\/index.php?rest_route=%2Fwp%2Fv2%2Fmedia&parent=1245"}],"wp:term":[{"taxonomy":"fag","embeddable":true,"href":"https:\/\/www.od.dk\/index.php?rest_route=%2Fwp%2Fv2%2Ffag&post=1245"},{"taxonomy":"medietype","embeddable":true,"href":"https:\/\/www.od.dk\/index.php?rest_route=%2Fwp%2Fv2%2Fmedietype&post=1245"},{"taxonomy":"projekt","embeddable":true,"href":"https:\/\/www.od.dk\/index.php?rest_route=%2Fwp%2Fv2%2Fprojekt&post=1245"},{"taxonomy":"tema","embeddable":true,"href":"https:\/\/www.od.dk\/index.php?rest_route=%2Fwp%2Fv2%2Ftema&post=1245"}],"curies":[{"name":"wp","href":"https:\/\/api.w.org\/{rel}","templated":true}]}}