{"id":1307,"date":"2018-08-24T09:10:12","date_gmt":"2018-08-24T09:10:12","guid":{"rendered":"https:\/\/www.od.dk\/?post_type=materialer&#038;p=1307"},"modified":"2023-09-04T07:53:19","modified_gmt":"2023-09-04T07:53:19","slug":"groenland-2018-sprog-og-identitet","status":"publish","type":"materialer","link":"https:\/\/www.od.dk\/?materialer=groenland-2018-sprog-og-identitet","title":{"rendered":"Gr\u00f8nland 2018 \u2013 Sprog og identitet"},"content":{"rendered":"\n<p><\/p>\n\n\n\n<p>Identitet og sprog kan v\u00e6re en sv\u00e6r st\u00f8rrelse at forholde sig til i Gr\u00f8nland, da den flere hundrede \u00e5r lange relation til Danmark betyder, at en del taler b\u00e5de dansk og gr\u00f8nlandsk eller kun en af delene. Det betyder ogs\u00e5, at den gr\u00f8nlandske kultur og befolkning er blevet blandet med den danske. Det har alt sammen stor betydning for identitetsforst\u00e5elsen, b\u00e5de for gr\u00f8nl\u00e6ndere i Gr\u00f8nland og gr\u00f8nl\u00e6ndere i Danmark.<\/p>\n\n\n\n<p>Undervisningsforl\u00f8bet &#8220;Sprog og identitet&#8221; unders\u00f8ger gennem tekster, film og podcast hvordan man i en gr\u00f8nlandsk sammenh\u00e6ng forholder sig til sprog og egen national identitet.<\/p>\n\n\n\n<p>Undervisningsmaterialets kernestofomr\u00e5de er &#8220;Tekster fra 2000-tallet, herunder de seneste fem \u00e5rs litteratur&#8221; til Dansk A p\u00e5 STX.<\/p>\n\n\n\n<p>Eleverne vil f\u00e5 kendskab til sprogdebatten i Gr\u00f8nland, og opn\u00e5 en forst\u00e5else for, hvorfor sprog og national identitet kan v\u00e6re en sv\u00e6r tematik. Ud fra denne forst\u00e5else vil eleverne kunne analysere, fortolke og perspektivere udvalgte tekster af gr\u00f8nlandske forfattere, samt reflektere over hvad sprog og national identitet betyder for dem selv.&nbsp;<\/p>\n\n\n<script type=\"text\/javascript\">\ndocument.addEventListener('DOMContentLoaded', function () {\n\n  const linksToTrack = document.querySelectorAll('a.ressource-download');\n  \n  linksToTrack.forEach((linkToTrack) => {\n    linkToTrack.addEventListener('click', function (event) {\n      event.preventDefault();\n      const href = this.href;\n      fetch('\/wp-admin\/admin-ajax.php', {\n        method: 'POST',\n        credentials: 'same-origin',\n        headers: {\n          'Content-Type': 'application\/x-www-form-urlencoded',\n        },\n        body: 'action=track_link_click&link_url=' + encodeURIComponent(href)\n      }).then(response => response.text())\n        .then(data => {\n          window.location.href = href;\n        });\n    });\n  });\n});\n<\/script>\n\n\n<div id=\"downloads\">\n  <div class=\"downloads\">\n    <h2 class=\"h2\">Hent materialer<\/h2>\n    <div class=\"row\">\n               \n        <div class=\"col-12\">\n          <a class=\"ressource-download cc\" href=\"https:\/\/www.od.dk\/wp-content\/uploads\/2023\/08\/Laerervejledning-sprog-og-identitet.pdf\" target=\"_blank\">\n            <i class=\"fa fa-download\" aria-hidden=\"true\"><\/i>\n            L\u00e6rervejledning          <\/a>\n\n                  <\/div>\n                 \n        <div class=\"col-12\">\n          <a class=\"ressource-download cc\" href=\"https:\/\/www.od.dk\/wp-content\/uploads\/2023\/08\/Til-dig-mit-modersmaal.pdf\" target=\"_blank\">\n            <i class=\"fa fa-download\" aria-hidden=\"true\"><\/i>\n            Til dig, mit modersm\u00e5l          <\/a>\n\n                  <\/div>\n                 \n        <div class=\"col-12\">\n          <a class=\"ressource-download cc\" href=\"https:\/\/www.od.dk\/wp-content\/uploads\/2023\/08\/Vi-er-noedt-til-at-snakke-om-Groenland.pdf\" target=\"_blank\">\n            <i class=\"fa fa-download\" aria-hidden=\"true\"><\/i>\n            Vi er n\u00f8dt til at snakke om Gr\u00f8nland!          <\/a>\n\n                  <\/div>\n                 \n        <div class=\"col-12\">\n          <a class=\"ressource-download cc\" href=\"https:\/\/www.od.dk\/wp-content\/uploads\/2023\/08\/Nunarput_utoqqarsuanngoravit.pdf\" target=\"_blank\">\n            <i class=\"fa fa-download\" aria-hidden=\"true\"><\/i>\n            Nunarput utoqqarsuanngoravit          <\/a>\n\n                  <\/div>\n                 \n        <div class=\"col-12\">\n          <a class=\"ressource-download cc\" href=\"https:\/\/www.od.dk\/wp-content\/uploads\/2023\/08\/Spejl-af-Hulda-Zober-Holm.pdf\" target=\"_blank\">\n            <i class=\"fa fa-download\" aria-hidden=\"true\"><\/i>\n            Spejl          <\/a>\n\n                  <\/div>\n                 \n        <div class=\"col-12\">\n          <a class=\"ressource-download cc\" href=\"https:\/\/www.od.dk\/wp-content\/uploads\/2023\/08\/21.-juni.pdf\" target=\"_blank\">\n            <i class=\"fa fa-download\" aria-hidden=\"true\"><\/i>\n            21. juni          <\/a>\n\n                  <\/div>\n        <\/div>\n<\/div>\n<\/div>\n\n<style>\n\n    .download-count {\n      font-size: .85rem;\n      background-color: #f1f1f1;\n      padding: 3px 10px;\n      border-radius: 9999px;\n      margin-left: 5px;\n    }\n\n<\/style>\n\n\n\n<p><\/p>\n\n\n\n<figure class=\"wp-block-embed is-type-video is-provider-vimeo wp-block-embed-vimeo wp-embed-aspect-21-9 wp-has-aspect-ratio\"><div class=\"wp-block-embed__wrapper\">\n<iframe loading=\"lazy\" title=\"Mita&amp;mita\" src=\"https:\/\/player.vimeo.com\/video\/169627076?dnt=1&amp;app_id=122963\" width=\"1140\" height=\"485\" frameborder=\"0\" allow=\"autoplay; fullscreen; picture-in-picture\"><\/iframe>\n<\/div><\/figure>\n\n\n\n<p><\/p>\n\n\n\n<figure class=\"wp-block-embed is-type-rich is-provider-spotify wp-block-embed-spotify wp-embed-aspect-21-9 wp-has-aspect-ratio\"><div class=\"wp-block-embed__wrapper\">\n<iframe title=\"Spotify Embed: Gr\u00f8nland og Danmark p\u00e5 b\u00f8lgel\u00e6ngde (3:6) \/\/ Taler vi samme sprog?\" style=\"border-radius: 12px\" width=\"100%\" height=\"152\" frameborder=\"0\" allowfullscreen allow=\"autoplay; clipboard-write; encrypted-media; fullscreen; picture-in-picture\" loading=\"lazy\" src=\"https:\/\/open.spotify.com\/embed\/episode\/7flYruuX5pUxEqpNwEXYJX?si=cd625c344ae14aed&#038;utm_source=oembed\"><\/iframe>\n<\/div><\/figure>\n\n\n\n<p><\/p>\n","protected":false},"featured_media":1309,"parent":0,"menu_order":0,"template":"","fag":[20],"medietype":[36],"projekt":[118],"tema":[],"acf":[],"yoast_head":"<!-- This site is optimized with the Yoast SEO plugin v22.5 - https:\/\/yoast.com\/wordpress\/plugins\/seo\/ -->\n<title>Gr\u00f8nland 2018 \u2013 Sprog og identitet - Operation Dagsv\u00e6rk<\/title>\n<meta name=\"robots\" content=\"index, follow, max-snippet:-1, max-image-preview:large, max-video-preview:-1\" \/>\n<link rel=\"canonical\" href=\"https:\/\/www.od.dk\/?materialer=groenland-2018-sprog-og-identitet\" \/>\n<meta property=\"og:locale\" content=\"da_DK\" \/>\n<meta property=\"og:type\" content=\"article\" \/>\n<meta property=\"og:title\" content=\"Gr\u00f8nland 2018 \u2013 Sprog og identitet - Operation Dagsv\u00e6rk\" \/>\n<meta property=\"og:description\" content=\"Identitet og sprog kan v\u00e6re en sv\u00e6r st\u00f8rrelse at forholde sig til i Gr\u00f8nland, da den flere hundrede \u00e5r lange relation til Danmark betyder, at en del taler b\u00e5de dansk og gr\u00f8nlandsk eller kun en &hellip;\" \/>\n<meta property=\"og:url\" content=\"https:\/\/www.od.dk\/?materialer=groenland-2018-sprog-og-identitet\" \/>\n<meta property=\"og:site_name\" content=\"Operation Dagsv\u00e6rk\" \/>\n<meta property=\"article:modified_time\" content=\"2023-09-04T07:53:19+00:00\" \/>\n<meta property=\"og:image\" content=\"https:\/\/www.od.dk\/wp-content\/uploads\/2023\/08\/OD_URK_GROeNLAND181.jpg\" \/>\n\t<meta property=\"og:image:width\" content=\"2560\" \/>\n\t<meta property=\"og:image:height\" content=\"1708\" \/>\n\t<meta property=\"og:image:type\" content=\"image\/jpeg\" \/>\n<meta name=\"twitter:card\" content=\"summary_large_image\" \/>\n<meta name=\"twitter:label1\" content=\"Estimeret l\u00e6setid\" \/>\n\t<meta name=\"twitter:data1\" content=\"1 minut\" \/>\n<script type=\"application\/ld+json\" class=\"yoast-schema-graph\">{\"@context\":\"https:\/\/schema.org\",\"@graph\":[{\"@type\":\"WebPage\",\"@id\":\"https:\/\/www.od.dk\/?materialer=groenland-2018-sprog-og-identitet\",\"url\":\"https:\/\/www.od.dk\/?materialer=groenland-2018-sprog-og-identitet\",\"name\":\"Gr\u00f8nland 2018 \u2013 Sprog og identitet - Operation Dagsv\u00e6rk\",\"isPartOf\":{\"@id\":\"https:\/\/www.od.dk\/#website\"},\"primaryImageOfPage\":{\"@id\":\"https:\/\/www.od.dk\/?materialer=groenland-2018-sprog-og-identitet#primaryimage\"},\"image\":{\"@id\":\"https:\/\/www.od.dk\/?materialer=groenland-2018-sprog-og-identitet#primaryimage\"},\"thumbnailUrl\":\"https:\/\/www.od.dk\/wp-content\/uploads\/2023\/08\/OD_URK_GROeNLAND181.jpg\",\"datePublished\":\"2018-08-24T09:10:12+00:00\",\"dateModified\":\"2023-09-04T07:53:19+00:00\",\"breadcrumb\":{\"@id\":\"https:\/\/www.od.dk\/?materialer=groenland-2018-sprog-og-identitet#breadcrumb\"},\"inLanguage\":\"da-DK\",\"potentialAction\":[{\"@type\":\"ReadAction\",\"target\":[\"https:\/\/www.od.dk\/?materialer=groenland-2018-sprog-og-identitet\"]}]},{\"@type\":\"ImageObject\",\"inLanguage\":\"da-DK\",\"@id\":\"https:\/\/www.od.dk\/?materialer=groenland-2018-sprog-og-identitet#primaryimage\",\"url\":\"https:\/\/www.od.dk\/wp-content\/uploads\/2023\/08\/OD_URK_GROeNLAND181.jpg\",\"contentUrl\":\"https:\/\/www.od.dk\/wp-content\/uploads\/2023\/08\/OD_URK_GROeNLAND181.jpg\",\"width\":2560,\"height\":1708},{\"@type\":\"BreadcrumbList\",\"@id\":\"https:\/\/www.od.dk\/?materialer=groenland-2018-sprog-og-identitet#breadcrumb\",\"itemListElement\":[{\"@type\":\"ListItem\",\"position\":1,\"name\":\"Forside\",\"item\":\"https:\/\/www.od.dk\/\"},{\"@type\":\"ListItem\",\"position\":2,\"name\":\"Materialer\",\"item\":\"https:\/\/www.od.dk\/?post_type=materialer\"},{\"@type\":\"ListItem\",\"position\":3,\"name\":\"Gr\u00f8nland 2018 \u2013 Sprog og identitet\"}]},{\"@type\":\"WebSite\",\"@id\":\"https:\/\/www.od.dk\/#website\",\"url\":\"https:\/\/www.od.dk\/\",\"name\":\"Operation Dagsv\u00e6rk\",\"description\":\"Oplysning, stillingtagen, handling\",\"alternateName\":\"OD\",\"potentialAction\":[{\"@type\":\"SearchAction\",\"target\":{\"@type\":\"EntryPoint\",\"urlTemplate\":\"https:\/\/www.od.dk\/?s={search_term_string}\"},\"query-input\":\"required name=search_term_string\"}],\"inLanguage\":\"da-DK\"}]}<\/script>\n<!-- \/ Yoast SEO plugin. -->","yoast_head_json":{"title":"Gr\u00f8nland 2018 \u2013 Sprog og identitet - Operation Dagsv\u00e6rk","robots":{"index":"index","follow":"follow","max-snippet":"max-snippet:-1","max-image-preview":"max-image-preview:large","max-video-preview":"max-video-preview:-1"},"canonical":"https:\/\/www.od.dk\/?materialer=groenland-2018-sprog-og-identitet","og_locale":"da_DK","og_type":"article","og_title":"Gr\u00f8nland 2018 \u2013 Sprog og identitet - Operation Dagsv\u00e6rk","og_description":"Identitet og sprog kan v\u00e6re en sv\u00e6r st\u00f8rrelse at forholde sig til i Gr\u00f8nland, da den flere hundrede \u00e5r lange relation til Danmark betyder, at en del taler b\u00e5de dansk og gr\u00f8nlandsk eller kun en &hellip;","og_url":"https:\/\/www.od.dk\/?materialer=groenland-2018-sprog-og-identitet","og_site_name":"Operation Dagsv\u00e6rk","article_modified_time":"2023-09-04T07:53:19+00:00","og_image":[{"width":2560,"height":1708,"url":"https:\/\/www.od.dk\/wp-content\/uploads\/2023\/08\/OD_URK_GROeNLAND181.jpg","type":"image\/jpeg"}],"twitter_card":"summary_large_image","twitter_misc":{"Estimeret l\u00e6setid":"1 minut"},"schema":{"@context":"https:\/\/schema.org","@graph":[{"@type":"WebPage","@id":"https:\/\/www.od.dk\/?materialer=groenland-2018-sprog-og-identitet","url":"https:\/\/www.od.dk\/?materialer=groenland-2018-sprog-og-identitet","name":"Gr\u00f8nland 2018 \u2013 Sprog og identitet - Operation Dagsv\u00e6rk","isPartOf":{"@id":"https:\/\/www.od.dk\/#website"},"primaryImageOfPage":{"@id":"https:\/\/www.od.dk\/?materialer=groenland-2018-sprog-og-identitet#primaryimage"},"image":{"@id":"https:\/\/www.od.dk\/?materialer=groenland-2018-sprog-og-identitet#primaryimage"},"thumbnailUrl":"https:\/\/www.od.dk\/wp-content\/uploads\/2023\/08\/OD_URK_GROeNLAND181.jpg","datePublished":"2018-08-24T09:10:12+00:00","dateModified":"2023-09-04T07:53:19+00:00","breadcrumb":{"@id":"https:\/\/www.od.dk\/?materialer=groenland-2018-sprog-og-identitet#breadcrumb"},"inLanguage":"da-DK","potentialAction":[{"@type":"ReadAction","target":["https:\/\/www.od.dk\/?materialer=groenland-2018-sprog-og-identitet"]}]},{"@type":"ImageObject","inLanguage":"da-DK","@id":"https:\/\/www.od.dk\/?materialer=groenland-2018-sprog-og-identitet#primaryimage","url":"https:\/\/www.od.dk\/wp-content\/uploads\/2023\/08\/OD_URK_GROeNLAND181.jpg","contentUrl":"https:\/\/www.od.dk\/wp-content\/uploads\/2023\/08\/OD_URK_GROeNLAND181.jpg","width":2560,"height":1708},{"@type":"BreadcrumbList","@id":"https:\/\/www.od.dk\/?materialer=groenland-2018-sprog-og-identitet#breadcrumb","itemListElement":[{"@type":"ListItem","position":1,"name":"Forside","item":"https:\/\/www.od.dk\/"},{"@type":"ListItem","position":2,"name":"Materialer","item":"https:\/\/www.od.dk\/?post_type=materialer"},{"@type":"ListItem","position":3,"name":"Gr\u00f8nland 2018 \u2013 Sprog og identitet"}]},{"@type":"WebSite","@id":"https:\/\/www.od.dk\/#website","url":"https:\/\/www.od.dk\/","name":"Operation Dagsv\u00e6rk","description":"Oplysning, stillingtagen, handling","alternateName":"OD","potentialAction":[{"@type":"SearchAction","target":{"@type":"EntryPoint","urlTemplate":"https:\/\/www.od.dk\/?s={search_term_string}"},"query-input":"required name=search_term_string"}],"inLanguage":"da-DK"}]}},"_links":{"self":[{"href":"https:\/\/www.od.dk\/index.php?rest_route=\/wp\/v2\/materialer\/1307"}],"collection":[{"href":"https:\/\/www.od.dk\/index.php?rest_route=\/wp\/v2\/materialer"}],"about":[{"href":"https:\/\/www.od.dk\/index.php?rest_route=\/wp\/v2\/types\/materialer"}],"wp:featuredmedia":[{"embeddable":true,"href":"https:\/\/www.od.dk\/index.php?rest_route=\/wp\/v2\/media\/1309"}],"wp:attachment":[{"href":"https:\/\/www.od.dk\/index.php?rest_route=%2Fwp%2Fv2%2Fmedia&parent=1307"}],"wp:term":[{"taxonomy":"fag","embeddable":true,"href":"https:\/\/www.od.dk\/index.php?rest_route=%2Fwp%2Fv2%2Ffag&post=1307"},{"taxonomy":"medietype","embeddable":true,"href":"https:\/\/www.od.dk\/index.php?rest_route=%2Fwp%2Fv2%2Fmedietype&post=1307"},{"taxonomy":"projekt","embeddable":true,"href":"https:\/\/www.od.dk\/index.php?rest_route=%2Fwp%2Fv2%2Fprojekt&post=1307"},{"taxonomy":"tema","embeddable":true,"href":"https:\/\/www.od.dk\/index.php?rest_route=%2Fwp%2Fv2%2Ftema&post=1307"}],"curies":[{"name":"wp","href":"https:\/\/api.w.org\/{rel}","templated":true}]}}