{"id":1323,"date":"2018-08-24T11:21:14","date_gmt":"2018-08-24T11:21:14","guid":{"rendered":"https:\/\/www.od.dk\/?post_type=materialer&#038;p=1323"},"modified":"2023-08-24T11:23:45","modified_gmt":"2023-08-24T11:23:45","slug":"groenland-2018-groenland-danmark-og-suveraenitet","status":"publish","type":"materialer","link":"https:\/\/www.od.dk\/?materialer=groenland-2018-groenland-danmark-og-suveraenitet","title":{"rendered":"Gr\u00f8nland 2018 &#8211; Gr\u00f8nland, Danmark og suver\u00e6nitet"},"content":{"rendered":"\n<p><\/p>\n\n\n\n<p>Den politiske relation mellem Gr\u00f8nland og Danmark har \u00e6ndret sig i tidens l\u00f8b, og er i dag et Rigsf\u00e6llesskab. Det betyder, at Gr\u00f8nland &#8211; p\u00e5 trods af sit selvstyre &#8211; stadig f\u00e5r en del af sin politik fra K\u00f8benhavn. Det betyder ogs\u00e5, at der kan v\u00e6re modstridende interesser, og vidt forskellige holdninger til, hvordan magten er fordelt mellem de to lande.<\/p>\n\n\n\n<p>Undervisningsforl\u00f8bet &#8220;Gr\u00f8nland, Danmark og suver\u00e6nitet&#8221; s\u00e6tter fokus p\u00e5 suver\u00e6nitet som begreb, og bruger det til at unders\u00f8ge relationen mellem Danmark og Gr\u00f8nland i dag.<\/p>\n\n\n\n<p>Undervisningsmaterialets kernestofomr\u00e5de er &#8220;m\u00e5l og muligheder i Danmarks udenrigspolitik&#8221; i samfundsfag p\u00e5 A-niveau p\u00e5 STX, men kan tilpasses til B-niveau.<\/p>\n\n\n\n<p>Eleverne vil f\u00e5 kendskab til suver\u00e6nitet som teori. Ved at koble teorien til en aktuel problemstilling i undervisningsforl\u00f8bet er hensigten at eleverne, udover at forst\u00e5 teorien, kan s\u00e6tte deres nye viden i perspektiv og bruge den til at unders\u00f8ge Gr\u00f8nland-Danmark relationen. Desuden arbejder eleverne i forl\u00f8bet med at argumentere og debattere, samt at reflektere over egen holdning og l\u00e6ring.<\/p>\n\n\n<script type=\"text\/javascript\">\ndocument.addEventListener('DOMContentLoaded', function () {\n\n  const linksToTrack = document.querySelectorAll('a.ressource-download');\n  \n  linksToTrack.forEach((linkToTrack) => {\n    linkToTrack.addEventListener('click', function (event) {\n      event.preventDefault();\n      const href = this.href;\n      fetch('\/wp-admin\/admin-ajax.php', {\n        method: 'POST',\n        credentials: 'same-origin',\n        headers: {\n          'Content-Type': 'application\/x-www-form-urlencoded',\n        },\n        body: 'action=track_link_click&link_url=' + encodeURIComponent(href)\n      }).then(response => response.text())\n        .then(data => {\n          window.location.href = href;\n        });\n    });\n  });\n});\n<\/script>\n\n\n<div id=\"downloads\">\n  <div class=\"downloads\">\n    <h2 class=\"h2\">Hent materialer<\/h2>\n    <div class=\"row\">\n               \n        <div class=\"col-12\">\n          <a class=\"ressource-download cc\" href=\"https:\/\/www.od.dk\/wp-content\/uploads\/2023\/08\/Laerervejledning-samfundsfag.pdf\" target=\"_blank\">\n            <i class=\"fa fa-download\" aria-hidden=\"true\"><\/i>\n            L\u00e6rervejledning          <\/a>\n\n                  <\/div>\n                 \n        <div class=\"col-12\">\n          <a class=\"ressource-download cc\" href=\"https:\/\/www.od.dk\/wp-content\/uploads\/2023\/08\/Groenland-og-Danmarks-politiske-forhold.pdf\" target=\"_blank\">\n            <i class=\"fa fa-download\" aria-hidden=\"true\"><\/i>\n            Gr\u00f8nland og Danmarks politiske forhold          <\/a>\n\n                  <\/div>\n                 \n        <div class=\"col-12\">\n          <a class=\"ressource-download cc\" href=\"https:\/\/www.od.dk\/wp-content\/uploads\/2023\/08\/Sovereignty.pdf\" target=\"_blank\">\n            <i class=\"fa fa-download\" aria-hidden=\"true\"><\/i>\n            Sovereignty          <\/a>\n\n                  <\/div>\n                 \n        <div class=\"col-12\">\n          <a class=\"ressource-download cc\" href=\"https:\/\/www.od.dk\/wp-content\/uploads\/2023\/08\/Alle-interessepakker.pdf\" target=\"_blank\">\n            <i class=\"fa fa-download\" aria-hidden=\"true\"><\/i>\n            Alle interessepakker          <\/a>\n\n                  <\/div>\n        <\/div>\n<\/div>\n<\/div>\n\n<style>\n\n    .download-count {\n      font-size: .85rem;\n      background-color: #f1f1f1;\n      padding: 3px 10px;\n      border-radius: 9999px;\n      margin-left: 5px;\n    }\n\n<\/style>\n","protected":false},"featured_media":1328,"parent":0,"menu_order":0,"template":"","fag":[17],"medietype":[],"projekt":[118],"tema":[],"acf":[],"yoast_head":"<!-- This site is optimized with the Yoast SEO plugin v22.5 - https:\/\/yoast.com\/wordpress\/plugins\/seo\/ -->\n<title>Gr\u00f8nland 2018 - Gr\u00f8nland, Danmark og suver\u00e6nitet - Operation Dagsv\u00e6rk<\/title>\n<meta name=\"robots\" content=\"index, follow, max-snippet:-1, max-image-preview:large, max-video-preview:-1\" \/>\n<link rel=\"canonical\" href=\"https:\/\/www.od.dk\/?materialer=groenland-2018-groenland-danmark-og-suveraenitet\" \/>\n<meta property=\"og:locale\" content=\"da_DK\" \/>\n<meta property=\"og:type\" content=\"article\" \/>\n<meta property=\"og:title\" content=\"Gr\u00f8nland 2018 - Gr\u00f8nland, Danmark og suver\u00e6nitet - Operation Dagsv\u00e6rk\" \/>\n<meta property=\"og:description\" content=\"Den politiske relation mellem Gr\u00f8nland og Danmark har \u00e6ndret sig i tidens l\u00f8b, og er i dag et Rigsf\u00e6llesskab. Det betyder, at Gr\u00f8nland &#8211; p\u00e5 trods af sit selvstyre &#8211; stadig f\u00e5r en del af &hellip;\" \/>\n<meta property=\"og:url\" content=\"https:\/\/www.od.dk\/?materialer=groenland-2018-groenland-danmark-og-suveraenitet\" \/>\n<meta property=\"og:site_name\" content=\"Operation Dagsv\u00e6rk\" \/>\n<meta property=\"article:modified_time\" content=\"2023-08-24T11:23:45+00:00\" \/>\n<meta property=\"og:image\" content=\"https:\/\/www.od.dk\/wp-content\/uploads\/2023\/08\/MG_1693.jpg\" \/>\n\t<meta property=\"og:image:width\" content=\"2560\" \/>\n\t<meta property=\"og:image:height\" content=\"2048\" \/>\n\t<meta property=\"og:image:type\" content=\"image\/jpeg\" \/>\n<meta name=\"twitter:card\" content=\"summary_large_image\" \/>\n<meta name=\"twitter:label1\" content=\"Estimeret l\u00e6setid\" \/>\n\t<meta name=\"twitter:data1\" content=\"1 minut\" \/>\n<script type=\"application\/ld+json\" class=\"yoast-schema-graph\">{\"@context\":\"https:\/\/schema.org\",\"@graph\":[{\"@type\":\"WebPage\",\"@id\":\"https:\/\/www.od.dk\/?materialer=groenland-2018-groenland-danmark-og-suveraenitet\",\"url\":\"https:\/\/www.od.dk\/?materialer=groenland-2018-groenland-danmark-og-suveraenitet\",\"name\":\"Gr\u00f8nland 2018 - Gr\u00f8nland, Danmark og suver\u00e6nitet - Operation Dagsv\u00e6rk\",\"isPartOf\":{\"@id\":\"https:\/\/www.od.dk\/#website\"},\"primaryImageOfPage\":{\"@id\":\"https:\/\/www.od.dk\/?materialer=groenland-2018-groenland-danmark-og-suveraenitet#primaryimage\"},\"image\":{\"@id\":\"https:\/\/www.od.dk\/?materialer=groenland-2018-groenland-danmark-og-suveraenitet#primaryimage\"},\"thumbnailUrl\":\"https:\/\/www.od.dk\/wp-content\/uploads\/2023\/08\/MG_1693.jpg\",\"datePublished\":\"2018-08-24T11:21:14+00:00\",\"dateModified\":\"2023-08-24T11:23:45+00:00\",\"breadcrumb\":{\"@id\":\"https:\/\/www.od.dk\/?materialer=groenland-2018-groenland-danmark-og-suveraenitet#breadcrumb\"},\"inLanguage\":\"da-DK\",\"potentialAction\":[{\"@type\":\"ReadAction\",\"target\":[\"https:\/\/www.od.dk\/?materialer=groenland-2018-groenland-danmark-og-suveraenitet\"]}]},{\"@type\":\"ImageObject\",\"inLanguage\":\"da-DK\",\"@id\":\"https:\/\/www.od.dk\/?materialer=groenland-2018-groenland-danmark-og-suveraenitet#primaryimage\",\"url\":\"https:\/\/www.od.dk\/wp-content\/uploads\/2023\/08\/MG_1693.jpg\",\"contentUrl\":\"https:\/\/www.od.dk\/wp-content\/uploads\/2023\/08\/MG_1693.jpg\",\"width\":2560,\"height\":2048},{\"@type\":\"BreadcrumbList\",\"@id\":\"https:\/\/www.od.dk\/?materialer=groenland-2018-groenland-danmark-og-suveraenitet#breadcrumb\",\"itemListElement\":[{\"@type\":\"ListItem\",\"position\":1,\"name\":\"Forside\",\"item\":\"https:\/\/www.od.dk\/\"},{\"@type\":\"ListItem\",\"position\":2,\"name\":\"Materialer\",\"item\":\"https:\/\/www.od.dk\/?post_type=materialer\"},{\"@type\":\"ListItem\",\"position\":3,\"name\":\"Gr\u00f8nland 2018 &#8211; Gr\u00f8nland, Danmark og suver\u00e6nitet\"}]},{\"@type\":\"WebSite\",\"@id\":\"https:\/\/www.od.dk\/#website\",\"url\":\"https:\/\/www.od.dk\/\",\"name\":\"Operation Dagsv\u00e6rk\",\"description\":\"Oplysning, stillingtagen, handling\",\"alternateName\":\"OD\",\"potentialAction\":[{\"@type\":\"SearchAction\",\"target\":{\"@type\":\"EntryPoint\",\"urlTemplate\":\"https:\/\/www.od.dk\/?s={search_term_string}\"},\"query-input\":\"required name=search_term_string\"}],\"inLanguage\":\"da-DK\"}]}<\/script>\n<!-- \/ Yoast SEO plugin. -->","yoast_head_json":{"title":"Gr\u00f8nland 2018 - Gr\u00f8nland, Danmark og suver\u00e6nitet - Operation Dagsv\u00e6rk","robots":{"index":"index","follow":"follow","max-snippet":"max-snippet:-1","max-image-preview":"max-image-preview:large","max-video-preview":"max-video-preview:-1"},"canonical":"https:\/\/www.od.dk\/?materialer=groenland-2018-groenland-danmark-og-suveraenitet","og_locale":"da_DK","og_type":"article","og_title":"Gr\u00f8nland 2018 - Gr\u00f8nland, Danmark og suver\u00e6nitet - Operation Dagsv\u00e6rk","og_description":"Den politiske relation mellem Gr\u00f8nland og Danmark har \u00e6ndret sig i tidens l\u00f8b, og er i dag et Rigsf\u00e6llesskab. Det betyder, at Gr\u00f8nland &#8211; p\u00e5 trods af sit selvstyre &#8211; stadig f\u00e5r en del af &hellip;","og_url":"https:\/\/www.od.dk\/?materialer=groenland-2018-groenland-danmark-og-suveraenitet","og_site_name":"Operation Dagsv\u00e6rk","article_modified_time":"2023-08-24T11:23:45+00:00","og_image":[{"width":2560,"height":2048,"url":"https:\/\/www.od.dk\/wp-content\/uploads\/2023\/08\/MG_1693.jpg","type":"image\/jpeg"}],"twitter_card":"summary_large_image","twitter_misc":{"Estimeret l\u00e6setid":"1 minut"},"schema":{"@context":"https:\/\/schema.org","@graph":[{"@type":"WebPage","@id":"https:\/\/www.od.dk\/?materialer=groenland-2018-groenland-danmark-og-suveraenitet","url":"https:\/\/www.od.dk\/?materialer=groenland-2018-groenland-danmark-og-suveraenitet","name":"Gr\u00f8nland 2018 - Gr\u00f8nland, Danmark og suver\u00e6nitet - Operation Dagsv\u00e6rk","isPartOf":{"@id":"https:\/\/www.od.dk\/#website"},"primaryImageOfPage":{"@id":"https:\/\/www.od.dk\/?materialer=groenland-2018-groenland-danmark-og-suveraenitet#primaryimage"},"image":{"@id":"https:\/\/www.od.dk\/?materialer=groenland-2018-groenland-danmark-og-suveraenitet#primaryimage"},"thumbnailUrl":"https:\/\/www.od.dk\/wp-content\/uploads\/2023\/08\/MG_1693.jpg","datePublished":"2018-08-24T11:21:14+00:00","dateModified":"2023-08-24T11:23:45+00:00","breadcrumb":{"@id":"https:\/\/www.od.dk\/?materialer=groenland-2018-groenland-danmark-og-suveraenitet#breadcrumb"},"inLanguage":"da-DK","potentialAction":[{"@type":"ReadAction","target":["https:\/\/www.od.dk\/?materialer=groenland-2018-groenland-danmark-og-suveraenitet"]}]},{"@type":"ImageObject","inLanguage":"da-DK","@id":"https:\/\/www.od.dk\/?materialer=groenland-2018-groenland-danmark-og-suveraenitet#primaryimage","url":"https:\/\/www.od.dk\/wp-content\/uploads\/2023\/08\/MG_1693.jpg","contentUrl":"https:\/\/www.od.dk\/wp-content\/uploads\/2023\/08\/MG_1693.jpg","width":2560,"height":2048},{"@type":"BreadcrumbList","@id":"https:\/\/www.od.dk\/?materialer=groenland-2018-groenland-danmark-og-suveraenitet#breadcrumb","itemListElement":[{"@type":"ListItem","position":1,"name":"Forside","item":"https:\/\/www.od.dk\/"},{"@type":"ListItem","position":2,"name":"Materialer","item":"https:\/\/www.od.dk\/?post_type=materialer"},{"@type":"ListItem","position":3,"name":"Gr\u00f8nland 2018 &#8211; Gr\u00f8nland, Danmark og suver\u00e6nitet"}]},{"@type":"WebSite","@id":"https:\/\/www.od.dk\/#website","url":"https:\/\/www.od.dk\/","name":"Operation Dagsv\u00e6rk","description":"Oplysning, stillingtagen, handling","alternateName":"OD","potentialAction":[{"@type":"SearchAction","target":{"@type":"EntryPoint","urlTemplate":"https:\/\/www.od.dk\/?s={search_term_string}"},"query-input":"required name=search_term_string"}],"inLanguage":"da-DK"}]}},"_links":{"self":[{"href":"https:\/\/www.od.dk\/index.php?rest_route=\/wp\/v2\/materialer\/1323"}],"collection":[{"href":"https:\/\/www.od.dk\/index.php?rest_route=\/wp\/v2\/materialer"}],"about":[{"href":"https:\/\/www.od.dk\/index.php?rest_route=\/wp\/v2\/types\/materialer"}],"wp:featuredmedia":[{"embeddable":true,"href":"https:\/\/www.od.dk\/index.php?rest_route=\/wp\/v2\/media\/1328"}],"wp:attachment":[{"href":"https:\/\/www.od.dk\/index.php?rest_route=%2Fwp%2Fv2%2Fmedia&parent=1323"}],"wp:term":[{"taxonomy":"fag","embeddable":true,"href":"https:\/\/www.od.dk\/index.php?rest_route=%2Fwp%2Fv2%2Ffag&post=1323"},{"taxonomy":"medietype","embeddable":true,"href":"https:\/\/www.od.dk\/index.php?rest_route=%2Fwp%2Fv2%2Fmedietype&post=1323"},{"taxonomy":"projekt","embeddable":true,"href":"https:\/\/www.od.dk\/index.php?rest_route=%2Fwp%2Fv2%2Fprojekt&post=1323"},{"taxonomy":"tema","embeddable":true,"href":"https:\/\/www.od.dk\/index.php?rest_route=%2Fwp%2Fv2%2Ftema&post=1323"}],"curies":[{"name":"wp","href":"https:\/\/api.w.org\/{rel}","templated":true}]}}