{"id":1330,"date":"2018-08-24T11:38:11","date_gmt":"2018-08-24T11:38:11","guid":{"rendered":"https:\/\/www.od.dk\/?post_type=materialer&#038;p=1330"},"modified":"2023-08-24T11:53:03","modified_gmt":"2023-08-24T11:53:03","slug":"groenland-2018-klimaaendringer-i-groenland","status":"publish","type":"materialer","link":"https:\/\/www.od.dk\/?materialer=groenland-2018-klimaaendringer-i-groenland","title":{"rendered":"Gr\u00f8nland 2018 &#8211; Klima\u00e6ndringer i Gr\u00f8nland"},"content":{"rendered":"\n<p><\/p>\n\n\n\n<p>Det er en realitet at der sker store \u00e6ndringer i klimaet, og at det har store konsekvenser for jordens befolkning. Det bliver tit omtalt som en problematik vi skal tage stilling til i fremtiden, men i mange lande st\u00e5r konsekvenserne tydeligt frem netop nu.<\/p>\n\n\n\n<p>Gr\u00f8nland er for mange blevet et symbol p\u00e5 klima\u00e6ndringerne, og gr\u00f8nl\u00e6nderne bliver omtalt af mange som de f\u00f8rste vidner til \u00e6ndringerne. Konsekvenserne af klima\u00e6ndringerne er ikke kun negative for Gr\u00f8nland, de skaber ogs\u00e5 nye muligheder i form af \u00f8get turisme, nye muligheder for landbruget samt, at der \u00e5bnes et nyt verdenshav.<\/p>\n\n\n\n<p>Undervisningsforl\u00f8bet &#8220;Klima\u00e6ndringer i Gr\u00f8nland&#8221; besk\u00e6ftiger sig med kernestofomr\u00e5det klimatologi i faget Naturgeografi C og B p\u00e5 STX uddannelsen. Forl\u00f8bet belyser hvordan naturprocesserne p\u00e5virker vores liv p\u00e5 jorden, og hvordan vi mennesker p\u00e5virker naturprocesserne. Med Gr\u00f8nland i fokus, giver undervisningsmaterialet et perspektiv p\u00e5 hvilke konsekvenser klima\u00e6ndringerne har og debatten omkring dette.<\/p>\n\n\n\n<p>Undervisningsmaterialets kernestofomr\u00e5de er \u200bklimatologi. Eleverne vil f\u00e5 kendskab til de natur- og samfundsm\u00e6ssige faktorer, der p\u00e5virker klimaet og dets betydning for menneskers livsvilk\u00e5r med Gr\u00f8nland i fokus. Eleverne arbejder med kernestoffets teorier og begreber, koblet op p\u00e5 aktuelle problemstillinger. Her er hensigten, at eleverne, ud over at tilegne sig viden inden for klimatologiens teorier og begreber, ogs\u00e5 tilegner sig kompetencer til at kunne s\u00e6tte denne viden i perspektiv. Dette undervisningsmateriale vil give eleverne kendskab til f\u00f8lgende:&nbsp; &nbsp;<\/p>\n\n\n\n<ul>\n<li>Hvordan klima definerer og p\u00e5virker forskellige livsgrundlag p\u00e5 jorden.<\/li>\n\n\n\n<li>Viden om temperaturstigninger over tid, global opvarmning og produktion.<\/li>\n\n\n\n<li>Konsekvenser af klima\u00e6ndringerne.<\/li>\n\n\n\n<li>Klimadebatten &#8211; hvilke politiske tiltag er foretaget for bek\u00e6mpelsen af klima\u00e6ndringerne.<\/li>\n<\/ul>\n\n\n<script type=\"text\/javascript\">\ndocument.addEventListener('DOMContentLoaded', function () {\n\n  const linksToTrack = document.querySelectorAll('a.ressource-download');\n  \n  linksToTrack.forEach((linkToTrack) => {\n    linkToTrack.addEventListener('click', function (event) {\n      event.preventDefault();\n      const href = this.href;\n      fetch('\/wp-admin\/admin-ajax.php', {\n        method: 'POST',\n        credentials: 'same-origin',\n        headers: {\n          'Content-Type': 'application\/x-www-form-urlencoded',\n        },\n        body: 'action=track_link_click&link_url=' + encodeURIComponent(href)\n      }).then(response => response.text())\n        .then(data => {\n          window.location.href = href;\n        });\n    });\n  });\n});\n<\/script>\n\n\n<div id=\"downloads\">\n  <div class=\"downloads\">\n    <h2 class=\"h2\">Hent materialer<\/h2>\n    <div class=\"row\">\n               \n        <div class=\"col-12\">\n          <a class=\"ressource-download cc\" href=\"https:\/\/www.od.dk\/wp-content\/uploads\/2023\/08\/Laerervejledning-NG.pdf\" target=\"_blank\">\n            <i class=\"fa fa-download\" aria-hidden=\"true\"><\/i>\n            L\u00e6rervejledning          <\/a>\n\n                  <\/div>\n                 \n        <div class=\"col-12\">\n          <a class=\"ressource-download cc\" href=\"https:\/\/www.od.dk\/wp-content\/uploads\/2023\/08\/Arbejdsark-om-klimabaelter-og-nedboer-.pdf\" target=\"_blank\">\n            <i class=\"fa fa-download\" aria-hidden=\"true\"><\/i>\n            Arbejdsark om vejr og klima          <\/a>\n\n                  <\/div>\n                 \n        <div class=\"col-12\">\n          <a class=\"ressource-download cc\" href=\"https:\/\/www.od.dk\/wp-content\/uploads\/2023\/08\/Begrebskort.pdf\" target=\"_blank\">\n            <i class=\"fa fa-download\" aria-hidden=\"true\"><\/i>\n            Begrebskort til klima\u00e6ndringer          <\/a>\n\n                  <\/div>\n                 \n        <div class=\"col-12\">\n          <a class=\"ressource-download cc\" href=\"https:\/\/www.od.dk\/wp-content\/uploads\/2023\/08\/Speeddate-begreber.pdf\" target=\"_blank\">\n            <i class=\"fa fa-download\" aria-hidden=\"true\"><\/i>\n            Speed-date begreber          <\/a>\n\n                  <\/div>\n                 \n        <div class=\"col-12\">\n          <a class=\"ressource-download cc\" href=\"https:\/\/www.od.dk\/wp-content\/uploads\/2023\/08\/Konsekvenser-af-klimaaendringer-i-Groenland.pdf\" target=\"_blank\">\n            <i class=\"fa fa-download\" aria-hidden=\"true\"><\/i>\n            Konsekvenser af klima\u00e6ndringer i Gr\u00f8nland          <\/a>\n\n                  <\/div>\n                 \n        <div class=\"col-12\">\n          <a class=\"ressource-download cc\" href=\"https:\/\/www.od.dk\/wp-content\/uploads\/2023\/08\/Verdensmaals-vendespillet_0.pdf\" target=\"_blank\">\n            <i class=\"fa fa-download\" aria-hidden=\"true\"><\/i>\n            Verdensm\u00e5l vendespil          <\/a>\n\n                  <\/div>\n                 \n        <div class=\"col-12\">\n          <a class=\"ressource-download cc\" href=\"https:\/\/www.od.dk\/wp-content\/uploads\/2023\/08\/Introduktion-til-klimadebatten.pdf\" target=\"_blank\">\n            <i class=\"fa fa-download\" aria-hidden=\"true\"><\/i>\n            Introduktion til klimadebatten          <\/a>\n\n                  <\/div>\n        <\/div>\n<\/div>\n<\/div>\n\n<style>\n\n    .download-count {\n      font-size: .85rem;\n      background-color: #f1f1f1;\n      padding: 3px 10px;\n      border-radius: 9999px;\n      margin-left: 5px;\n    }\n\n<\/style>\n","protected":false},"featured_media":1345,"parent":0,"menu_order":0,"template":"","fag":[126],"medietype":[],"projekt":[118],"tema":[],"acf":[],"yoast_head":"<!-- This site is optimized with the Yoast SEO plugin v22.5 - https:\/\/yoast.com\/wordpress\/plugins\/seo\/ -->\n<title>Gr\u00f8nland 2018 - Klima\u00e6ndringer i Gr\u00f8nland - Operation Dagsv\u00e6rk<\/title>\n<meta name=\"robots\" content=\"index, follow, max-snippet:-1, max-image-preview:large, max-video-preview:-1\" \/>\n<link rel=\"canonical\" href=\"https:\/\/www.od.dk\/?materialer=groenland-2018-klimaaendringer-i-groenland\" \/>\n<meta property=\"og:locale\" content=\"da_DK\" \/>\n<meta property=\"og:type\" content=\"article\" \/>\n<meta property=\"og:title\" content=\"Gr\u00f8nland 2018 - Klima\u00e6ndringer i Gr\u00f8nland - Operation Dagsv\u00e6rk\" \/>\n<meta property=\"og:description\" content=\"Det er en realitet at der sker store \u00e6ndringer i klimaet, og at det har store konsekvenser for jordens befolkning. Det bliver tit omtalt som en problematik vi skal tage stilling til i fremtiden, men &hellip;\" \/>\n<meta property=\"og:url\" content=\"https:\/\/www.od.dk\/?materialer=groenland-2018-klimaaendringer-i-groenland\" \/>\n<meta property=\"og:site_name\" content=\"Operation Dagsv\u00e6rk\" \/>\n<meta property=\"article:modified_time\" content=\"2023-08-24T11:53:03+00:00\" \/>\n<meta property=\"og:image\" content=\"https:\/\/www.od.dk\/wp-content\/uploads\/2018\/08\/IMG_4645.jpg\" \/>\n\t<meta property=\"og:image:width\" content=\"2560\" \/>\n\t<meta property=\"og:image:height\" content=\"1920\" \/>\n\t<meta property=\"og:image:type\" content=\"image\/jpeg\" \/>\n<meta name=\"twitter:card\" content=\"summary_large_image\" \/>\n<meta name=\"twitter:label1\" content=\"Estimeret l\u00e6setid\" \/>\n\t<meta name=\"twitter:data1\" content=\"2 minutter\" \/>\n<script type=\"application\/ld+json\" class=\"yoast-schema-graph\">{\"@context\":\"https:\/\/schema.org\",\"@graph\":[{\"@type\":\"WebPage\",\"@id\":\"https:\/\/www.od.dk\/?materialer=groenland-2018-klimaaendringer-i-groenland\",\"url\":\"https:\/\/www.od.dk\/?materialer=groenland-2018-klimaaendringer-i-groenland\",\"name\":\"Gr\u00f8nland 2018 - Klima\u00e6ndringer i Gr\u00f8nland - Operation Dagsv\u00e6rk\",\"isPartOf\":{\"@id\":\"https:\/\/www.od.dk\/#website\"},\"primaryImageOfPage\":{\"@id\":\"https:\/\/www.od.dk\/?materialer=groenland-2018-klimaaendringer-i-groenland#primaryimage\"},\"image\":{\"@id\":\"https:\/\/www.od.dk\/?materialer=groenland-2018-klimaaendringer-i-groenland#primaryimage\"},\"thumbnailUrl\":\"https:\/\/www.od.dk\/wp-content\/uploads\/2018\/08\/IMG_4645.jpg\",\"datePublished\":\"2018-08-24T11:38:11+00:00\",\"dateModified\":\"2023-08-24T11:53:03+00:00\",\"breadcrumb\":{\"@id\":\"https:\/\/www.od.dk\/?materialer=groenland-2018-klimaaendringer-i-groenland#breadcrumb\"},\"inLanguage\":\"da-DK\",\"potentialAction\":[{\"@type\":\"ReadAction\",\"target\":[\"https:\/\/www.od.dk\/?materialer=groenland-2018-klimaaendringer-i-groenland\"]}]},{\"@type\":\"ImageObject\",\"inLanguage\":\"da-DK\",\"@id\":\"https:\/\/www.od.dk\/?materialer=groenland-2018-klimaaendringer-i-groenland#primaryimage\",\"url\":\"https:\/\/www.od.dk\/wp-content\/uploads\/2018\/08\/IMG_4645.jpg\",\"contentUrl\":\"https:\/\/www.od.dk\/wp-content\/uploads\/2018\/08\/IMG_4645.jpg\",\"width\":2560,\"height\":1920},{\"@type\":\"BreadcrumbList\",\"@id\":\"https:\/\/www.od.dk\/?materialer=groenland-2018-klimaaendringer-i-groenland#breadcrumb\",\"itemListElement\":[{\"@type\":\"ListItem\",\"position\":1,\"name\":\"Forside\",\"item\":\"https:\/\/www.od.dk\/\"},{\"@type\":\"ListItem\",\"position\":2,\"name\":\"Materialer\",\"item\":\"https:\/\/www.od.dk\/?post_type=materialer\"},{\"@type\":\"ListItem\",\"position\":3,\"name\":\"Gr\u00f8nland 2018 &#8211; Klima\u00e6ndringer i Gr\u00f8nland\"}]},{\"@type\":\"WebSite\",\"@id\":\"https:\/\/www.od.dk\/#website\",\"url\":\"https:\/\/www.od.dk\/\",\"name\":\"Operation Dagsv\u00e6rk\",\"description\":\"Oplysning, stillingtagen, handling\",\"alternateName\":\"OD\",\"potentialAction\":[{\"@type\":\"SearchAction\",\"target\":{\"@type\":\"EntryPoint\",\"urlTemplate\":\"https:\/\/www.od.dk\/?s={search_term_string}\"},\"query-input\":\"required name=search_term_string\"}],\"inLanguage\":\"da-DK\"}]}<\/script>\n<!-- \/ Yoast SEO plugin. -->","yoast_head_json":{"title":"Gr\u00f8nland 2018 - Klima\u00e6ndringer i Gr\u00f8nland - Operation Dagsv\u00e6rk","robots":{"index":"index","follow":"follow","max-snippet":"max-snippet:-1","max-image-preview":"max-image-preview:large","max-video-preview":"max-video-preview:-1"},"canonical":"https:\/\/www.od.dk\/?materialer=groenland-2018-klimaaendringer-i-groenland","og_locale":"da_DK","og_type":"article","og_title":"Gr\u00f8nland 2018 - Klima\u00e6ndringer i Gr\u00f8nland - Operation Dagsv\u00e6rk","og_description":"Det er en realitet at der sker store \u00e6ndringer i klimaet, og at det har store konsekvenser for jordens befolkning. Det bliver tit omtalt som en problematik vi skal tage stilling til i fremtiden, men &hellip;","og_url":"https:\/\/www.od.dk\/?materialer=groenland-2018-klimaaendringer-i-groenland","og_site_name":"Operation Dagsv\u00e6rk","article_modified_time":"2023-08-24T11:53:03+00:00","og_image":[{"width":2560,"height":1920,"url":"https:\/\/www.od.dk\/wp-content\/uploads\/2018\/08\/IMG_4645.jpg","type":"image\/jpeg"}],"twitter_card":"summary_large_image","twitter_misc":{"Estimeret l\u00e6setid":"2 minutter"},"schema":{"@context":"https:\/\/schema.org","@graph":[{"@type":"WebPage","@id":"https:\/\/www.od.dk\/?materialer=groenland-2018-klimaaendringer-i-groenland","url":"https:\/\/www.od.dk\/?materialer=groenland-2018-klimaaendringer-i-groenland","name":"Gr\u00f8nland 2018 - Klima\u00e6ndringer i Gr\u00f8nland - Operation Dagsv\u00e6rk","isPartOf":{"@id":"https:\/\/www.od.dk\/#website"},"primaryImageOfPage":{"@id":"https:\/\/www.od.dk\/?materialer=groenland-2018-klimaaendringer-i-groenland#primaryimage"},"image":{"@id":"https:\/\/www.od.dk\/?materialer=groenland-2018-klimaaendringer-i-groenland#primaryimage"},"thumbnailUrl":"https:\/\/www.od.dk\/wp-content\/uploads\/2018\/08\/IMG_4645.jpg","datePublished":"2018-08-24T11:38:11+00:00","dateModified":"2023-08-24T11:53:03+00:00","breadcrumb":{"@id":"https:\/\/www.od.dk\/?materialer=groenland-2018-klimaaendringer-i-groenland#breadcrumb"},"inLanguage":"da-DK","potentialAction":[{"@type":"ReadAction","target":["https:\/\/www.od.dk\/?materialer=groenland-2018-klimaaendringer-i-groenland"]}]},{"@type":"ImageObject","inLanguage":"da-DK","@id":"https:\/\/www.od.dk\/?materialer=groenland-2018-klimaaendringer-i-groenland#primaryimage","url":"https:\/\/www.od.dk\/wp-content\/uploads\/2018\/08\/IMG_4645.jpg","contentUrl":"https:\/\/www.od.dk\/wp-content\/uploads\/2018\/08\/IMG_4645.jpg","width":2560,"height":1920},{"@type":"BreadcrumbList","@id":"https:\/\/www.od.dk\/?materialer=groenland-2018-klimaaendringer-i-groenland#breadcrumb","itemListElement":[{"@type":"ListItem","position":1,"name":"Forside","item":"https:\/\/www.od.dk\/"},{"@type":"ListItem","position":2,"name":"Materialer","item":"https:\/\/www.od.dk\/?post_type=materialer"},{"@type":"ListItem","position":3,"name":"Gr\u00f8nland 2018 &#8211; Klima\u00e6ndringer i Gr\u00f8nland"}]},{"@type":"WebSite","@id":"https:\/\/www.od.dk\/#website","url":"https:\/\/www.od.dk\/","name":"Operation Dagsv\u00e6rk","description":"Oplysning, stillingtagen, handling","alternateName":"OD","potentialAction":[{"@type":"SearchAction","target":{"@type":"EntryPoint","urlTemplate":"https:\/\/www.od.dk\/?s={search_term_string}"},"query-input":"required name=search_term_string"}],"inLanguage":"da-DK"}]}},"_links":{"self":[{"href":"https:\/\/www.od.dk\/index.php?rest_route=\/wp\/v2\/materialer\/1330"}],"collection":[{"href":"https:\/\/www.od.dk\/index.php?rest_route=\/wp\/v2\/materialer"}],"about":[{"href":"https:\/\/www.od.dk\/index.php?rest_route=\/wp\/v2\/types\/materialer"}],"wp:featuredmedia":[{"embeddable":true,"href":"https:\/\/www.od.dk\/index.php?rest_route=\/wp\/v2\/media\/1345"}],"wp:attachment":[{"href":"https:\/\/www.od.dk\/index.php?rest_route=%2Fwp%2Fv2%2Fmedia&parent=1330"}],"wp:term":[{"taxonomy":"fag","embeddable":true,"href":"https:\/\/www.od.dk\/index.php?rest_route=%2Fwp%2Fv2%2Ffag&post=1330"},{"taxonomy":"medietype","embeddable":true,"href":"https:\/\/www.od.dk\/index.php?rest_route=%2Fwp%2Fv2%2Fmedietype&post=1330"},{"taxonomy":"projekt","embeddable":true,"href":"https:\/\/www.od.dk\/index.php?rest_route=%2Fwp%2Fv2%2Fprojekt&post=1330"},{"taxonomy":"tema","embeddable":true,"href":"https:\/\/www.od.dk\/index.php?rest_route=%2Fwp%2Fv2%2Ftema&post=1330"}],"curies":[{"name":"wp","href":"https:\/\/api.w.org\/{rel}","templated":true}]}}