{"id":1338,"date":"2018-08-24T11:52:23","date_gmt":"2018-08-24T11:52:23","guid":{"rendered":"https:\/\/www.od.dk\/?post_type=materialer&#038;p=1338"},"modified":"2023-08-24T11:54:25","modified_gmt":"2023-08-24T11:54:25","slug":"groenland-2018-kulturmoedet-mellem-danmark-og-groenland","status":"publish","type":"materialer","link":"https:\/\/www.od.dk\/?materialer=groenland-2018-kulturmoedet-mellem-danmark-og-groenland","title":{"rendered":"Gr\u00f8nland 2018 &#8211; Kulturm\u00f8det mellem Danmark og Gr\u00f8nland"},"content":{"rendered":"\n<p><\/p>\n\n\n\n<p>Gr\u00f8nland var en dansk koloni indtil 1953. Dette har skabt et sk\u00e6vt forhold mellem Gr\u00f8nland og Danmark p\u00e5 flere m\u00e5der, og samtidig ogs\u00e5 et forhold, der er pr\u00e6get af en stor uvidenhed. Det skaber fordomme og stereotyper &#8211; is\u00e6r fra dansk side. Samtidig har Danmark ogs\u00e5 efterladt et aftryk i Gr\u00f8nland i form af blandt andet sprog og kultur. Forholdet mellem Gr\u00f8nland og Danmark er relevant for os alle og er oplagt til at dykke ned i socialpsykologien. Derudover er det en unik mulighed for at modvirke de eksisterende fordomme.<\/p>\n\n\n\n<p>Undervisningsforl\u00f8bet &#8220;Kulturm\u00f8det mellem Danmark og Gr\u00f8nland&#8221; besk\u00e6ftiger sig med kernestofomr\u00e5det socialpsykologi i faget Psykologi p\u00e5 C og B niveau p\u00e5 STX uddannelsen. Forl\u00f8bet belyser intergruppekonfikter og dannelsen af fordomme og stereotyper. Med Gr\u00f8nland i fokus, giver undervisningsmaterialet et perspektiv p\u00e5 forholdet mellem Gr\u00f8nland og Danmark.\u00a0<\/p>\n\n\n\n<p>Undervisningsmaterialets kernestofomr\u00e5de er socialpsykologi.<\/p>\n\n\n\n<p>Eleverne vil f\u00e5 kendskab til menneskets sociale adf\u00e6rd og de gruppepsykologiske processer samt l\u00e6re om stereotyper, fordomme og diskrimination med udgangspunkt i forholdet mellem Gr\u00f8nland og Danmark.<\/p>\n\n\n\n<p>De vil herunder ogs\u00e5 f\u00e5 kendskab til teorien om kulturm\u00f8der og kulturforskelle. Ved at arbejde med kernestofomr\u00e5dets teorier og begreber koblet op p\u00e5 aktuelle problemstillinger er hensigten, at eleverne, ud over at tilegne sig viden inden for socialpsykologiens teorier og begreber, ogs\u00e5 tilegner sig kompetencer til at kunne s\u00e6tte denne viden i perspektiv. Dette undervisningsmateriale vil give eleverne kendskab til f\u00f8lgende:&nbsp; &nbsp;<\/p>\n\n\n\n<ul>\n<li>Menneskets sociale adf\u00e6rd i en gruppe.<\/li>\n\n\n\n<li>Intergruppekonflikter med fokus p\u00e5 den realistiske konfliktteori og den sociale identitetsteori.<\/li>\n\n\n\n<li>Kulturm\u00f8der og kulturforskelle.<\/li>\n\n\n\n<li>Stereotyper og fordomme.<\/li>\n<\/ul>\n\n\n<script type=\"text\/javascript\">\ndocument.addEventListener('DOMContentLoaded', function () {\n\n  const linksToTrack = document.querySelectorAll('a.ressource-download');\n  \n  linksToTrack.forEach((linkToTrack) => {\n    linkToTrack.addEventListener('click', function (event) {\n      event.preventDefault();\n      const href = this.href;\n      fetch('\/wp-admin\/admin-ajax.php', {\n        method: 'POST',\n        credentials: 'same-origin',\n        headers: {\n          'Content-Type': 'application\/x-www-form-urlencoded',\n        },\n        body: 'action=track_link_click&link_url=' + encodeURIComponent(href)\n      }).then(response => response.text())\n        .then(data => {\n          window.location.href = href;\n        });\n    });\n  });\n});\n<\/script>\n\n\n<div id=\"downloads\">\n  <div class=\"downloads\">\n    <h2 class=\"h2\">Hent materialer<\/h2>\n    <div class=\"row\">\n               \n        <div class=\"col-12\">\n          <a class=\"ressource-download cc\" href=\"https:\/\/www.od.dk\/wp-content\/uploads\/2023\/08\/Laerervejledning-psykologi.pdf\" target=\"_blank\">\n            <i class=\"fa fa-download\" aria-hidden=\"true\"><\/i>\n            L\u00e6rervejledning          <\/a>\n\n                  <\/div>\n                 \n        <div class=\"col-12\">\n          <a class=\"ressource-download cc\" href=\"https:\/\/www.od.dk\/wp-content\/uploads\/2023\/08\/Arbejdshaefte-psykologi.pdf\" target=\"_blank\">\n            <i class=\"fa fa-download\" aria-hidden=\"true\"><\/i>\n            Arbejdsh\u00e6fte          <\/a>\n\n                  <\/div>\n                 \n        <div class=\"col-12\">\n          <a class=\"ressource-download cc\" href=\"https:\/\/www.od.dk\/wp-content\/uploads\/2023\/08\/Opgaver-til-Eksperimentet.pdf\" target=\"_blank\">\n            <i class=\"fa fa-download\" aria-hidden=\"true\"><\/i>\n            Opgaver til Eksperimentet          <\/a>\n\n                  <\/div>\n                 \n        <div class=\"col-12\">\n          <a class=\"ressource-download cc\" href=\"https:\/\/www.od.dk\/wp-content\/uploads\/2023\/08\/Match-med-partner.pdf\" target=\"_blank\">\n            <i class=\"fa fa-download\" aria-hidden=\"true\"><\/i>\n            Match med partner          <\/a>\n\n                  <\/div>\n                 \n        <div class=\"col-12\">\n          <a class=\"ressource-download cc\" href=\"https:\/\/www.od.dk\/wp-content\/uploads\/2023\/08\/Speeddate-begreber_0.pdf\" target=\"_blank\">\n            <i class=\"fa fa-download\" aria-hidden=\"true\"><\/i>\n            Speeddate et begreb          <\/a>\n\n                  <\/div>\n        <\/div>\n<\/div>\n<\/div>\n\n<style>\n\n    .download-count {\n      font-size: .85rem;\n      background-color: #f1f1f1;\n      padding: 3px 10px;\n      border-radius: 9999px;\n      margin-left: 5px;\n    }\n\n<\/style>\n","protected":false},"featured_media":1344,"parent":0,"menu_order":0,"template":"","fag":[127],"medietype":[],"projekt":[118],"tema":[],"acf":[],"yoast_head":"<!-- This site is optimized with the Yoast SEO plugin v22.5 - https:\/\/yoast.com\/wordpress\/plugins\/seo\/ -->\n<title>Gr\u00f8nland 2018 - Kulturm\u00f8det mellem Danmark og Gr\u00f8nland - Operation Dagsv\u00e6rk<\/title>\n<meta name=\"robots\" content=\"index, follow, max-snippet:-1, max-image-preview:large, max-video-preview:-1\" \/>\n<link rel=\"canonical\" href=\"https:\/\/www.od.dk\/?materialer=groenland-2018-kulturmoedet-mellem-danmark-og-groenland\" \/>\n<meta property=\"og:locale\" content=\"da_DK\" \/>\n<meta property=\"og:type\" content=\"article\" \/>\n<meta property=\"og:title\" content=\"Gr\u00f8nland 2018 - Kulturm\u00f8det mellem Danmark og Gr\u00f8nland - Operation Dagsv\u00e6rk\" \/>\n<meta property=\"og:description\" content=\"Gr\u00f8nland var en dansk koloni indtil 1953. Dette har skabt et sk\u00e6vt forhold mellem Gr\u00f8nland og Danmark p\u00e5 flere m\u00e5der, og samtidig ogs\u00e5 et forhold, der er pr\u00e6get af en stor uvidenhed. Det skaber fordomme &hellip;\" \/>\n<meta property=\"og:url\" content=\"https:\/\/www.od.dk\/?materialer=groenland-2018-kulturmoedet-mellem-danmark-og-groenland\" \/>\n<meta property=\"og:site_name\" content=\"Operation Dagsv\u00e6rk\" \/>\n<meta property=\"article:modified_time\" content=\"2023-08-24T11:54:25+00:00\" \/>\n<meta property=\"og:image\" content=\"https:\/\/www.od.dk\/wp-content\/uploads\/2023\/08\/billede-til-LUCCA.jpg\" \/>\n\t<meta property=\"og:image:width\" content=\"2048\" \/>\n\t<meta property=\"og:image:height\" content=\"2560\" \/>\n\t<meta property=\"og:image:type\" content=\"image\/jpeg\" \/>\n<meta name=\"twitter:card\" content=\"summary_large_image\" \/>\n<meta name=\"twitter:label1\" content=\"Estimeret l\u00e6setid\" \/>\n\t<meta name=\"twitter:data1\" content=\"2 minutter\" \/>\n<script type=\"application\/ld+json\" class=\"yoast-schema-graph\">{\"@context\":\"https:\/\/schema.org\",\"@graph\":[{\"@type\":\"WebPage\",\"@id\":\"https:\/\/www.od.dk\/?materialer=groenland-2018-kulturmoedet-mellem-danmark-og-groenland\",\"url\":\"https:\/\/www.od.dk\/?materialer=groenland-2018-kulturmoedet-mellem-danmark-og-groenland\",\"name\":\"Gr\u00f8nland 2018 - Kulturm\u00f8det mellem Danmark og Gr\u00f8nland - Operation Dagsv\u00e6rk\",\"isPartOf\":{\"@id\":\"https:\/\/www.od.dk\/#website\"},\"primaryImageOfPage\":{\"@id\":\"https:\/\/www.od.dk\/?materialer=groenland-2018-kulturmoedet-mellem-danmark-og-groenland#primaryimage\"},\"image\":{\"@id\":\"https:\/\/www.od.dk\/?materialer=groenland-2018-kulturmoedet-mellem-danmark-og-groenland#primaryimage\"},\"thumbnailUrl\":\"https:\/\/www.od.dk\/wp-content\/uploads\/2023\/08\/billede-til-LUCCA.jpg\",\"datePublished\":\"2018-08-24T11:52:23+00:00\",\"dateModified\":\"2023-08-24T11:54:25+00:00\",\"breadcrumb\":{\"@id\":\"https:\/\/www.od.dk\/?materialer=groenland-2018-kulturmoedet-mellem-danmark-og-groenland#breadcrumb\"},\"inLanguage\":\"da-DK\",\"potentialAction\":[{\"@type\":\"ReadAction\",\"target\":[\"https:\/\/www.od.dk\/?materialer=groenland-2018-kulturmoedet-mellem-danmark-og-groenland\"]}]},{\"@type\":\"ImageObject\",\"inLanguage\":\"da-DK\",\"@id\":\"https:\/\/www.od.dk\/?materialer=groenland-2018-kulturmoedet-mellem-danmark-og-groenland#primaryimage\",\"url\":\"https:\/\/www.od.dk\/wp-content\/uploads\/2023\/08\/billede-til-LUCCA.jpg\",\"contentUrl\":\"https:\/\/www.od.dk\/wp-content\/uploads\/2023\/08\/billede-til-LUCCA.jpg\",\"width\":2048,\"height\":2560},{\"@type\":\"BreadcrumbList\",\"@id\":\"https:\/\/www.od.dk\/?materialer=groenland-2018-kulturmoedet-mellem-danmark-og-groenland#breadcrumb\",\"itemListElement\":[{\"@type\":\"ListItem\",\"position\":1,\"name\":\"Forside\",\"item\":\"https:\/\/www.od.dk\/\"},{\"@type\":\"ListItem\",\"position\":2,\"name\":\"Materialer\",\"item\":\"https:\/\/www.od.dk\/?post_type=materialer\"},{\"@type\":\"ListItem\",\"position\":3,\"name\":\"Gr\u00f8nland 2018 &#8211; Kulturm\u00f8det mellem Danmark og Gr\u00f8nland\"}]},{\"@type\":\"WebSite\",\"@id\":\"https:\/\/www.od.dk\/#website\",\"url\":\"https:\/\/www.od.dk\/\",\"name\":\"Operation Dagsv\u00e6rk\",\"description\":\"Oplysning, stillingtagen, handling\",\"alternateName\":\"OD\",\"potentialAction\":[{\"@type\":\"SearchAction\",\"target\":{\"@type\":\"EntryPoint\",\"urlTemplate\":\"https:\/\/www.od.dk\/?s={search_term_string}\"},\"query-input\":\"required name=search_term_string\"}],\"inLanguage\":\"da-DK\"}]}<\/script>\n<!-- \/ Yoast SEO plugin. -->","yoast_head_json":{"title":"Gr\u00f8nland 2018 - Kulturm\u00f8det mellem Danmark og Gr\u00f8nland - Operation Dagsv\u00e6rk","robots":{"index":"index","follow":"follow","max-snippet":"max-snippet:-1","max-image-preview":"max-image-preview:large","max-video-preview":"max-video-preview:-1"},"canonical":"https:\/\/www.od.dk\/?materialer=groenland-2018-kulturmoedet-mellem-danmark-og-groenland","og_locale":"da_DK","og_type":"article","og_title":"Gr\u00f8nland 2018 - Kulturm\u00f8det mellem Danmark og Gr\u00f8nland - Operation Dagsv\u00e6rk","og_description":"Gr\u00f8nland var en dansk koloni indtil 1953. Dette har skabt et sk\u00e6vt forhold mellem Gr\u00f8nland og Danmark p\u00e5 flere m\u00e5der, og samtidig ogs\u00e5 et forhold, der er pr\u00e6get af en stor uvidenhed. Det skaber fordomme &hellip;","og_url":"https:\/\/www.od.dk\/?materialer=groenland-2018-kulturmoedet-mellem-danmark-og-groenland","og_site_name":"Operation Dagsv\u00e6rk","article_modified_time":"2023-08-24T11:54:25+00:00","og_image":[{"width":2048,"height":2560,"url":"https:\/\/www.od.dk\/wp-content\/uploads\/2023\/08\/billede-til-LUCCA.jpg","type":"image\/jpeg"}],"twitter_card":"summary_large_image","twitter_misc":{"Estimeret l\u00e6setid":"2 minutter"},"schema":{"@context":"https:\/\/schema.org","@graph":[{"@type":"WebPage","@id":"https:\/\/www.od.dk\/?materialer=groenland-2018-kulturmoedet-mellem-danmark-og-groenland","url":"https:\/\/www.od.dk\/?materialer=groenland-2018-kulturmoedet-mellem-danmark-og-groenland","name":"Gr\u00f8nland 2018 - Kulturm\u00f8det mellem Danmark og Gr\u00f8nland - Operation Dagsv\u00e6rk","isPartOf":{"@id":"https:\/\/www.od.dk\/#website"},"primaryImageOfPage":{"@id":"https:\/\/www.od.dk\/?materialer=groenland-2018-kulturmoedet-mellem-danmark-og-groenland#primaryimage"},"image":{"@id":"https:\/\/www.od.dk\/?materialer=groenland-2018-kulturmoedet-mellem-danmark-og-groenland#primaryimage"},"thumbnailUrl":"https:\/\/www.od.dk\/wp-content\/uploads\/2023\/08\/billede-til-LUCCA.jpg","datePublished":"2018-08-24T11:52:23+00:00","dateModified":"2023-08-24T11:54:25+00:00","breadcrumb":{"@id":"https:\/\/www.od.dk\/?materialer=groenland-2018-kulturmoedet-mellem-danmark-og-groenland#breadcrumb"},"inLanguage":"da-DK","potentialAction":[{"@type":"ReadAction","target":["https:\/\/www.od.dk\/?materialer=groenland-2018-kulturmoedet-mellem-danmark-og-groenland"]}]},{"@type":"ImageObject","inLanguage":"da-DK","@id":"https:\/\/www.od.dk\/?materialer=groenland-2018-kulturmoedet-mellem-danmark-og-groenland#primaryimage","url":"https:\/\/www.od.dk\/wp-content\/uploads\/2023\/08\/billede-til-LUCCA.jpg","contentUrl":"https:\/\/www.od.dk\/wp-content\/uploads\/2023\/08\/billede-til-LUCCA.jpg","width":2048,"height":2560},{"@type":"BreadcrumbList","@id":"https:\/\/www.od.dk\/?materialer=groenland-2018-kulturmoedet-mellem-danmark-og-groenland#breadcrumb","itemListElement":[{"@type":"ListItem","position":1,"name":"Forside","item":"https:\/\/www.od.dk\/"},{"@type":"ListItem","position":2,"name":"Materialer","item":"https:\/\/www.od.dk\/?post_type=materialer"},{"@type":"ListItem","position":3,"name":"Gr\u00f8nland 2018 &#8211; Kulturm\u00f8det mellem Danmark og Gr\u00f8nland"}]},{"@type":"WebSite","@id":"https:\/\/www.od.dk\/#website","url":"https:\/\/www.od.dk\/","name":"Operation Dagsv\u00e6rk","description":"Oplysning, stillingtagen, handling","alternateName":"OD","potentialAction":[{"@type":"SearchAction","target":{"@type":"EntryPoint","urlTemplate":"https:\/\/www.od.dk\/?s={search_term_string}"},"query-input":"required name=search_term_string"}],"inLanguage":"da-DK"}]}},"_links":{"self":[{"href":"https:\/\/www.od.dk\/index.php?rest_route=\/wp\/v2\/materialer\/1338"}],"collection":[{"href":"https:\/\/www.od.dk\/index.php?rest_route=\/wp\/v2\/materialer"}],"about":[{"href":"https:\/\/www.od.dk\/index.php?rest_route=\/wp\/v2\/types\/materialer"}],"wp:featuredmedia":[{"embeddable":true,"href":"https:\/\/www.od.dk\/index.php?rest_route=\/wp\/v2\/media\/1344"}],"wp:attachment":[{"href":"https:\/\/www.od.dk\/index.php?rest_route=%2Fwp%2Fv2%2Fmedia&parent=1338"}],"wp:term":[{"taxonomy":"fag","embeddable":true,"href":"https:\/\/www.od.dk\/index.php?rest_route=%2Fwp%2Fv2%2Ffag&post=1338"},{"taxonomy":"medietype","embeddable":true,"href":"https:\/\/www.od.dk\/index.php?rest_route=%2Fwp%2Fv2%2Fmedietype&post=1338"},{"taxonomy":"projekt","embeddable":true,"href":"https:\/\/www.od.dk\/index.php?rest_route=%2Fwp%2Fv2%2Fprojekt&post=1338"},{"taxonomy":"tema","embeddable":true,"href":"https:\/\/www.od.dk\/index.php?rest_route=%2Fwp%2Fv2%2Ftema&post=1338"}],"curies":[{"name":"wp","href":"https:\/\/api.w.org\/{rel}","templated":true}]}}