{"id":1813,"date":"2025-07-29T13:22:59","date_gmt":"2025-07-29T13:22:59","guid":{"rendered":"https:\/\/www.od.dk\/?post_type=materialer&#038;p=1813"},"modified":"2025-07-29T13:22:59","modified_gmt":"2025-07-29T13:22:59","slug":"palaestina-2025-historie-hvilket-medie-hvilket-syn-funktionel-kildeanalyse-med-fokus-paa-bias","status":"publish","type":"materialer","link":"https:\/\/www.od.dk\/?materialer=palaestina-2025-historie-hvilket-medie-hvilket-syn-funktionel-kildeanalyse-med-fokus-paa-bias","title":{"rendered":"Pal\u00e6stina 2025 &#8211; Historie: Hvilket medie, hvilket syn: Funktionel kildeanalyse med fokus p\u00e5 bias"},"content":{"rendered":"\n<p><\/p>\n\n\n\n<p>Dette modul (90 min) i historie tager undergangspunkt i en funktionel kildeanalyse til at<br>unders\u00f8ge hvor forskellige kilder om den sammen begivenhed kan v\u00e6re afh\u00e6ngigt af forfatterens<br>udgangspunkt. Her skal grupper f\u00f8rst analysere forskellige kilder vedr\u00f8rende Nakbaen i 1948, og<br>derefter m\u00f8des til en snak om hvordan og hvorfor de er s\u00e5 forskellige.<\/p>\n\n\n<script type=\"text\/javascript\">\ndocument.addEventListener('DOMContentLoaded', function () {\n\n  const linksToTrack = document.querySelectorAll('a.ressource-download');\n  \n  linksToTrack.forEach((linkToTrack) => {\n    linkToTrack.addEventListener('click', function (event) {\n      event.preventDefault();\n      const href = this.href;\n      fetch('\/wp-admin\/admin-ajax.php', {\n        method: 'POST',\n        credentials: 'same-origin',\n        headers: {\n          'Content-Type': 'application\/x-www-form-urlencoded',\n        },\n        body: 'action=track_link_click&link_url=' + encodeURIComponent(href)\n      }).then(response => response.text())\n        .then(data => {\n          window.location.href = href;\n        });\n    });\n  });\n});\n<\/script>\n\n\n<div id=\"downloads\">\n  <div class=\"downloads\">\n    <h2 class=\"h2\"><\/h2>\n    <div class=\"row\">\n               \n        <div class=\"col-12\">\n          <a class=\"ressource-download cc\" href=\"https:\/\/www.od.dk\/wp-content\/uploads\/2025\/07\/Palaestina-2025-Historie.pdf\" target=\"_blank\">\n            <i class=\"fa fa-download\" aria-hidden=\"true\"><\/i>\n            Pal\u00e6stina 2025 &#8211; Historie          <\/a>\n\n                  <\/div>\n        <\/div>\n<\/div>\n<\/div>\n\n<style>\n\n    .download-count {\n      font-size: .85rem;\n      background-color: #f1f1f1;\n      padding: 3px 10px;\n      border-radius: 9999px;\n      margin-left: 5px;\n    }\n\n<\/style>\n","protected":false},"featured_media":1814,"parent":0,"menu_order":0,"template":"","fag":[23],"medietype":[],"projekt":[146],"tema":[151,150],"acf":[],"yoast_head":"<!-- This site is optimized with the Yoast SEO plugin v22.5 - https:\/\/yoast.com\/wordpress\/plugins\/seo\/ -->\n<title>Pal\u00e6stina 2025 - Historie: Hvilket medie, hvilket syn: Funktionel kildeanalyse med fokus p\u00e5 bias - Operation Dagsv\u00e6rk<\/title>\n<meta name=\"robots\" content=\"index, follow, max-snippet:-1, max-image-preview:large, max-video-preview:-1\" \/>\n<link rel=\"canonical\" href=\"https:\/\/www.od.dk\/?materialer=palaestina-2025-historie-hvilket-medie-hvilket-syn-funktionel-kildeanalyse-med-fokus-paa-bias\" \/>\n<meta property=\"og:locale\" content=\"da_DK\" \/>\n<meta property=\"og:type\" content=\"article\" \/>\n<meta property=\"og:title\" content=\"Pal\u00e6stina 2025 - Historie: Hvilket medie, hvilket syn: Funktionel kildeanalyse med fokus p\u00e5 bias - Operation Dagsv\u00e6rk\" \/>\n<meta property=\"og:description\" content=\"Dette modul (90 min) i historie tager undergangspunkt i en funktionel kildeanalyse til atunders\u00f8ge hvor forskellige kilder om den sammen begivenhed kan v\u00e6re afh\u00e6ngigt af forfatterensudgangspunkt. Her skal grupper f\u00f8rst analysere forskellige kilder vedr\u00f8rende Nakbaen &hellip;\" \/>\n<meta property=\"og:url\" content=\"https:\/\/www.od.dk\/?materialer=palaestina-2025-historie-hvilket-medie-hvilket-syn-funktionel-kildeanalyse-med-fokus-paa-bias\" \/>\n<meta property=\"og:site_name\" content=\"Operation Dagsv\u00e6rk\" \/>\n<meta property=\"og:image\" content=\"https:\/\/www.od.dk\/wp-content\/uploads\/2025\/07\/0E7A1096-e1753795165396.jpg\" \/>\n\t<meta property=\"og:image:width\" content=\"5460\" \/>\n\t<meta property=\"og:image:height\" content=\"1829\" \/>\n\t<meta property=\"og:image:type\" content=\"image\/jpeg\" \/>\n<meta name=\"twitter:card\" content=\"summary_large_image\" \/>\n<meta name=\"twitter:label1\" content=\"Estimeret l\u00e6setid\" \/>\n\t<meta name=\"twitter:data1\" content=\"1 minut\" \/>\n<script type=\"application\/ld+json\" class=\"yoast-schema-graph\">{\"@context\":\"https:\/\/schema.org\",\"@graph\":[{\"@type\":\"WebPage\",\"@id\":\"https:\/\/www.od.dk\/?materialer=palaestina-2025-historie-hvilket-medie-hvilket-syn-funktionel-kildeanalyse-med-fokus-paa-bias\",\"url\":\"https:\/\/www.od.dk\/?materialer=palaestina-2025-historie-hvilket-medie-hvilket-syn-funktionel-kildeanalyse-med-fokus-paa-bias\",\"name\":\"Pal\u00e6stina 2025 - Historie: Hvilket medie, hvilket syn: Funktionel kildeanalyse med fokus p\u00e5 bias - Operation Dagsv\u00e6rk\",\"isPartOf\":{\"@id\":\"https:\/\/www.od.dk\/#website\"},\"primaryImageOfPage\":{\"@id\":\"https:\/\/www.od.dk\/?materialer=palaestina-2025-historie-hvilket-medie-hvilket-syn-funktionel-kildeanalyse-med-fokus-paa-bias#primaryimage\"},\"image\":{\"@id\":\"https:\/\/www.od.dk\/?materialer=palaestina-2025-historie-hvilket-medie-hvilket-syn-funktionel-kildeanalyse-med-fokus-paa-bias#primaryimage\"},\"thumbnailUrl\":\"https:\/\/www.od.dk\/wp-content\/uploads\/2025\/07\/0E7A1096-e1753795165396.jpg\",\"datePublished\":\"2025-07-29T13:22:59+00:00\",\"dateModified\":\"2025-07-29T13:22:59+00:00\",\"breadcrumb\":{\"@id\":\"https:\/\/www.od.dk\/?materialer=palaestina-2025-historie-hvilket-medie-hvilket-syn-funktionel-kildeanalyse-med-fokus-paa-bias#breadcrumb\"},\"inLanguage\":\"da-DK\",\"potentialAction\":[{\"@type\":\"ReadAction\",\"target\":[\"https:\/\/www.od.dk\/?materialer=palaestina-2025-historie-hvilket-medie-hvilket-syn-funktionel-kildeanalyse-med-fokus-paa-bias\"]}]},{\"@type\":\"ImageObject\",\"inLanguage\":\"da-DK\",\"@id\":\"https:\/\/www.od.dk\/?materialer=palaestina-2025-historie-hvilket-medie-hvilket-syn-funktionel-kildeanalyse-med-fokus-paa-bias#primaryimage\",\"url\":\"https:\/\/www.od.dk\/wp-content\/uploads\/2025\/07\/0E7A1096-e1753795165396.jpg\",\"contentUrl\":\"https:\/\/www.od.dk\/wp-content\/uploads\/2025\/07\/0E7A1096-e1753795165396.jpg\",\"width\":5460,\"height\":1829},{\"@type\":\"BreadcrumbList\",\"@id\":\"https:\/\/www.od.dk\/?materialer=palaestina-2025-historie-hvilket-medie-hvilket-syn-funktionel-kildeanalyse-med-fokus-paa-bias#breadcrumb\",\"itemListElement\":[{\"@type\":\"ListItem\",\"position\":1,\"name\":\"Forside\",\"item\":\"https:\/\/www.od.dk\/\"},{\"@type\":\"ListItem\",\"position\":2,\"name\":\"Materialer\",\"item\":\"https:\/\/www.od.dk\/?post_type=materialer\"},{\"@type\":\"ListItem\",\"position\":3,\"name\":\"Pal\u00e6stina 2025 &#8211; Historie: Hvilket medie, hvilket syn: Funktionel kildeanalyse med fokus p\u00e5 bias\"}]},{\"@type\":\"WebSite\",\"@id\":\"https:\/\/www.od.dk\/#website\",\"url\":\"https:\/\/www.od.dk\/\",\"name\":\"Operation Dagsv\u00e6rk\",\"description\":\"Oplysning, stillingtagen, handling\",\"alternateName\":\"OD\",\"potentialAction\":[{\"@type\":\"SearchAction\",\"target\":{\"@type\":\"EntryPoint\",\"urlTemplate\":\"https:\/\/www.od.dk\/?s={search_term_string}\"},\"query-input\":\"required name=search_term_string\"}],\"inLanguage\":\"da-DK\"}]}<\/script>\n<!-- \/ Yoast SEO plugin. -->","yoast_head_json":{"title":"Pal\u00e6stina 2025 - Historie: Hvilket medie, hvilket syn: Funktionel kildeanalyse med fokus p\u00e5 bias - Operation Dagsv\u00e6rk","robots":{"index":"index","follow":"follow","max-snippet":"max-snippet:-1","max-image-preview":"max-image-preview:large","max-video-preview":"max-video-preview:-1"},"canonical":"https:\/\/www.od.dk\/?materialer=palaestina-2025-historie-hvilket-medie-hvilket-syn-funktionel-kildeanalyse-med-fokus-paa-bias","og_locale":"da_DK","og_type":"article","og_title":"Pal\u00e6stina 2025 - Historie: Hvilket medie, hvilket syn: Funktionel kildeanalyse med fokus p\u00e5 bias - Operation Dagsv\u00e6rk","og_description":"Dette modul (90 min) i historie tager undergangspunkt i en funktionel kildeanalyse til atunders\u00f8ge hvor forskellige kilder om den sammen begivenhed kan v\u00e6re afh\u00e6ngigt af forfatterensudgangspunkt. Her skal grupper f\u00f8rst analysere forskellige kilder vedr\u00f8rende Nakbaen &hellip;","og_url":"https:\/\/www.od.dk\/?materialer=palaestina-2025-historie-hvilket-medie-hvilket-syn-funktionel-kildeanalyse-med-fokus-paa-bias","og_site_name":"Operation Dagsv\u00e6rk","og_image":[{"width":5460,"height":1829,"url":"https:\/\/www.od.dk\/wp-content\/uploads\/2025\/07\/0E7A1096-e1753795165396.jpg","type":"image\/jpeg"}],"twitter_card":"summary_large_image","twitter_misc":{"Estimeret l\u00e6setid":"1 minut"},"schema":{"@context":"https:\/\/schema.org","@graph":[{"@type":"WebPage","@id":"https:\/\/www.od.dk\/?materialer=palaestina-2025-historie-hvilket-medie-hvilket-syn-funktionel-kildeanalyse-med-fokus-paa-bias","url":"https:\/\/www.od.dk\/?materialer=palaestina-2025-historie-hvilket-medie-hvilket-syn-funktionel-kildeanalyse-med-fokus-paa-bias","name":"Pal\u00e6stina 2025 - Historie: Hvilket medie, hvilket syn: Funktionel kildeanalyse med fokus p\u00e5 bias - Operation Dagsv\u00e6rk","isPartOf":{"@id":"https:\/\/www.od.dk\/#website"},"primaryImageOfPage":{"@id":"https:\/\/www.od.dk\/?materialer=palaestina-2025-historie-hvilket-medie-hvilket-syn-funktionel-kildeanalyse-med-fokus-paa-bias#primaryimage"},"image":{"@id":"https:\/\/www.od.dk\/?materialer=palaestina-2025-historie-hvilket-medie-hvilket-syn-funktionel-kildeanalyse-med-fokus-paa-bias#primaryimage"},"thumbnailUrl":"https:\/\/www.od.dk\/wp-content\/uploads\/2025\/07\/0E7A1096-e1753795165396.jpg","datePublished":"2025-07-29T13:22:59+00:00","dateModified":"2025-07-29T13:22:59+00:00","breadcrumb":{"@id":"https:\/\/www.od.dk\/?materialer=palaestina-2025-historie-hvilket-medie-hvilket-syn-funktionel-kildeanalyse-med-fokus-paa-bias#breadcrumb"},"inLanguage":"da-DK","potentialAction":[{"@type":"ReadAction","target":["https:\/\/www.od.dk\/?materialer=palaestina-2025-historie-hvilket-medie-hvilket-syn-funktionel-kildeanalyse-med-fokus-paa-bias"]}]},{"@type":"ImageObject","inLanguage":"da-DK","@id":"https:\/\/www.od.dk\/?materialer=palaestina-2025-historie-hvilket-medie-hvilket-syn-funktionel-kildeanalyse-med-fokus-paa-bias#primaryimage","url":"https:\/\/www.od.dk\/wp-content\/uploads\/2025\/07\/0E7A1096-e1753795165396.jpg","contentUrl":"https:\/\/www.od.dk\/wp-content\/uploads\/2025\/07\/0E7A1096-e1753795165396.jpg","width":5460,"height":1829},{"@type":"BreadcrumbList","@id":"https:\/\/www.od.dk\/?materialer=palaestina-2025-historie-hvilket-medie-hvilket-syn-funktionel-kildeanalyse-med-fokus-paa-bias#breadcrumb","itemListElement":[{"@type":"ListItem","position":1,"name":"Forside","item":"https:\/\/www.od.dk\/"},{"@type":"ListItem","position":2,"name":"Materialer","item":"https:\/\/www.od.dk\/?post_type=materialer"},{"@type":"ListItem","position":3,"name":"Pal\u00e6stina 2025 &#8211; Historie: Hvilket medie, hvilket syn: Funktionel kildeanalyse med fokus p\u00e5 bias"}]},{"@type":"WebSite","@id":"https:\/\/www.od.dk\/#website","url":"https:\/\/www.od.dk\/","name":"Operation Dagsv\u00e6rk","description":"Oplysning, stillingtagen, handling","alternateName":"OD","potentialAction":[{"@type":"SearchAction","target":{"@type":"EntryPoint","urlTemplate":"https:\/\/www.od.dk\/?s={search_term_string}"},"query-input":"required name=search_term_string"}],"inLanguage":"da-DK"}]}},"_links":{"self":[{"href":"https:\/\/www.od.dk\/index.php?rest_route=\/wp\/v2\/materialer\/1813"}],"collection":[{"href":"https:\/\/www.od.dk\/index.php?rest_route=\/wp\/v2\/materialer"}],"about":[{"href":"https:\/\/www.od.dk\/index.php?rest_route=\/wp\/v2\/types\/materialer"}],"wp:featuredmedia":[{"embeddable":true,"href":"https:\/\/www.od.dk\/index.php?rest_route=\/wp\/v2\/media\/1814"}],"wp:attachment":[{"href":"https:\/\/www.od.dk\/index.php?rest_route=%2Fwp%2Fv2%2Fmedia&parent=1813"}],"wp:term":[{"taxonomy":"fag","embeddable":true,"href":"https:\/\/www.od.dk\/index.php?rest_route=%2Fwp%2Fv2%2Ffag&post=1813"},{"taxonomy":"medietype","embeddable":true,"href":"https:\/\/www.od.dk\/index.php?rest_route=%2Fwp%2Fv2%2Fmedietype&post=1813"},{"taxonomy":"projekt","embeddable":true,"href":"https:\/\/www.od.dk\/index.php?rest_route=%2Fwp%2Fv2%2Fprojekt&post=1813"},{"taxonomy":"tema","embeddable":true,"href":"https:\/\/www.od.dk\/index.php?rest_route=%2Fwp%2Fv2%2Ftema&post=1813"}],"curies":[{"name":"wp","href":"https:\/\/api.w.org\/{rel}","templated":true}]}}