{"id":1160,"date":"2023-06-01T11:14:31","date_gmt":"2023-06-01T11:14:31","guid":{"rendered":"https:\/\/www.od.dk\/?page_id=1160"},"modified":"2023-06-12T10:12:46","modified_gmt":"2023-06-12T10:12:46","slug":"moed-ods-unge","status":"publish","type":"page","link":"https:\/\/www.od.dk\/?page_id=1160","title":{"rendered":"M\u00f8d OD\u2019s unge"},"content":{"rendered":"\n<h3 class=\"wp-block-heading\">Operation Dagsv\u00e6rk er af unge, med unge og for unge. Unge er drivkraften i alt, hvad vi g\u00f8r, og de st\u00e5r bag alle vores store beslutninger.&nbsp;<\/h3>\n\n\n\n<h3 class=\"wp-block-heading\">Her kan du m\u00f8de nogle af de unge, som er engagerede i Operation Dagsv\u00e6rk, hvor de fort\u00e6ller om, hvorfor de har valgt at engagere sig i organisationen og om nogle af de oplevelser, de har f\u00e5et i Operation Dagsv\u00e6rk.<\/h3>\n\n\n\n<hr class=\"wp-block-separator has-alpha-channel-opacity\"\/>\n\n\n<div class=\"wp-block-image\">\n<figure class=\"alignright size-large is-resized\"><img loading=\"lazy\" decoding=\"async\" src=\"https:\/\/www.od.dk\/wp-content\/uploads\/2023\/06\/IMG_2921-768x1024.jpg\" alt=\"\" class=\"wp-image-1195\" width=\"340\" height=\"452\" srcset=\"https:\/\/www.od.dk\/wp-content\/uploads\/2023\/06\/IMG_2921-768x1024.jpg 768w, https:\/\/www.od.dk\/wp-content\/uploads\/2023\/06\/IMG_2921-225x300.jpg 225w, https:\/\/www.od.dk\/wp-content\/uploads\/2023\/06\/IMG_2921-1152x1536.jpg 1152w, https:\/\/www.od.dk\/wp-content\/uploads\/2023\/06\/IMG_2921-1536x2048.jpg 1536w, https:\/\/www.od.dk\/wp-content\/uploads\/2023\/06\/IMG_2921.jpg 1920w\" sizes=\"(max-width: 340px) 100vw, 340px\" \/><figcaption class=\"wp-element-caption\">Antonie, 21 \u00e5r, aktivist i OD<\/figcaption><\/figure><\/div>\n\n\n<p><em>Antonie, 21 \u00e5r, er aktivist i OD. Hun er ogs\u00e5 tidligere bestyrelsesmedlem og frivillig.<\/em><\/p>\n\n\n\n<p><strong>Hvor l\u00e6nge har du v\u00e6ret med i OD?<\/strong><\/p>\n\n\n\n<p>\u2013 Siden jeg gik i 1.G, s\u00e5 det er fem \u00e5r. Jeg var med i Dagsv\u00e6rksgruppen p\u00e5 min skole, Vibenshus Gymnasium.&nbsp;<\/p>\n\n\n\n<p><strong>Hvorfor blev du engageret i OD?<\/strong><\/p>\n\n\n\n<p>\u2013 Da man i 9. klasse skulle rundt og bes\u00f8gte nogle gymnasier, m\u00f8dte jeg Luka og Lukas, dem blev jeg ret hurtigt venner med, og de var en del af OD-gruppen. S\u00e5 det fandt jeg hurtigt af, det var oplagt, at jeg ogs\u00e5 blev en del af \u2013 og s\u00e5 synes jeg id\u00e9en om at arbejde i solidaritet med andre unge mennesker rundt omkring i verden var meget tiltr\u00e6kkende, jeg havde ikke rigtigt lavet politisk arbejde f\u00f8r, s\u00e5 det var meget nyt for mig, men p\u00e5 en rigtig fed m\u00e5de.&nbsp;<\/p>\n\n\n\n<p><strong>Hvorfor blev du aktivist?<\/strong><\/p>\n\n\n\n<p>\u2013 Det var det naturlige n\u00e6ste step, fordi jeg havde v\u00e6ret i OD s\u00e5 l\u00e6nge. Og fordi min vennegruppe p\u00e5 gymnasiet ogs\u00e5 bestod af venner, der var aktive i OD, s\u00e5 er det en god m\u00e5de at holde kontakt med vennerne og at have en meningsfuld ting at samles om.&nbsp;<\/p>\n\n\n\n<p><strong>Hvad er det fedeste ved at v\u00e6re med i OD?<\/strong><\/p>\n\n\n\n<p>\u2013 Der er mange gode ting \u2013 p\u00e5 nuv\u00e6rende tidspunkt er det mest det sociale. Jeg har lagt virkelig meget energi og frivilligt arbejde i OD, s\u00e5 jeg har ogs\u00e5 en trang til at f\u00f8re det videre, selvom jeg ikke kan v\u00e6re en del af de besluttende organer l\u00e6ngere, fordi jeg ikke l\u00e6ngere g\u00e5r i gymnasiet. Det er fedt at kunne bidrage til, at denne her organisation, som jeg synes er mega fed, kan blive ved med at fungere. Det er rart at kunne give energi videre til de unge mennesker, der er en del af det nu \u2013 og s\u00e5 synes jeg, det vi arbejder for, er vigtigt, det er vigtigt at have solidaritet, og det er vigtige projekter, vi har.&nbsp;<\/p>\n\n\n\n<hr class=\"wp-block-separator has-alpha-channel-opacity\"\/>\n\n\n<div class=\"wp-block-image\">\n<figure class=\"alignleft size-large is-resized\"><img loading=\"lazy\" decoding=\"async\" src=\"https:\/\/www.od.dk\/wp-content\/uploads\/2023\/06\/IMG_2913-768x1024.jpg\" alt=\"\" class=\"wp-image-1196\" width=\"338\" height=\"450\" srcset=\"https:\/\/www.od.dk\/wp-content\/uploads\/2023\/06\/IMG_2913-768x1024.jpg 768w, https:\/\/www.od.dk\/wp-content\/uploads\/2023\/06\/IMG_2913-225x300.jpg 225w, https:\/\/www.od.dk\/wp-content\/uploads\/2023\/06\/IMG_2913-1152x1536.jpg 1152w, https:\/\/www.od.dk\/wp-content\/uploads\/2023\/06\/IMG_2913-1536x2048.jpg 1536w, https:\/\/www.od.dk\/wp-content\/uploads\/2023\/06\/IMG_2913.jpg 1920w\" sizes=\"(max-width: 338px) 100vw, 338px\" \/><figcaption class=\"wp-element-caption\">Luca, 22 \u00e5r, aktivist i OD<\/figcaption><\/figure><\/div>\n\n\n<p><em>Lucas, 22 \u00e5r, aktivist i Operation Dagsv\u00e6rk.<\/em><\/p>\n\n\n\n<p><strong>Hvor l\u00e6nge har du v\u00e6ret med i OD?<\/strong><\/p>\n\n\n\n<p>\u2013 Det har jeg siden jeg startede i 1.G i 2017, s\u00e5 i seks \u00e5r.&nbsp;<\/p>\n\n\n\n<p><strong>Hvorfor blev du engageret i OD?<\/strong><\/p>\n\n\n\n<p>\u2013 Det er en lidt sjov historie. Jeg m\u00f8dte for tidligt i skole en dag, da jeg lige var startet i 1.G, fordi jeg havde misset, at vi havde fri de to f\u00f8rste moduler. Der m\u00f8dte jeg to personer, som lige havde startet et OD-udvalg op \u2013 jeg anede ikke, hvad OD var \u2013 og de gik rundt i klasserne for at snakke om Dagsv\u00e6rkdagen. De spurgte, om jeg ville med, og det ville jeg gerne. S\u00e5 jeg gik med rundt i klasserne, l\u00e6rte mere og mere om, hvad OD var, deltog i weekenderne og blev ret engageret i OD. N\u00e5r man f\u00f8rst er kommet ind, s\u00e5 kommer man ikke ud igen!<\/p>\n\n\n\n<p><strong>Hvorfor blev du aktivist?<\/strong><\/p>\n\n\n\n<p>\u2013 Jeg har altid set aktivisterne som et fedt f\u00e6llesskab, da jeg var med p\u00e5 de nationale weekender som elev. Det har altid set hyggeligt ud, og aktivisterne har altid lignet super seje og sp\u00e6ndende mennesker i et fedt f\u00e6llesskab. S\u00e5 jeg var aldrig i tvivl om, at lige s\u00e5 snart, jeg ikke var elev l\u00e6ngere, s\u00e5 ville jeg forts\u00e6tte som aktivist p\u00e5 weekenderne og st\u00f8tte op om OG-engagementet \u2013 ogs\u00e5 fordi jeg har f\u00e5et s\u00e5 mange st\u00e6rke relationer i OD, og det er en god m\u00e5de at se sin vennegruppe og have det rigtig hyggeligt sammen.<\/p>\n\n\n\n<p><strong>Hvad er det fedeste ved at v\u00e6re med i OD?<\/strong><\/p>\n\n\n\n<p>\u2013 Der er mange fede ting, men jeg tror, det er menneskene. D\u00e9t, at have nogen, man er ligesindede med, men som samtidig er meget forskellige og kommer fra forskellige dele af landet. Alle i Operation Dagsv\u00e6rk har det med at br\u00e6nde ret meget for OD og de forskellige projekter, vi har st\u00f8ttet, og det her engagement har det med at smitte, det er ret fedt.&nbsp;&nbsp;<\/p>\n\n\n\n<hr class=\"wp-block-separator has-alpha-channel-opacity\"\/>\n\n\n<div class=\"wp-block-image\">\n<figure class=\"alignright size-large is-resized\"><img loading=\"lazy\" decoding=\"async\" src=\"http:\/\/www.od.dk\/wp-content\/uploads\/2023\/06\/IMG_2846-1-768x1024.jpg\" alt=\"\" class=\"wp-image-1191\" width=\"339\" height=\"453\" srcset=\"https:\/\/www.od.dk\/wp-content\/uploads\/2023\/06\/IMG_2846-1-768x1024.jpg 768w, https:\/\/www.od.dk\/wp-content\/uploads\/2023\/06\/IMG_2846-1-225x300.jpg 225w, https:\/\/www.od.dk\/wp-content\/uploads\/2023\/06\/IMG_2846-1-1152x1536.jpg 1152w, https:\/\/www.od.dk\/wp-content\/uploads\/2023\/06\/IMG_2846-1-1536x2048.jpg 1536w, https:\/\/www.od.dk\/wp-content\/uploads\/2023\/06\/IMG_2846-1.jpg 1920w\" sizes=\"(max-width: 339px) 100vw, 339px\" \/><figcaption class=\"wp-element-caption\">Hanne, 19 \u00e5r, frivillig i OD<\/figcaption><\/figure><\/div>\n\n\n<p><em>Hanne, 19 \u00e5r, er frivillig i Operation Dagsv\u00e6rk og var med p\u00e5 researchrejse til Libanon i efter\u00e5ret 2023.<\/em><\/p>\n\n\n\n<p><strong>Kan du med egne ord beskrive, hvad din opgave p\u00e5 turen var \u2013 udover at l\u00e6re en masse om projektet?&nbsp;<\/strong><\/p>\n\n\n\n<p>\u2013 P\u00e5 turen skulle jeg tage billeder af de frivillige ambulancereddere, fordi jeg skal lave det grafiske materiale til kampagnen. Det vil sige, at jeg skal lave plakater, klisterm\u00e6rker og lignende materialer. S\u00e5 vi har taget billeder af de frivillige, men ogs\u00e5 af ambulancerne, bygninger og de objekter, de har inde i ambulancerne.<\/p>\n\n\n\n<p><strong>Hvilken oplevelse p\u00e5 rejsen gjorde st\u00f8rst indtryk p\u00e5 dig?<\/strong><\/p>\n\n\n\n<p>\u2013 Jeg tror, at det, der gjorde st\u00f8rst indtryk p\u00e5 mig, var en mission, jeg var p\u00e5, hvor vi skulle fragte en kvinde fra et hospital til hendes hjem. Da de var f\u00e6rdige, fik de et nyt opkald, og vi skulle ud igen, og da de var f\u00e6rdige der, fik de endnu et opkald. S\u00e5 de kan tage p\u00e5 en mission og tro, de kommer tilbage en time senere, men der kan g\u00e5 op til fem timer, f\u00f8r de er tilbage, fordi de hele tiden f\u00e5r nye opkald. De har aldrig fri p\u00e5 stationerne. Det er noget, der virkelig gjorde stort indtryk. Det er f\u00f8rst, n\u00e5r de l\u00f8ber t\u00f8r for indhold i ambulancen, de ikke tager p\u00e5 nye missioner \u2013 de g\u00e5r ikke p\u00e5 toilettet, de spiser ikke og de drikker ikke.&nbsp;<\/p>\n\n\n\n<p><strong>Er der noget, du l\u00e6rte p\u00e5 turen, som du tager med dig hjem?<\/strong><\/p>\n\n\n\n<p>\u2013 Jeg synes, jeg l\u00e6rte meget om deres indstilling til livet og hverdagen. De har det s\u00e5 sv\u00e6rt p\u00e5 grund af de kriser, de st\u00e5r i, men alligevel v\u00e6lger de at v\u00e6re frivillige. De f\u00e5r ikke penge for det, men de f\u00e5r noget helt andet ud af det.<\/p>\n\n\n\n<hr class=\"wp-block-separator has-alpha-channel-opacity\"\/>\n\n\n<div class=\"wp-block-image\">\n<figure class=\"alignleft size-large is-resized\"><img loading=\"lazy\" decoding=\"async\" src=\"https:\/\/www.od.dk\/wp-content\/uploads\/2023\/06\/IMG_2847-768x1024.jpg\" alt=\"\" class=\"wp-image-1187\" width=\"338\" height=\"451\" srcset=\"https:\/\/www.od.dk\/wp-content\/uploads\/2023\/06\/IMG_2847-768x1024.jpg 768w, https:\/\/www.od.dk\/wp-content\/uploads\/2023\/06\/IMG_2847-225x300.jpg 225w, https:\/\/www.od.dk\/wp-content\/uploads\/2023\/06\/IMG_2847-1152x1536.jpg 1152w, https:\/\/www.od.dk\/wp-content\/uploads\/2023\/06\/IMG_2847-1536x2048.jpg 1536w, https:\/\/www.od.dk\/wp-content\/uploads\/2023\/06\/IMG_2847.jpg 1920w\" sizes=\"(max-width: 338px) 100vw, 338px\" \/><figcaption class=\"wp-element-caption\">Anders, 20 \u00e5r, frivillig i OD<\/figcaption><\/figure><\/div>\n\n\n<p><em>Anders, 20 \u00e5r, er frivillig i Operation Dagsv\u00e6rk og var med p\u00e5 researchrejse til Libanon i efter\u00e5ret 2023.<\/em><\/p>\n\n\n\n<p><strong>Kan du med egne ord beskrive, hvad din opgave p\u00e5 turen var \u2013 udover at l\u00e6re en masse om projektet?&nbsp;<\/strong><\/p>\n\n\n\n<p>\u2013 Jeg er en del af podcastholdet. Det handlede meget om at l\u00e6re de frivillige i Libanon at kende, og hvad det betyder for dem at v\u00e6re p\u00e5 ambulancestationerne. S\u00e5 i starten handlede det rigtig meget om at v\u00e6re der og at opleve, hvordan det var p\u00e5 stationerne, hvor man lige pludselig skulle p\u00e5 ambulanceudrykninger. Bagefter skulle vi v\u00e6lge de personer ud, vi synes havde gode historier, hvilke opgaver de havde og hvordan de passede ind i sammenholdet.&nbsp;<\/p>\n\n\n\n<p><strong>Hvilken oplevelse p\u00e5 rejsen gjorde st\u00f8rst indtryk p\u00e5 dig?<\/strong><\/p>\n\n\n\n<p>\u2013 Den oplevelse, der gjorde st\u00f8rst indtryk p\u00e5 mig, skete anden gang jeg var ude og k\u00f8re med en ambulance for at se, hvordan de frivillige arbejdede. Vi skulle ud til en patient, der havde f\u00e5et en gasforgiftning, men der var ikke s\u00e6rlig meget information om ham, normalt kender de navn og adresse, men de vidste ikke andet, end at der l\u00e5 en mand i en lejlighed og trak vejret m\u00e6rkeligt \u2013 s\u00e5 de vidste slet ikke, hvad de k\u00f8rte ud til. S\u00e5 det var vildt at se, hvor fokuserede de fire frivillige, jeg var sammen med, var, og at de var klar p\u00e5, at komme ud til en opgave, selvom de ikke vidste, hvad der ville ske.<\/p>\n\n\n\n<p><strong>Er der noget, du l\u00e6rte p\u00e5 turen, som du tager med dig hjem?<\/strong><\/p>\n\n\n\n<p>\u2013 Der var meget &#8211; jeg tror, det vigtigste, jeg har l\u00e6rt, er at se, hvor stort et ansvar, unge t\u00f8r tage p\u00e5 sig, n\u00e5r de st\u00e5r overfor en vigtig opgave. Jeg kender det selv lidt fra frivilligt arbejde, men jeg vil ikke sige, der er nogen opgave eller ansvar, jeg nogensinde har f\u00e5et tildelt, der kan sammenlignes med at kunne genoplive en person, k\u00f8re ambulance gennem noget af verdens vildeste trafik i h\u00f8j fart og samtidig tage det stille og roligt. Det er rent faktisk muligt for unge at f\u00e5 tildelt en af de vildeste opgaver og s\u00e5 bare v\u00e6re ansvarlig for det.<\/p>\n\n\n\n<hr class=\"wp-block-separator has-alpha-channel-opacity\"\/>\n\n\n<div class=\"wp-block-image\">\n<figure class=\"alignright size-large is-resized\"><img loading=\"lazy\" decoding=\"async\" src=\"https:\/\/www.od.dk\/wp-content\/uploads\/2023\/06\/IMG_2998-768x1024.jpeg\" alt=\"\" class=\"wp-image-1204\" width=\"341\" height=\"454\" srcset=\"https:\/\/www.od.dk\/wp-content\/uploads\/2023\/06\/IMG_2998-768x1024.jpeg 768w, https:\/\/www.od.dk\/wp-content\/uploads\/2023\/06\/IMG_2998-225x300.jpeg 225w, https:\/\/www.od.dk\/wp-content\/uploads\/2023\/06\/IMG_2998-1152x1536.jpeg 1152w, https:\/\/www.od.dk\/wp-content\/uploads\/2023\/06\/IMG_2998-1536x2048.jpeg 1536w, https:\/\/www.od.dk\/wp-content\/uploads\/2023\/06\/IMG_2998.jpeg 1920w\" sizes=\"(max-width: 341px) 100vw, 341px\" \/><figcaption class=\"wp-element-caption\">Marica, 17 \u00e5r, frivillig i OD<\/figcaption><\/figure><\/div>\n\n\n<p><em>Marica, 17 \u00e5r, er frivillig i Operation Dagsv\u00e6rk og var med p\u00e5 researchrejse til Libanon i efter\u00e5ret 2023.<\/em><\/p>\n\n\n\n<p><strong><em>Kan du med egne ord beskrive, hvad din opgave p\u00e5 turen var \u2013 udover at l\u00e6re en masse om projektet?&nbsp;<\/em><\/strong><\/p>\n\n\n\n<p>\u2013 Da vi var i Libanon, var min prim\u00e6re opgave at samle materiale ind til nogle brandgode undervisningsmoduler i henholdsvis religion og dansk. Det gjorde jeg blandt andet ved at interviewe fem super seje unge libanesere fra fem forskellige religioner og snakke med en sk\u00f8n ambulancefrivillig, som skrev et brev til hendes ven, der desv\u00e6rre har m\u00e5tte forlade landet p\u00e5 grund af krisen.&nbsp;<\/p>\n\n\n\n<p><strong>Hvilken oplevelse p\u00e5 rejsen gjorde st\u00f8rst indtryk p\u00e5 dig?<\/strong><\/p>\n\n\n\n<p>\u2013 En af de f\u00f8rste dage gik vi en tur i Beirut. Vi ender i en k\u00e6mpe kirke og pludselig, mens vi st\u00e5r der og beundrer de smukke arabiske skrifter p\u00e5 v\u00e6ggene, kan vi h\u00f8re, at der bliver kaldt til b\u00f8n i moskeen ved siden af. Det synes jeg virkelig siger noget om den enorme diversitet, vi oplevede overalt i Libanon!&nbsp;<\/p>\n\n\n\n<p><strong>Er der noget, du l\u00e6rte p\u00e5 turen, som du tager med dig hjem?<\/strong><\/p>\n\n\n\n<p>\u2013 Jeg var fuldst\u00e6ndig bl\u00e6st bagover af de unge libaneseres evne til at forpligte sig til alt, hvad de foretog sig. Stort set alle de unge ambulancefrivillige er godt i gang med deres universitetsuddannelse og opretholder et vildere byliv, end man selv som dansker kan forestille sig, samtidig med at de er frivillige i R\u00f8de Kors&#8217; ambulanceservice og prioriterer deres familier helt vildt h\u00f8jt. Det kr\u00e6ver enorm viljestyrke at have gang i s\u00e5 mange tids- og ikke mindst energikr\u00e6vende ting p\u00e5 \u00e9n gang, men jeg synes alligevel godt, at vi i Danmark kunne blive bedre til ligesom at g\u00e5 op i noget.&nbsp;<\/p>\n","protected":false},"excerpt":{"rendered":"<p>Operation Dagsv\u00e6rk er af unge, med unge og for unge. Unge er drivkraften i alt, hvad vi g\u00f8r, og de st\u00e5r bag alle vores store beslutninger.&nbsp; Her kan du m\u00f8de nogle af de unge, som &hellip;<\/p>\n","protected":false},"author":4,"featured_media":0,"parent":653,"menu_order":0,"comment_status":"closed","ping_status":"closed","template":"","meta":{"footnotes":""},"acf":[],"yoast_head":"<!-- This site is optimized with the Yoast SEO plugin v22.5 - https:\/\/yoast.com\/wordpress\/plugins\/seo\/ -->\n<title>M\u00f8d OD\u2019s unge - Operation Dagsv\u00e6rk<\/title>\n<meta name=\"robots\" content=\"index, follow, max-snippet:-1, max-image-preview:large, max-video-preview:-1\" \/>\n<link rel=\"canonical\" href=\"https:\/\/www.od.dk\/?page_id=1160\" \/>\n<meta property=\"og:locale\" content=\"da_DK\" \/>\n<meta property=\"og:type\" content=\"article\" \/>\n<meta property=\"og:title\" content=\"M\u00f8d OD\u2019s unge - Operation Dagsv\u00e6rk\" \/>\n<meta property=\"og:description\" content=\"Operation Dagsv\u00e6rk er af unge, med unge og for unge. Unge er drivkraften i alt, hvad vi g\u00f8r, og de st\u00e5r bag alle vores store beslutninger.&nbsp; Her kan du m\u00f8de nogle af de unge, som &hellip;\" \/>\n<meta property=\"og:url\" content=\"https:\/\/www.od.dk\/?page_id=1160\" \/>\n<meta property=\"og:site_name\" content=\"Operation Dagsv\u00e6rk\" \/>\n<meta property=\"article:modified_time\" content=\"2023-06-12T10:12:46+00:00\" \/>\n<meta property=\"og:image\" content=\"https:\/\/www.od.dk\/wp-content\/uploads\/2023\/06\/IMG_2921-768x1024.jpg\" \/>\n<meta name=\"twitter:card\" content=\"summary_large_image\" \/>\n<meta name=\"twitter:label1\" content=\"Estimeret l\u00e6setid\" \/>\n\t<meta name=\"twitter:data1\" content=\"11 minutter\" \/>\n<script type=\"application\/ld+json\" class=\"yoast-schema-graph\">{\"@context\":\"https:\/\/schema.org\",\"@graph\":[{\"@type\":\"WebPage\",\"@id\":\"https:\/\/www.od.dk\/?page_id=1160\",\"url\":\"https:\/\/www.od.dk\/?page_id=1160\",\"name\":\"M\u00f8d OD\u2019s unge - Operation Dagsv\u00e6rk\",\"isPartOf\":{\"@id\":\"https:\/\/www.od.dk\/#website\"},\"primaryImageOfPage\":{\"@id\":\"https:\/\/www.od.dk\/?page_id=1160#primaryimage\"},\"image\":{\"@id\":\"https:\/\/www.od.dk\/?page_id=1160#primaryimage\"},\"thumbnailUrl\":\"https:\/\/www.od.dk\/wp-content\/uploads\/2023\/06\/IMG_2921-768x1024.jpg\",\"datePublished\":\"2023-06-01T11:14:31+00:00\",\"dateModified\":\"2023-06-12T10:12:46+00:00\",\"breadcrumb\":{\"@id\":\"https:\/\/www.od.dk\/?page_id=1160#breadcrumb\"},\"inLanguage\":\"da-DK\",\"potentialAction\":[{\"@type\":\"ReadAction\",\"target\":[\"https:\/\/www.od.dk\/?page_id=1160\"]}]},{\"@type\":\"ImageObject\",\"inLanguage\":\"da-DK\",\"@id\":\"https:\/\/www.od.dk\/?page_id=1160#primaryimage\",\"url\":\"https:\/\/www.od.dk\/wp-content\/uploads\/2023\/06\/IMG_2921-768x1024.jpg\",\"contentUrl\":\"https:\/\/www.od.dk\/wp-content\/uploads\/2023\/06\/IMG_2921-768x1024.jpg\"},{\"@type\":\"BreadcrumbList\",\"@id\":\"https:\/\/www.od.dk\/?page_id=1160#breadcrumb\",\"itemListElement\":[{\"@type\":\"ListItem\",\"position\":1,\"name\":\"Forside\",\"item\":\"https:\/\/www.od.dk\/\"},{\"@type\":\"ListItem\",\"position\":2,\"name\":\"Om Operation Dagsv\u00e6rk\",\"item\":\"https:\/\/www.od.dk\/?page_id=653\"},{\"@type\":\"ListItem\",\"position\":3,\"name\":\"M\u00f8d OD\u2019s unge\"}]},{\"@type\":\"WebSite\",\"@id\":\"https:\/\/www.od.dk\/#website\",\"url\":\"https:\/\/www.od.dk\/\",\"name\":\"Operation Dagsv\u00e6rk\",\"description\":\"Oplysning, stillingtagen, handling\",\"alternateName\":\"OD\",\"potentialAction\":[{\"@type\":\"SearchAction\",\"target\":{\"@type\":\"EntryPoint\",\"urlTemplate\":\"https:\/\/www.od.dk\/?s={search_term_string}\"},\"query-input\":\"required name=search_term_string\"}],\"inLanguage\":\"da-DK\"}]}<\/script>\n<!-- \/ Yoast SEO plugin. -->","yoast_head_json":{"title":"M\u00f8d OD\u2019s unge - Operation Dagsv\u00e6rk","robots":{"index":"index","follow":"follow","max-snippet":"max-snippet:-1","max-image-preview":"max-image-preview:large","max-video-preview":"max-video-preview:-1"},"canonical":"https:\/\/www.od.dk\/?page_id=1160","og_locale":"da_DK","og_type":"article","og_title":"M\u00f8d OD\u2019s unge - Operation Dagsv\u00e6rk","og_description":"Operation Dagsv\u00e6rk er af unge, med unge og for unge. Unge er drivkraften i alt, hvad vi g\u00f8r, og de st\u00e5r bag alle vores store beslutninger.&nbsp; Her kan du m\u00f8de nogle af de unge, som &hellip;","og_url":"https:\/\/www.od.dk\/?page_id=1160","og_site_name":"Operation Dagsv\u00e6rk","article_modified_time":"2023-06-12T10:12:46+00:00","og_image":[{"url":"https:\/\/www.od.dk\/wp-content\/uploads\/2023\/06\/IMG_2921-768x1024.jpg"}],"twitter_card":"summary_large_image","twitter_misc":{"Estimeret l\u00e6setid":"11 minutter"},"schema":{"@context":"https:\/\/schema.org","@graph":[{"@type":"WebPage","@id":"https:\/\/www.od.dk\/?page_id=1160","url":"https:\/\/www.od.dk\/?page_id=1160","name":"M\u00f8d OD\u2019s unge - Operation Dagsv\u00e6rk","isPartOf":{"@id":"https:\/\/www.od.dk\/#website"},"primaryImageOfPage":{"@id":"https:\/\/www.od.dk\/?page_id=1160#primaryimage"},"image":{"@id":"https:\/\/www.od.dk\/?page_id=1160#primaryimage"},"thumbnailUrl":"https:\/\/www.od.dk\/wp-content\/uploads\/2023\/06\/IMG_2921-768x1024.jpg","datePublished":"2023-06-01T11:14:31+00:00","dateModified":"2023-06-12T10:12:46+00:00","breadcrumb":{"@id":"https:\/\/www.od.dk\/?page_id=1160#breadcrumb"},"inLanguage":"da-DK","potentialAction":[{"@type":"ReadAction","target":["https:\/\/www.od.dk\/?page_id=1160"]}]},{"@type":"ImageObject","inLanguage":"da-DK","@id":"https:\/\/www.od.dk\/?page_id=1160#primaryimage","url":"https:\/\/www.od.dk\/wp-content\/uploads\/2023\/06\/IMG_2921-768x1024.jpg","contentUrl":"https:\/\/www.od.dk\/wp-content\/uploads\/2023\/06\/IMG_2921-768x1024.jpg"},{"@type":"BreadcrumbList","@id":"https:\/\/www.od.dk\/?page_id=1160#breadcrumb","itemListElement":[{"@type":"ListItem","position":1,"name":"Forside","item":"https:\/\/www.od.dk\/"},{"@type":"ListItem","position":2,"name":"Om Operation Dagsv\u00e6rk","item":"https:\/\/www.od.dk\/?page_id=653"},{"@type":"ListItem","position":3,"name":"M\u00f8d OD\u2019s unge"}]},{"@type":"WebSite","@id":"https:\/\/www.od.dk\/#website","url":"https:\/\/www.od.dk\/","name":"Operation Dagsv\u00e6rk","description":"Oplysning, stillingtagen, handling","alternateName":"OD","potentialAction":[{"@type":"SearchAction","target":{"@type":"EntryPoint","urlTemplate":"https:\/\/www.od.dk\/?s={search_term_string}"},"query-input":"required name=search_term_string"}],"inLanguage":"da-DK"}]}},"_links":{"self":[{"href":"https:\/\/www.od.dk\/index.php?rest_route=\/wp\/v2\/pages\/1160"}],"collection":[{"href":"https:\/\/www.od.dk\/index.php?rest_route=\/wp\/v2\/pages"}],"about":[{"href":"https:\/\/www.od.dk\/index.php?rest_route=\/wp\/v2\/types\/page"}],"author":[{"embeddable":true,"href":"https:\/\/www.od.dk\/index.php?rest_route=\/wp\/v2\/users\/4"}],"replies":[{"embeddable":true,"href":"https:\/\/www.od.dk\/index.php?rest_route=%2Fwp%2Fv2%2Fcomments&post=1160"}],"version-history":[{"count":17,"href":"https:\/\/www.od.dk\/index.php?rest_route=\/wp\/v2\/pages\/1160\/revisions"}],"predecessor-version":[{"id":1205,"href":"https:\/\/www.od.dk\/index.php?rest_route=\/wp\/v2\/pages\/1160\/revisions\/1205"}],"up":[{"embeddable":true,"href":"https:\/\/www.od.dk\/index.php?rest_route=\/wp\/v2\/pages\/653"}],"wp:attachment":[{"href":"https:\/\/www.od.dk\/index.php?rest_route=%2Fwp%2Fv2%2Fmedia&parent=1160"}],"curies":[{"name":"wp","href":"https:\/\/api.w.org\/{rel}","templated":true}]}}