{"id":1567,"date":"2024-05-10T09:24:18","date_gmt":"2024-05-10T09:24:18","guid":{"rendered":"https:\/\/www.od.dk\/?page_id=1567"},"modified":"2026-04-23T16:10:10","modified_gmt":"2026-04-23T14:10:10","slug":"bliv-kampagnefrivillig-paa-vores-sekretariat","status":"publish","type":"page","link":"https:\/\/www.od.dk\/?page_id=1567","title":{"rendered":"Skal du v\u00e6re kampagnefrivillig i Operation Dagsv\u00e6rk i 2026?"},"content":{"rendered":"\n<p><\/p>\n\n\n\n<p><strong><em>Deltag i vores uforpligtende infom\u00f8de online eller p\u00e5 Studiestr\u00e6de 24, 3. tv. d. 20. maj kl. 17-19. Tilmeld dig m\u00f8det her:<\/em><\/strong> <a href=\"https:\/\/meet.google.com\/ptk-kmsq-ddk\">https:\/\/forms.gle\/DqyGZRVicp6m7YZN7<\/a><\/p>\n\n\n\n<p><strong>Vi leder efter dig, der lige nu er klar til at kaste dig ud i vigtigt solidaritetsarbejde med andre unge ude i verden. Dig der har mod p\u00e5 den vildeste personlige udvikling i et inspirerende f\u00e6llesskab med andre unge.&nbsp;<\/strong><\/p>\n\n\n\n<p><strong>Hvad er Operation Dagsv\u00e6rk?<\/strong><\/p>\n\n\n\n<p>Operation Dagsv\u00e6rk er Danmarks elevbev\u00e6gelse for global solidaritet. Hvert \u00e5r v\u00e6lger elever p\u00e5 tv\u00e6rs af Danmark et globalt samarbejde og et solidaritetsprojekt. Det har altid fokus p\u00e5 unge og uddannelse. I den forbindelse udvikles der en kampagne, som skaber viden, solidaritet og handling blandt elever i hele Danmark. Elever der i sidste ende donerer en dag af deres uddannelse for at arbejde p\u00e5 Dagsv\u00e6rksdagen, s\u00e5 der samles penge ind i solidaritet med de unge i det valgte projekt.&nbsp;<\/p>\n\n\n\n<figure class=\"wp-block-embed is-type-video is-provider-youtube wp-block-embed-youtube wp-embed-aspect-16-9 wp-has-aspect-ratio\"><div class=\"wp-block-embed__wrapper\">\n<iframe loading=\"lazy\" title=\"Bliv kampagnefrivillig i Operation Dagsv\u00e6rk\" width=\"1140\" height=\"641\" src=\"https:\/\/www.youtube.com\/embed\/F__NLT5PnjY?feature=oembed\" frameborder=\"0\" allow=\"accelerometer; autoplay; clipboard-write; encrypted-media; gyroscope; picture-in-picture; web-share\" referrerpolicy=\"strict-origin-when-cross-origin\" allowfullscreen><\/iframe>\n<\/div><\/figure>\n\n\n\n<p><strong>V\u00e6r med p\u00e5 holdet, n\u00e5r vi skal udvikle Operation Dagsv\u00e6rks kampagne 2026 sammen med unge aktivister i Tyrkiet!<\/strong><\/p>\n\n\n\n<p>Elever p\u00e5 danske gymnasier og efterskoler har valgt at s\u00e6tte fokus p\u00e5 kvindedrab i Tyrkiet i \u00e5rets kampagne. I \u00e5rets projekt arbejder vi sammen med den danske organisation Center for Voldsforebyggelse og den tyrkiske bev\u00e6gelse &#8220;We Will Stop Femicide Platform&#8221;. Du kan l\u00e6se mere om projektet her: <a href=\"https:\/\/www.od.dk\/?page_id=1870\">Stop kvindedrab i Tyrkiet<\/a>. Det er netop denne kampagne, som du f\u00e5r muligheden for, at v\u00e6re med til at skabe i samarbejde med unge frivillige i Tyrkiet, og tage del i at udbrede til Danmarks unge i efter\u00e5ret 2026. <\/p>\n\n\n\n<p>I Operation Dagsv\u00e6rk er der plads til alle. Vi leder efter engagerede mennesker, som g\u00e5r op i global solidaritet og \u00f8nsker at bidrage med det du kan og l\u00e6re en masse nyt. Her f\u00e5r du en helt speciel mulighed for at arbejde med OD\u2019s brede bev\u00e6gelse og store netv\u00e6rk i ryggen. At v\u00e6re frivillig med os er for dig, der \u00f8nsker at udtrykke dig kreativt eller kunstnerisk, dele dine budskaber p\u00e5 en stor platform, arrangere solidaritetsarragementer, f\u00e5 konkrete skills i videoproduktion, grafisk arbejde eller kommunikation og mobilisering, l\u00e6re om organiseringsarbejde og meget meget mere.&nbsp;<\/p>\n\n\n\n<p>Som kampagnefrivillig er du en afg\u00f8rende del af et intenst kampagne\u00e5r, hvor du l\u00f8bende vil kunne se konkrete resultater, reel handling og forandring. Vi arbejder dekolonialt og samskabende og g\u00f8r op med klassiske troper, der hersker i udviklingsarbejde; vi l\u00e6rer af de unge, vi arbejder sammen med i \u00e5rets projektland og st\u00e5r i solidaritet med dem i kampagnen for deres rettigheder! Sammen med dem vil du tage del i at skabe en meningsfuld kampagne, hvor deres stemmer skal udbredes til hele Danmark og mobilisere OD\u2019s elevbev\u00e6gelse til at arbejde i solidaritet med de unges rettigheder p\u00e5 Dagsv\u00e6rkdagen i november.&nbsp;<\/p>\n\n\n\n<blockquote class=\"wp-block-quote has-text-align-center is-layout-flow wp-block-quote-is-layout-flow\">\n<p class=\"has-text-align-center\"><em><strong>&#8220;Jeg brugte mit OD-halv\u00e5r som en slags gratis h\u00f8jskole. Jeg har l\u00e6rt vildt meget og f\u00e5et nogle fantastiske venner&#8221;<\/strong><\/em><\/p>\n<cite>Villads, 21 \u00e5r og tidligere kampagnefrivillig<\/cite><\/blockquote>\n\n\n\n<div class=\"faktaboks\">\n  <div class=\"color-box\"><\/div>\n  <h3><b>Hvorn\u00e5r kan jeg blive kampagnefrivillig?<\/b><\/h3>\n<p><span style=\"font-weight: 400;\">Vi s\u00f8ger engagerede personer, der kan dedikere sig til at v\u00e6re frivillig hos os hele kampagne\u00e5ret 2026. Vi ved af erfaring fra tidligere frivillige, at det giver allerbedst mening, at v\u00e6re med i kampagnen fra start til slut, da du p\u00e5 den m\u00e5de b\u00e5de kan v\u00e6re med til skabelsen af kampagnen i for\u00e5ret og udbredelsen af kampagnen op mod kulminationen p\u00e5 Dagsv\u00e6rkdagen i efter\u00e5ret.<\/span><\/p>\n<p><span style=\"font-weight: 400;\">Hvis ikke du kan v\u00e6re frivillig i et helt \u00e5r, kan du ogs\u00e5 s\u00f8ge for et halvt \u00e5r, enten for\u00e5r eller efter\u00e5r. Som frivillig arbejder du p\u00e5 sekretariatet 20 timer om ugen, fordelt p\u00e5 dage, som du aftaler med resten af kampagneholdet. Som frivillig i et helt \u00e5r arbejder du med kampagnen i 9 m\u00e5neder. Som frivillig i et halvt \u00e5r arbejder du med kampagnen i 4-5 m\u00e5neder.<\/span><\/p>\n<p><b>Her kan du se, hvad der sker i l\u00f8bet af \u00e5ret i arbejdet med kampagnen:<\/b><\/p>\n<p><em><span style=\"font-weight: 400;\">For\u00e5r (2\/2 &#8211; 26\/6)<\/span><\/em><\/p>\n<ul>\n<li style=\"font-weight: 400;\" aria-level=\"1\"><span style=\"font-weight: 400;\">Opstart af kampagnen og samarbejde med de unge i projektlandet.\u00a0<\/span><\/li>\n<li style=\"font-weight: 400;\" aria-level=\"1\"><span style=\"font-weight: 400;\">Storm\u00f8de i OD, som er her, hvor alle de afg\u00f8rende beslutninger for bev\u00e6gelsen tr\u00e6ffes af elever fra hele landet.\u00a0<\/span><\/li>\n<li style=\"font-weight: 400;\" aria-level=\"1\"><span style=\"font-weight: 400;\">Researchrejse (3-4 uger) til Tyrkiet, hvor vi m\u00f8der de unge, der er med i kampagnen og starter udviklingen af kampagnen sammen.<\/span><\/li>\n<li style=\"font-weight: 400;\" aria-level=\"1\"><span style=\"font-weight: 400;\">Udvikling af kampagnematerialer: plakater, videoer, stickers og meget mere<\/span><\/li>\n<li style=\"font-weight: 400;\" aria-level=\"1\"><span style=\"font-weight: 400;\">Samarbejde med Dagsv\u00e6rkgrupper rundt omkring i landet om arbejdet med \u00e5rets kampagne: afholdelse af workshop, mobiliseringsaktiviteter og oplysningsevents.<\/span><\/li>\n<li style=\"font-weight: 400;\" aria-level=\"1\"><span style=\"font-weight: 400;\">Forberedelse af og deltagelse i st\u00f8rre arrangementer som Folkem\u00f8det og Roskilde Festival.<\/span><\/li>\n<\/ul>\n<p><em><span style=\"font-weight: 400;\">Efter\u00e5r (4\/8 &#8211; 11\/12)<\/span><\/em><\/p>\n<ul>\n<li style=\"font-weight: 400;\" aria-level=\"1\"><span style=\"font-weight: 400;\">Introforl\u00f8b i august hvor for\u00e5rets frivillige overleverer kampagnearbejdet og vi forbereder os p\u00e5 rejsen.<\/span><\/li>\n<li aria-level=\"1\">Researchrejse (1-2 uger) til Tyrkiet, hvor I l\u00e6rer de unge i den lokale organisation bedre at kende og forts\u00e6tter samarbejdet om kampagnen.<\/li>\n<li style=\"font-weight: 400;\" aria-level=\"1\"><span style=\"font-weight: 400;\">L\u00f8bende samarbejde med de unge i Tyrkiet.\u00a0<\/span><\/li>\n<li style=\"font-weight: 400;\" aria-level=\"1\"><span style=\"font-weight: 400;\">Udvikling af kampagneaktiviteter; f\u00e6llestimeopl\u00e6g, workshops og oplysningsarrangementer p\u00e5 skoler og andre steder.<\/span><\/li>\n<li style=\"font-weight: 400;\" aria-level=\"1\"><span style=\"font-weight: 400;\">St\u00f8ttearrangementer og solidaritetsevents med mulighed for at tr\u00e6kke p\u00e5 vores store netv\u00e6rk af andre organisationer og aktivister<\/span><\/li>\n<li style=\"font-weight: 400;\" aria-level=\"1\"><span style=\"font-weight: 400;\">F\u00e6llestimeturn\u00e9, hvor I rejser rundt i landet og oplyser om \u00e5rets kampagne.<\/span><\/li>\n<li style=\"font-weight: 400;\" aria-level=\"1\"><span style=\"font-weight: 400;\">Bes\u00f8g fra de unge i projektlandet, som skal rejse med rundt og holde opl\u00e6g.\u00a0<\/span><\/li>\n<li style=\"font-weight: 400;\" aria-level=\"1\"><span style=\"font-weight: 400;\">Samarbejde med Dagsv\u00e6rkgrupper om deres kampagnearbejde p\u00e5 skolerne.<\/span><\/li>\n<li style=\"font-weight: 400;\" aria-level=\"1\"><span style=\"font-weight: 400;\">Mobilisering til og afholdelse af \u00e5rets Dagsv\u00e6rkdag.<\/span><\/li>\n<li style=\"font-weight: 400;\" aria-level=\"1\"><span style=\"font-weight: 400;\">Afrunding af \u00e5rets kampagne og opstart af det videre arbejde med projektet i Tyrkiet.<\/span><\/li>\n<\/ul>\n<\/div>\n\n\n<div class=\"wp-block-image\">\n<figure class=\"aligncenter size-large is-resized\"><img loading=\"lazy\" decoding=\"async\" width=\"1024\" height=\"679\" src=\"http:\/\/www.od.dk\/wp-content\/uploads\/2025\/11\/009351130012_12-1024x679.jpeg\" alt=\"\" class=\"wp-image-1960\" style=\"width:517px;height:auto\" srcset=\"https:\/\/www.od.dk\/wp-content\/uploads\/2025\/11\/009351130012_12-1024x679.jpeg 1024w, https:\/\/www.od.dk\/wp-content\/uploads\/2025\/11\/009351130012_12-300x199.jpeg 300w, https:\/\/www.od.dk\/wp-content\/uploads\/2025\/11\/009351130012_12-768x509.jpeg 768w, https:\/\/www.od.dk\/wp-content\/uploads\/2025\/11\/009351130012_12-1536x1019.jpeg 1536w, https:\/\/www.od.dk\/wp-content\/uploads\/2025\/11\/009351130012_12-2048x1358.jpeg 2048w\" sizes=\"(max-width: 1024px) 100vw, 1024px\" \/><\/figure><\/div>\n\n\n<div class=\"wp-block-group\"><div class=\"wp-block-group__inner-container is-layout-constrained wp-block-group-is-layout-constrained\">\n<div class=\"faktaboks\">\n  <div class=\"color-box\"><\/div>\n  <h3><b>Hvem kan blive frivillig?<\/b><\/h3>\n<p><span style=\"font-weight: 400;\">At v\u00e6re kampagnefrivillig hos os er for dig, som\u2026<\/span><\/p>\n<ul>\n<li style=\"font-weight: 400;\" aria-level=\"1\"><span style=\"font-weight: 400;\">\u2026br\u00e6nder for solidaritetsarbejde, elevdemokrati og aktivisme.\u00a0<\/span><\/li>\n<li style=\"font-weight: 400;\" aria-level=\"1\"><span style=\"font-weight: 400;\">\u2026er nysgerrig p\u00e5 dekoloniale samarbejdsprocesser og tv\u00e6rkulturel samskabelse.\u00a0<\/span><\/li>\n<li style=\"font-weight: 400;\" aria-level=\"1\"><span style=\"font-weight: 400;\">\u2026gerne vil l\u00e6re en masse om kampagne- og bev\u00e6gelsesarbejde og tage din erfaring med dig videre ud i livet.\u00a0<\/span><\/li>\n<li style=\"font-weight: 400;\" aria-level=\"1\"><span style=\"font-weight: 400;\">\u2026er en s\u00f8d og rar medfrivillig, som kan indg\u00e5 i et varmt og engageret f\u00e6llesskab af elever p\u00e5 landets skoler og i vores bestyrelse, ansatte p\u00e5 sekretariatet og de andre frivillige.\u00a0<\/span><\/li>\n<li style=\"font-weight: 400;\" aria-level=\"1\"><span style=\"font-weight: 400;\">\u2026kan dedikere dig til intensivt frivilligt arbejde og er fleksibel til at arbejde om aftenen og i weekenden, n\u00e5r det bliver n\u00f8dvendigt.\u00a0<\/span><\/li>\n<li style=\"font-weight: 400;\" aria-level=\"1\"><span style=\"font-weight: 400;\">\u2026er mellem 17-25 \u00e5r.<\/span><\/li>\n<li aria-level=\"1\">&#8230; for at du kan blive frivillig skal du melde dig ind i Operation Dagsv\u00e6rk. Det koster ned til 30 kr. om m\u00e5neden eller 200 kr. om \u00e5ret. Det er bl.a. vores medlemskaber, som betyder, at vi kan forts\u00e6tte vores arbejde \ud83d\ude42<\/li>\n<\/ul>\n<\/div>\n<\/div><\/div>\n\n\n\n<blockquote class=\"wp-block-quote has-text-align-center is-layout-flow wp-block-quote-is-layout-flow\">\n<p class=\"has-text-align-center\"><strong><em>&#8220;At v\u00e6re frivillig i OD har bragt mig i \u00f8jenh\u00f8jde med en kultur, en verden og nogle mennesker p\u00e5 en m\u00e5de, jeg ikke ville kunne have oplevet andre steder&#8221;<\/em><\/strong><\/p>\n<cite>Adam, 21 \u00e5r og tidligere kampagnefrivillig<\/cite><\/blockquote>\n\n\n\n<div class=\"faktaboks\">\n  <div class=\"color-box\"><\/div>\n  <h3><b>Hvad f\u00e5r du ud af at v\u00e6re frivillig?<\/b><\/h3>\n<ul>\n<li><span style=\"font-weight: 400;\">F\u00f8rst og fremmest: Mulighed for at arbejde for og engagere andre unge i en vigtig sag.\u00a0<\/span><\/li>\n<li><span style=\"font-weight: 400;\">Grundig erfaring med kampagnearbejde, og hvad det vil sige at skabe og udbrede en kampagne i samarbejde med de unge i \u00e5rets projektland.\u00a0<\/span><\/li>\n<li><span style=\"font-weight: 400;\">St\u00e6rke relationer og f\u00e6llesskab med de lokale unge i projektlandet, med de andre kampagnefrivillige og p\u00e5 tv\u00e6rs af bev\u00e6gelsen.\u00a0<\/span><\/li>\n<li style=\"font-weight: 400;\" aria-level=\"1\"><span style=\"font-weight: 400;\">En stor platform og et st\u00e6rkt netv\u00e6rk i ryggen, n\u00e5r du skal v\u00e6re med til at udbrede \u00e5rets kampagne til elever i hele landet, men ogs\u00e5 andre bl.a. gennem st\u00f8rre solidaritetsarrangementer.\u00a0<\/span><\/li>\n<li style=\"font-weight: 400;\" aria-level=\"1\"><span style=\"font-weight: 400;\">Skills indenfor produktion af kampagnematerialer som plakater, klisterm\u00e6rker, kampagnevideoer og andet relevant materiale, som I skal finde p\u00e5 i frivilliggruppen.<\/span><\/li>\n<li style=\"font-weight: 400;\" aria-level=\"1\"><span style=\"font-weight: 400;\">L\u00f8bende tilbud om workshops med vores netv\u00e6rk af professionelle og erfarne aktivister i arbejdet med udviklingen af kampagnen.<\/span><\/li>\n<li style=\"font-weight: 400;\" aria-level=\"1\"><span style=\"font-weight: 400;\">Erfaring med at skabe en st\u00e6rk oplysningskampagne, som bl.a. indeb\u00e6rer at afholde workshops, opl\u00e6g og udvikle oplysningsmateriale som f.eks. undervisningsmateriale.\u00a0<\/span><\/li>\n<li style=\"font-weight: 400;\" aria-level=\"1\"><span style=\"font-weight: 400;\">Tr\u00e6ning i formidling og kommunikation &#8211; b\u00e5de p\u00e5 sociale medier, men ogs\u00e5 n\u00e5r du skal fort\u00e6lle om \u00e5rets kampagne foran flere hundrede elever.\u00a0<\/span><\/li>\n<li style=\"font-weight: 400;\" aria-level=\"1\"><span style=\"font-weight: 400;\">Erfaring med organisering og mobilisering til Danmarks eneste globale elevbev\u00e6gelse.\u00a0<\/span><\/li>\n<li style=\"font-weight: 400;\" aria-level=\"1\"><span style=\"font-weight: 400;\">En oplevelse og et f\u00e6llesskab, der vil blive med dig resten af dit liv &lt;3<\/span><\/li>\n<\/ul>\n<\/div>\n\n\n\n<p><strong>S\u00e5dan ans\u00f8ger du:<\/strong><\/p>\n\n\n\n<ul>\n<li>Deadline for ans\u00f8gninger som hel\u00e5rsfrivillig og halv\u00e5rsfrivillig (efter\u00e5r) 2026 er 3. juni 2026.<\/li>\n\n\n\n<li>Skriv en motiveret ans\u00f8gning, hvor du fort\u00e6ller lidt om dig selv, og hvorfor du gerne vil v\u00e6re frivillig (maks. 1\/2 side) og send den til <a href=\"mailto:kampagneleder@od.dk\">kampagneleder@od.dk<\/a>.<\/li>\n\n\n\n<li>Kom til uforpligtende infom\u00f8de fysisk eller online d. 20\/5 kl. 17-19. Tilmeld dig infom\u00f8det her: <a href=\"https:\/\/meet.google.com\/ptk-kmsq-ddk\">https:\/\/forms.gle\/DqyGZRVicp6m7YZN7<\/a><\/li>\n\n\n\n<li>Hvis du vil h\u00f8re mere, er du meget velkommen til at kontakte vores kampagneleder Mia og h\u00f8re om muligheden for at f\u00e5 det mest sp\u00e6ndende hele eller halve \u00e5r i dit liv. Hun st\u00e5r ogs\u00e5 klar, hvis du har sp\u00f8rgsm\u00e5l p\u00e5 tlf.: 71 79 09 28 eller <a href=\"mailto:kampagneleder@od.dk\">kampagneleder@od.dk<\/a>.<\/li>\n<\/ul>\n\n\n\n<blockquote class=\"wp-block-quote has-text-align-center is-layout-flow wp-block-quote-is-layout-flow\">\n<blockquote class=\"wp-block-quote is-layout-flow wp-block-quote-is-layout-flow\">\n<p><\/p>\n\n\n\n<p><strong><em>&#8220;Som kampagnefrivillig har jeg kunnet skabe venskaber p\u00e5 tv\u00e6rs af landegr\u00e6nser gennem ligheder og forskelligheder&#8221;<\/em><\/strong><\/p>\n<cite>Karla, 19 \u00e5r og tidligere kampagnefrivillig<\/cite><\/blockquote>\n\n\n\n<p><\/p>\n\n\n\n<figure class=\"wp-block-gallery has-nested-images columns-default is-cropped wp-block-gallery-1 is-layout-flex wp-block-gallery-is-layout-flex\">\n<figure class=\"wp-block-image size-large\"><img loading=\"lazy\" decoding=\"async\" width=\"1024\" height=\"576\" src=\"https:\/\/www.od.dk\/wp-content\/uploads\/2025\/11\/DSC4992-1024x576.jpeg\" alt=\"\" class=\"wp-image-1956\" srcset=\"https:\/\/www.od.dk\/wp-content\/uploads\/2025\/11\/DSC4992-1024x576.jpeg 1024w, https:\/\/www.od.dk\/wp-content\/uploads\/2025\/11\/DSC4992-300x169.jpeg 300w, https:\/\/www.od.dk\/wp-content\/uploads\/2025\/11\/DSC4992-768x432.jpeg 768w, https:\/\/www.od.dk\/wp-content\/uploads\/2025\/11\/DSC4992-1536x864.jpeg 1536w, https:\/\/www.od.dk\/wp-content\/uploads\/2025\/11\/DSC4992-2048x1152.jpeg 2048w\" sizes=\"(max-width: 1024px) 100vw, 1024px\" \/><\/figure>\n\n\n\n<figure class=\"wp-block-image size-large\"><img loading=\"lazy\" decoding=\"async\" width=\"1024\" height=\"576\" src=\"https:\/\/www.od.dk\/wp-content\/uploads\/2025\/11\/DSC4883-1024x576.jpeg\" alt=\"\" class=\"wp-image-1958\" srcset=\"https:\/\/www.od.dk\/wp-content\/uploads\/2025\/11\/DSC4883-1024x576.jpeg 1024w, https:\/\/www.od.dk\/wp-content\/uploads\/2025\/11\/DSC4883-300x169.jpeg 300w, https:\/\/www.od.dk\/wp-content\/uploads\/2025\/11\/DSC4883-768x432.jpeg 768w, https:\/\/www.od.dk\/wp-content\/uploads\/2025\/11\/DSC4883-1536x864.jpeg 1536w, https:\/\/www.od.dk\/wp-content\/uploads\/2025\/11\/DSC4883-2048x1152.jpeg 2048w\" sizes=\"(max-width: 1024px) 100vw, 1024px\" \/><\/figure>\n\n\n\n<figure class=\"wp-block-image size-large\"><img loading=\"lazy\" decoding=\"async\" width=\"1024\" height=\"576\" src=\"https:\/\/www.od.dk\/wp-content\/uploads\/2025\/11\/DSC4851-1024x576.jpeg\" alt=\"\" class=\"wp-image-1957\" srcset=\"https:\/\/www.od.dk\/wp-content\/uploads\/2025\/11\/DSC4851-1024x576.jpeg 1024w, https:\/\/www.od.dk\/wp-content\/uploads\/2025\/11\/DSC4851-300x169.jpeg 300w, https:\/\/www.od.dk\/wp-content\/uploads\/2025\/11\/DSC4851-768x432.jpeg 768w, https:\/\/www.od.dk\/wp-content\/uploads\/2025\/11\/DSC4851-1536x864.jpeg 1536w, https:\/\/www.od.dk\/wp-content\/uploads\/2025\/11\/DSC4851-2048x1152.jpeg 2048w\" sizes=\"(max-width: 1024px) 100vw, 1024px\" \/><\/figure>\n\n\n\n<figure class=\"wp-block-image size-large\"><img loading=\"lazy\" decoding=\"async\" width=\"1024\" height=\"576\" src=\"https:\/\/www.od.dk\/wp-content\/uploads\/2025\/11\/DSC4744-1024x576.jpeg\" alt=\"\" class=\"wp-image-1959\" srcset=\"https:\/\/www.od.dk\/wp-content\/uploads\/2025\/11\/DSC4744-1024x576.jpeg 1024w, https:\/\/www.od.dk\/wp-content\/uploads\/2025\/11\/DSC4744-300x169.jpeg 300w, https:\/\/www.od.dk\/wp-content\/uploads\/2025\/11\/DSC4744-768x432.jpeg 768w, https:\/\/www.od.dk\/wp-content\/uploads\/2025\/11\/DSC4744-1536x864.jpeg 1536w, https:\/\/www.od.dk\/wp-content\/uploads\/2025\/11\/DSC4744-2048x1152.jpeg 2048w\" sizes=\"(max-width: 1024px) 100vw, 1024px\" \/><\/figure>\n\n\n\n<figure class=\"wp-block-image size-large\"><img loading=\"lazy\" decoding=\"async\" width=\"1024\" height=\"576\" src=\"https:\/\/www.od.dk\/wp-content\/uploads\/2025\/11\/DSC5147-1024x576.jpeg\" alt=\"\" class=\"wp-image-1963\" srcset=\"https:\/\/www.od.dk\/wp-content\/uploads\/2025\/11\/DSC5147-1024x576.jpeg 1024w, https:\/\/www.od.dk\/wp-content\/uploads\/2025\/11\/DSC5147-300x169.jpeg 300w, https:\/\/www.od.dk\/wp-content\/uploads\/2025\/11\/DSC5147-768x432.jpeg 768w, https:\/\/www.od.dk\/wp-content\/uploads\/2025\/11\/DSC5147-1536x864.jpeg 1536w, https:\/\/www.od.dk\/wp-content\/uploads\/2025\/11\/DSC5147-2048x1152.jpeg 2048w\" sizes=\"(max-width: 1024px) 100vw, 1024px\" \/><\/figure>\n\n\n\n<figure class=\"wp-block-image size-large\"><img loading=\"lazy\" decoding=\"async\" width=\"1024\" height=\"768\" src=\"https:\/\/www.od.dk\/wp-content\/uploads\/2025\/11\/WhatsApp-Image-2025-11-20-at-14-31-23-1-1024x768.jpeg\" alt=\"\" class=\"wp-image-1955\" srcset=\"https:\/\/www.od.dk\/wp-content\/uploads\/2025\/11\/WhatsApp-Image-2025-11-20-at-14-31-23-1-1024x768.jpeg 1024w, https:\/\/www.od.dk\/wp-content\/uploads\/2025\/11\/WhatsApp-Image-2025-11-20-at-14-31-23-1-300x225.jpeg 300w, https:\/\/www.od.dk\/wp-content\/uploads\/2025\/11\/WhatsApp-Image-2025-11-20-at-14-31-23-1-768x576.jpeg 768w, https:\/\/www.od.dk\/wp-content\/uploads\/2025\/11\/WhatsApp-Image-2025-11-20-at-14-31-23-1-1536x1152.jpeg 1536w, https:\/\/www.od.dk\/wp-content\/uploads\/2025\/11\/WhatsApp-Image-2025-11-20-at-14-31-23-1.jpeg 1600w\" sizes=\"(max-width: 1024px) 100vw, 1024px\" \/><\/figure>\n\n\n\n<figure class=\"wp-block-image size-large\"><img loading=\"lazy\" decoding=\"async\" width=\"768\" height=\"1024\" src=\"https:\/\/www.od.dk\/wp-content\/uploads\/2025\/11\/WhatsApp-Image-2025-11-20-at-14-31-23-768x1024.jpeg\" alt=\"\" class=\"wp-image-1961\" srcset=\"https:\/\/www.od.dk\/wp-content\/uploads\/2025\/11\/WhatsApp-Image-2025-11-20-at-14-31-23-768x1024.jpeg 768w, https:\/\/www.od.dk\/wp-content\/uploads\/2025\/11\/WhatsApp-Image-2025-11-20-at-14-31-23-225x300.jpeg 225w, https:\/\/www.od.dk\/wp-content\/uploads\/2025\/11\/WhatsApp-Image-2025-11-20-at-14-31-23-1152x1536.jpeg 1152w, https:\/\/www.od.dk\/wp-content\/uploads\/2025\/11\/WhatsApp-Image-2025-11-20-at-14-31-23.jpeg 1200w\" sizes=\"(max-width: 768px) 100vw, 768px\" \/><\/figure>\n\n\n\n<figure class=\"wp-block-image size-large\"><img loading=\"lazy\" decoding=\"async\" width=\"1024\" height=\"768\" src=\"https:\/\/www.od.dk\/wp-content\/uploads\/2025\/11\/WhatsApp-Image-2025-11-20-at-14-01-48-1024x768.jpeg\" alt=\"\" class=\"wp-image-1962\" srcset=\"https:\/\/www.od.dk\/wp-content\/uploads\/2025\/11\/WhatsApp-Image-2025-11-20-at-14-01-48-1024x768.jpeg 1024w, https:\/\/www.od.dk\/wp-content\/uploads\/2025\/11\/WhatsApp-Image-2025-11-20-at-14-01-48-300x225.jpeg 300w, https:\/\/www.od.dk\/wp-content\/uploads\/2025\/11\/WhatsApp-Image-2025-11-20-at-14-01-48-768x576.jpeg 768w, https:\/\/www.od.dk\/wp-content\/uploads\/2025\/11\/WhatsApp-Image-2025-11-20-at-14-01-48-1536x1152.jpeg 1536w, https:\/\/www.od.dk\/wp-content\/uploads\/2025\/11\/WhatsApp-Image-2025-11-20-at-14-01-48.jpeg 1600w\" sizes=\"(max-width: 1024px) 100vw, 1024px\" \/><\/figure>\n<\/figure>\n<\/blockquote>\n","protected":false},"excerpt":{"rendered":"<p>Deltag i vores uforpligtende infom\u00f8de online eller p\u00e5 Studiestr\u00e6de 24, 3. tv. d. 20. maj kl. 17-19. Tilmeld dig m\u00f8det her: https:\/\/forms.gle\/DqyGZRVicp6m7YZN7 Vi leder efter dig, der lige nu er klar til at kaste dig &hellip;<\/p>\n","protected":false},"author":15,"featured_media":1800,"parent":424,"menu_order":0,"comment_status":"closed","ping_status":"closed","template":"","meta":{"footnotes":""},"acf":[],"yoast_head":"<!-- This site is optimized with the Yoast SEO plugin v22.5 - https:\/\/yoast.com\/wordpress\/plugins\/seo\/ -->\n<title>Skal du v\u00e6re kampagnefrivillig i Operation Dagsv\u00e6rk i 2026? - Operation Dagsv\u00e6rk<\/title>\n<meta name=\"robots\" content=\"index, follow, max-snippet:-1, max-image-preview:large, max-video-preview:-1\" \/>\n<link rel=\"canonical\" href=\"https:\/\/www.od.dk\/?page_id=1567\" \/>\n<meta property=\"og:locale\" content=\"da_DK\" \/>\n<meta property=\"og:type\" content=\"article\" \/>\n<meta property=\"og:title\" content=\"Skal du v\u00e6re kampagnefrivillig i Operation Dagsv\u00e6rk i 2026? - Operation Dagsv\u00e6rk\" \/>\n<meta property=\"og:description\" content=\"Deltag i vores uforpligtende infom\u00f8de online eller p\u00e5 Studiestr\u00e6de 24, 3. tv. d. 20. maj kl. 17-19. Tilmeld dig m\u00f8det her: https:\/\/forms.gle\/DqyGZRVicp6m7YZN7 Vi leder efter dig, der lige nu er klar til at kaste dig &hellip;\" \/>\n<meta property=\"og:url\" content=\"https:\/\/www.od.dk\/?page_id=1567\" \/>\n<meta property=\"og:site_name\" content=\"Operation Dagsv\u00e6rk\" \/>\n<meta property=\"article:modified_time\" content=\"2026-04-23T14:10:10+00:00\" \/>\n<meta property=\"og:image\" content=\"http:\/\/www.od.dk\/wp-content\/uploads\/2025\/07\/OD-paa-tur002-e1751978979268.jpg\" \/>\n\t<meta property=\"og:image:width\" content=\"7941\" \/>\n\t<meta property=\"og:image:height\" content=\"3242\" \/>\n\t<meta property=\"og:image:type\" content=\"image\/jpeg\" \/>\n<meta name=\"twitter:card\" content=\"summary_large_image\" \/>\n<meta name=\"twitter:label1\" content=\"Estimeret l\u00e6setid\" \/>\n\t<meta name=\"twitter:data1\" content=\"4 minutter\" \/>\n<script type=\"application\/ld+json\" class=\"yoast-schema-graph\">{\"@context\":\"https:\/\/schema.org\",\"@graph\":[{\"@type\":\"WebPage\",\"@id\":\"https:\/\/www.od.dk\/?page_id=1567\",\"url\":\"https:\/\/www.od.dk\/?page_id=1567\",\"name\":\"Skal du v\u00e6re kampagnefrivillig i Operation Dagsv\u00e6rk i 2026? - Operation Dagsv\u00e6rk\",\"isPartOf\":{\"@id\":\"https:\/\/www.od.dk\/#website\"},\"primaryImageOfPage\":{\"@id\":\"https:\/\/www.od.dk\/?page_id=1567#primaryimage\"},\"image\":{\"@id\":\"https:\/\/www.od.dk\/?page_id=1567#primaryimage\"},\"thumbnailUrl\":\"https:\/\/www.od.dk\/wp-content\/uploads\/2025\/07\/OD-paa-tur002-e1751978979268.jpg\",\"datePublished\":\"2024-05-10T09:24:18+00:00\",\"dateModified\":\"2026-04-23T14:10:10+00:00\",\"breadcrumb\":{\"@id\":\"https:\/\/www.od.dk\/?page_id=1567#breadcrumb\"},\"inLanguage\":\"da-DK\",\"potentialAction\":[{\"@type\":\"ReadAction\",\"target\":[\"https:\/\/www.od.dk\/?page_id=1567\"]}]},{\"@type\":\"ImageObject\",\"inLanguage\":\"da-DK\",\"@id\":\"https:\/\/www.od.dk\/?page_id=1567#primaryimage\",\"url\":\"https:\/\/www.od.dk\/wp-content\/uploads\/2025\/07\/OD-paa-tur002-e1751978979268.jpg\",\"contentUrl\":\"https:\/\/www.od.dk\/wp-content\/uploads\/2025\/07\/OD-paa-tur002-e1751978979268.jpg\",\"width\":7941,\"height\":3242,\"caption\":\"OD Dreamtown Zimbabwe\"},{\"@type\":\"BreadcrumbList\",\"@id\":\"https:\/\/www.od.dk\/?page_id=1567#breadcrumb\",\"itemListElement\":[{\"@type\":\"ListItem\",\"position\":1,\"name\":\"Forside\",\"item\":\"https:\/\/www.od.dk\/\"},{\"@type\":\"ListItem\",\"position\":2,\"name\":\"V\u00e6r med i Operation Dagsv\u00e6rk\",\"item\":\"https:\/\/www.od.dk\/?page_id=424\"},{\"@type\":\"ListItem\",\"position\":3,\"name\":\"Skal du v\u00e6re kampagnefrivillig i Operation Dagsv\u00e6rk i 2026?\"}]},{\"@type\":\"WebSite\",\"@id\":\"https:\/\/www.od.dk\/#website\",\"url\":\"https:\/\/www.od.dk\/\",\"name\":\"Operation Dagsv\u00e6rk\",\"description\":\"Oplysning, stillingtagen, handling\",\"alternateName\":\"OD\",\"potentialAction\":[{\"@type\":\"SearchAction\",\"target\":{\"@type\":\"EntryPoint\",\"urlTemplate\":\"https:\/\/www.od.dk\/?s={search_term_string}\"},\"query-input\":\"required name=search_term_string\"}],\"inLanguage\":\"da-DK\"}]}<\/script>\n<!-- \/ Yoast SEO plugin. -->","yoast_head_json":{"title":"Skal du v\u00e6re kampagnefrivillig i Operation Dagsv\u00e6rk i 2026? - Operation Dagsv\u00e6rk","robots":{"index":"index","follow":"follow","max-snippet":"max-snippet:-1","max-image-preview":"max-image-preview:large","max-video-preview":"max-video-preview:-1"},"canonical":"https:\/\/www.od.dk\/?page_id=1567","og_locale":"da_DK","og_type":"article","og_title":"Skal du v\u00e6re kampagnefrivillig i Operation Dagsv\u00e6rk i 2026? - Operation Dagsv\u00e6rk","og_description":"Deltag i vores uforpligtende infom\u00f8de online eller p\u00e5 Studiestr\u00e6de 24, 3. tv. d. 20. maj kl. 17-19. Tilmeld dig m\u00f8det her: https:\/\/forms.gle\/DqyGZRVicp6m7YZN7 Vi leder efter dig, der lige nu er klar til at kaste dig &hellip;","og_url":"https:\/\/www.od.dk\/?page_id=1567","og_site_name":"Operation Dagsv\u00e6rk","article_modified_time":"2026-04-23T14:10:10+00:00","og_image":[{"width":7941,"height":3242,"url":"http:\/\/www.od.dk\/wp-content\/uploads\/2025\/07\/OD-paa-tur002-e1751978979268.jpg","type":"image\/jpeg"}],"twitter_card":"summary_large_image","twitter_misc":{"Estimeret l\u00e6setid":"4 minutter"},"schema":{"@context":"https:\/\/schema.org","@graph":[{"@type":"WebPage","@id":"https:\/\/www.od.dk\/?page_id=1567","url":"https:\/\/www.od.dk\/?page_id=1567","name":"Skal du v\u00e6re kampagnefrivillig i Operation Dagsv\u00e6rk i 2026? - Operation Dagsv\u00e6rk","isPartOf":{"@id":"https:\/\/www.od.dk\/#website"},"primaryImageOfPage":{"@id":"https:\/\/www.od.dk\/?page_id=1567#primaryimage"},"image":{"@id":"https:\/\/www.od.dk\/?page_id=1567#primaryimage"},"thumbnailUrl":"https:\/\/www.od.dk\/wp-content\/uploads\/2025\/07\/OD-paa-tur002-e1751978979268.jpg","datePublished":"2024-05-10T09:24:18+00:00","dateModified":"2026-04-23T14:10:10+00:00","breadcrumb":{"@id":"https:\/\/www.od.dk\/?page_id=1567#breadcrumb"},"inLanguage":"da-DK","potentialAction":[{"@type":"ReadAction","target":["https:\/\/www.od.dk\/?page_id=1567"]}]},{"@type":"ImageObject","inLanguage":"da-DK","@id":"https:\/\/www.od.dk\/?page_id=1567#primaryimage","url":"https:\/\/www.od.dk\/wp-content\/uploads\/2025\/07\/OD-paa-tur002-e1751978979268.jpg","contentUrl":"https:\/\/www.od.dk\/wp-content\/uploads\/2025\/07\/OD-paa-tur002-e1751978979268.jpg","width":7941,"height":3242,"caption":"OD Dreamtown Zimbabwe"},{"@type":"BreadcrumbList","@id":"https:\/\/www.od.dk\/?page_id=1567#breadcrumb","itemListElement":[{"@type":"ListItem","position":1,"name":"Forside","item":"https:\/\/www.od.dk\/"},{"@type":"ListItem","position":2,"name":"V\u00e6r med i Operation Dagsv\u00e6rk","item":"https:\/\/www.od.dk\/?page_id=424"},{"@type":"ListItem","position":3,"name":"Skal du v\u00e6re kampagnefrivillig i Operation Dagsv\u00e6rk i 2026?"}]},{"@type":"WebSite","@id":"https:\/\/www.od.dk\/#website","url":"https:\/\/www.od.dk\/","name":"Operation Dagsv\u00e6rk","description":"Oplysning, stillingtagen, handling","alternateName":"OD","potentialAction":[{"@type":"SearchAction","target":{"@type":"EntryPoint","urlTemplate":"https:\/\/www.od.dk\/?s={search_term_string}"},"query-input":"required name=search_term_string"}],"inLanguage":"da-DK"}]}},"_links":{"self":[{"href":"https:\/\/www.od.dk\/index.php?rest_route=\/wp\/v2\/pages\/1567"}],"collection":[{"href":"https:\/\/www.od.dk\/index.php?rest_route=\/wp\/v2\/pages"}],"about":[{"href":"https:\/\/www.od.dk\/index.php?rest_route=\/wp\/v2\/types\/page"}],"author":[{"embeddable":true,"href":"https:\/\/www.od.dk\/index.php?rest_route=\/wp\/v2\/users\/15"}],"replies":[{"embeddable":true,"href":"https:\/\/www.od.dk\/index.php?rest_route=%2Fwp%2Fv2%2Fcomments&post=1567"}],"version-history":[{"count":23,"href":"https:\/\/www.od.dk\/index.php?rest_route=\/wp\/v2\/pages\/1567\/revisions"}],"predecessor-version":[{"id":2238,"href":"https:\/\/www.od.dk\/index.php?rest_route=\/wp\/v2\/pages\/1567\/revisions\/2238"}],"up":[{"embeddable":true,"href":"https:\/\/www.od.dk\/index.php?rest_route=\/wp\/v2\/pages\/424"}],"wp:featuredmedia":[{"embeddable":true,"href":"https:\/\/www.od.dk\/index.php?rest_route=\/wp\/v2\/media\/1800"}],"wp:attachment":[{"href":"https:\/\/www.od.dk\/index.php?rest_route=%2Fwp%2Fv2%2Fmedia&parent=1567"}],"curies":[{"name":"wp","href":"https:\/\/api.w.org\/{rel}","templated":true}]}}