{"id":1898,"date":"2025-09-29T14:19:01","date_gmt":"2025-09-29T12:19:01","guid":{"rendered":"https:\/\/www.od.dk\/?page_id=1898"},"modified":"2025-09-29T14:22:44","modified_gmt":"2025-09-29T12:22:44","slug":"laererseminar-hvordan-kan-du-snakke-om-palaestina-i-din-undervisning","status":"publish","type":"page","link":"https:\/\/www.od.dk\/?page_id=1898","title":{"rendered":"L\u00e6rerseminar: Hvordan kan du snakke om Pal\u00e6stina i din undervisning?"},"content":{"rendered":"\n<h5 class=\"wp-block-heading\"><strong>Kom til l\u00e6rerseminar med Operation Dagsv\u00e6rk og&nbsp;Amnesty&nbsp;International<\/strong><\/h5>\n\n\n\n<p><\/p>\n\n\n\n<p>Elever p\u00e5 tv\u00e6rs af Danmark har valgt at Operation Dagsv\u00e6rks kampagne i 2025 skal omhandle og bidrage til unges stemmer for h\u00e5b og solidaritet i Pal\u00e6stina. Kampagnen er udviklet af elever og unge frivillige i samarbejde med det Danske Hus i Pal\u00e6stina, samt unge pal\u00e6stinensere fra Tamer Institute for Community Education. Kampagnen har fokus p\u00e5 unges ret til at blive&nbsp;h\u00f8rt og have en demokratisk stemme.<\/p>\n\n\n\n<h2 class=\"wp-block-heading\">Bliv kl\u00e6dt p\u00e5 til at undervise om Pal\u00e6stina<\/h2>\n\n\n\n<p>Pal\u00e6stina er for mange undervisere et sv\u00e6rt emner at introducere i undervisningen.&nbsp;Derfor tilbyder Operation Dagsv\u00e6rk, i samarbejde med&nbsp;Amnesty&nbsp;International, dags-seminarer&nbsp;m\u00e5lrettet undervisere\/l\u00e6rere, der \u00f8nsker at adressere emnet Pal\u00e6stina, men som f\u00f8ler at de har brug for at blive kl\u00e6dt bedre p\u00e5.&nbsp;<\/p>\n\n\n\n<p>Seminaret&nbsp; vil have fokus p\u00e5 mange af de begreber og deres juridiske betydning, som der ofte anvendes i forbindelse med samtalen om Pal\u00e6stina. Denne introduktion faciliteres&nbsp;af Annette Stubkj\u00e6r Rimmer, som er politisk&nbsp;r\u00e5dgiver i&nbsp;Amnesty&nbsp;International.<\/p>\n\n\n\n<p>Der vil ogs\u00e5 v\u00e6re rum til at udveksle erfaringer med \u00f8vrige deltagere, og s\u00e5 vil i blive introduceret til materiale, workshop koncepter og \u00f8vrige tilbud, som Operation Dagsv\u00e6rk har udviklet til undervisere&nbsp;og elever p\u00e5 danske skoler og ungdomsuddannelser.&nbsp;<\/p>\n\n\n\n<p><\/p>\n\n\n\n<h2 class=\"wp-block-heading\">Hvor og hvorn\u00e5r? <\/h2>\n\n\n\n<p>Dags-seminaret udbydes d. 22. oktober 10.30-14.30 i K\u00f8benhavn. <br>Deltagelse er gratis for medlemsskoler, inkl. frokost,&nbsp; &#8211; men skynd dig,&nbsp; der er max. kapacitet p\u00e5 20 deltagere per seminar. <br>Du tilmelder dig her:&nbsp;<a href=\"https:\/\/docs.google.com\/forms\/d\/e\/1FAIpQLSfOmiBijqXbskGsjCqUOel3qjIl4zgkdj-nEcSBFjToU5xkZA\/viewform?usp=header\" target=\"_blank\" rel=\"noreferrer noopener\">Tilmelding til l\u00e6rer seminar<\/a><\/p>\n\n\n\n<p>Er du ikke medlemsskole, men \u00f8nsker du at deltage? Kontakt os p\u00e5&nbsp;<a href=\"mailto:od@od.dk\" target=\"_blank\" rel=\"noreferrer noopener\">od@od.dk<\/a>&nbsp;eller&nbsp; 33 11 45 40<\/p>\n\n\n\n<p><\/p>\n\n\n\n<h2 class=\"wp-block-heading\">Arrang\u00f8rerne bag<\/h2>\n\n\n\n<p><strong><em>Amnesty&nbsp;International<\/em><\/strong><em>&nbsp;er den st\u00f8rste menneskerettighedsorganisation globalt. Deres mandat er at beskytte menneskerettighederne og international lov og holde stater op p\u00e5 deres forpligtelser. Det g\u00f8r de ved at dokumentere brud p\u00e5 menneskerettigheder og folkeretten verden over, oplyse verdenssamfundet omkring det og holde de ansvarlige til ansvar via domstole. Dokumentationen indsamles og analyseres via et team af juridiske folkeretseksperter, milit\u00e6reksperter, tech-eksperter og efterforskere med mange \u00e5rs erfaring i at dokumentere kr\u00e6nkelser af folkeretten i krigs- og konfliktzoner.<\/em><\/p>\n\n\n\n<p><strong>Operation Dagsv\u00e6rk <\/strong><em>er Danmarks eneste globale elevbev\u00e6gelse. De st\u00e5r bag den \u00e5rlige og unikke Dagsv\u00e6rkdag, og vi har bundet b\u00e5nd hvert \u00e5r siden 1985 mellem unge i Danmark og unge ude i verden. Hvert \u00e5r samarbejder Operation Dagsv\u00e6rk med en organisation om at st\u00f8tte et projekt med fokus p\u00e5 at styrke andre unge ude i verden \u2013 og det er altid danske elever, der v\u00e6lger, hvilket projekt der st\u00f8ttes, gennem det \u00e5rlige projektvalg ude p\u00e5 skolerne.<\/em> <em>Unge er drivkraften i alt, hvad de g\u00f8r \u2013 kort sagt er Operation Dagsv\u00e6rk af unge, med unge og for unge. Vi fokuserer p\u00e5 at skabe samarbejde og solidaritet med de unges egne fort\u00e6llinger i fokus.<\/em><\/p>\n\n\n\n<p><\/p>\n","protected":false},"excerpt":{"rendered":"<p>Kom til l\u00e6rerseminar med Operation Dagsv\u00e6rk og&nbsp;Amnesty&nbsp;International Elever p\u00e5 tv\u00e6rs af Danmark har valgt at Operation Dagsv\u00e6rks kampagne i 2025 skal omhandle og bidrage til unges stemmer for h\u00e5b og solidaritet i Pal\u00e6stina. Kampagnen er &hellip;<\/p>\n","protected":false},"author":16,"featured_media":0,"parent":0,"menu_order":0,"comment_status":"closed","ping_status":"closed","template":"","meta":{"footnotes":""},"acf":[],"yoast_head":"<!-- This site is optimized with the Yoast SEO plugin v22.5 - https:\/\/yoast.com\/wordpress\/plugins\/seo\/ -->\n<title>L\u00e6rerseminar: Hvordan kan du snakke om Pal\u00e6stina i din undervisning? - Operation Dagsv\u00e6rk<\/title>\n<meta name=\"description\" content=\"Operation Dagsv\u00e6rk, i samarbejde med\u00a0Amnesty\u00a0International, udbyder et dags-seminarer\u00a0m\u00e5lrettet undervisere\/l\u00e6rere, der \u00f8nsker at adressere emnet Pal\u00e6stina, men som f\u00f8ler at de har brug for at blive kl\u00e6dt bedre p\u00e5.\u00a0Seminaret\u00a0 vil have fokus p\u00e5 mange af de begreber og deres juridiske betydning, som der ofte anvendes i forbindelse med samtalen om Pal\u00e6stina. Denne introduktion faciliteres\u00a0af Annette Stubkj\u00e6r Rimmer, som er politisk\u00a0r\u00e5dgiver i\u00a0Amnesty\u00a0International.\" \/>\n<meta name=\"robots\" content=\"index, follow, max-snippet:-1, max-image-preview:large, max-video-preview:-1\" \/>\n<link rel=\"canonical\" href=\"https:\/\/www.od.dk\/?page_id=1898\" \/>\n<meta property=\"og:locale\" content=\"da_DK\" \/>\n<meta property=\"og:type\" content=\"article\" \/>\n<meta property=\"og:title\" content=\"L\u00e6rerseminar: Hvordan kan du snakke om Pal\u00e6stina i din undervisning? - Operation Dagsv\u00e6rk\" \/>\n<meta property=\"og:description\" content=\"Operation Dagsv\u00e6rk, i samarbejde med\u00a0Amnesty\u00a0International, udbyder et dags-seminarer\u00a0m\u00e5lrettet undervisere\/l\u00e6rere, der \u00f8nsker at adressere emnet Pal\u00e6stina, men som f\u00f8ler at de har brug for at blive kl\u00e6dt bedre p\u00e5.\u00a0Seminaret\u00a0 vil have fokus p\u00e5 mange af de begreber og deres juridiske betydning, som der ofte anvendes i forbindelse med samtalen om Pal\u00e6stina. Denne introduktion faciliteres\u00a0af Annette Stubkj\u00e6r Rimmer, som er politisk\u00a0r\u00e5dgiver i\u00a0Amnesty\u00a0International.\" \/>\n<meta property=\"og:url\" content=\"https:\/\/www.od.dk\/?page_id=1898\" \/>\n<meta property=\"og:site_name\" content=\"Operation Dagsv\u00e6rk\" \/>\n<meta property=\"article:modified_time\" content=\"2025-09-29T12:22:44+00:00\" \/>\n<meta name=\"twitter:card\" content=\"summary_large_image\" \/>\n<meta name=\"twitter:label1\" content=\"Estimeret l\u00e6setid\" \/>\n\t<meta name=\"twitter:data1\" content=\"3 minutter\" \/>\n<script type=\"application\/ld+json\" class=\"yoast-schema-graph\">{\"@context\":\"https:\/\/schema.org\",\"@graph\":[{\"@type\":\"WebPage\",\"@id\":\"https:\/\/www.od.dk\/?page_id=1898\",\"url\":\"https:\/\/www.od.dk\/?page_id=1898\",\"name\":\"L\u00e6rerseminar: Hvordan kan du snakke om Pal\u00e6stina i din undervisning? - Operation Dagsv\u00e6rk\",\"isPartOf\":{\"@id\":\"https:\/\/www.od.dk\/#website\"},\"datePublished\":\"2025-09-29T12:19:01+00:00\",\"dateModified\":\"2025-09-29T12:22:44+00:00\",\"description\":\"Operation Dagsv\u00e6rk, i samarbejde med\u00a0Amnesty\u00a0International, udbyder et dags-seminarer\u00a0m\u00e5lrettet undervisere\/l\u00e6rere, der \u00f8nsker at adressere emnet Pal\u00e6stina, men som f\u00f8ler at de har brug for at blive kl\u00e6dt bedre p\u00e5.\u00a0Seminaret\u00a0 vil have fokus p\u00e5 mange af de begreber og deres juridiske betydning, som der ofte anvendes i forbindelse med samtalen om Pal\u00e6stina. Denne introduktion faciliteres\u00a0af Annette Stubkj\u00e6r Rimmer, som er politisk\u00a0r\u00e5dgiver i\u00a0Amnesty\u00a0International.\",\"breadcrumb\":{\"@id\":\"https:\/\/www.od.dk\/?page_id=1898#breadcrumb\"},\"inLanguage\":\"da-DK\",\"potentialAction\":[{\"@type\":\"ReadAction\",\"target\":[\"https:\/\/www.od.dk\/?page_id=1898\"]}]},{\"@type\":\"BreadcrumbList\",\"@id\":\"https:\/\/www.od.dk\/?page_id=1898#breadcrumb\",\"itemListElement\":[{\"@type\":\"ListItem\",\"position\":1,\"name\":\"Forside\",\"item\":\"https:\/\/www.od.dk\/\"},{\"@type\":\"ListItem\",\"position\":2,\"name\":\"L\u00e6rerseminar: Hvordan kan du snakke om Pal\u00e6stina i din undervisning?\"}]},{\"@type\":\"WebSite\",\"@id\":\"https:\/\/www.od.dk\/#website\",\"url\":\"https:\/\/www.od.dk\/\",\"name\":\"Operation Dagsv\u00e6rk\",\"description\":\"Oplysning, stillingtagen, handling\",\"alternateName\":\"OD\",\"potentialAction\":[{\"@type\":\"SearchAction\",\"target\":{\"@type\":\"EntryPoint\",\"urlTemplate\":\"https:\/\/www.od.dk\/?s={search_term_string}\"},\"query-input\":\"required name=search_term_string\"}],\"inLanguage\":\"da-DK\"}]}<\/script>\n<!-- \/ Yoast SEO plugin. -->","yoast_head_json":{"title":"L\u00e6rerseminar: Hvordan kan du snakke om Pal\u00e6stina i din undervisning? - Operation Dagsv\u00e6rk","description":"Operation Dagsv\u00e6rk, i samarbejde med\u00a0Amnesty\u00a0International, udbyder et dags-seminarer\u00a0m\u00e5lrettet undervisere\/l\u00e6rere, der \u00f8nsker at adressere emnet Pal\u00e6stina, men som f\u00f8ler at de har brug for at blive kl\u00e6dt bedre p\u00e5.\u00a0Seminaret\u00a0 vil have fokus p\u00e5 mange af de begreber og deres juridiske betydning, som der ofte anvendes i forbindelse med samtalen om Pal\u00e6stina. Denne introduktion faciliteres\u00a0af Annette Stubkj\u00e6r Rimmer, som er politisk\u00a0r\u00e5dgiver i\u00a0Amnesty\u00a0International.","robots":{"index":"index","follow":"follow","max-snippet":"max-snippet:-1","max-image-preview":"max-image-preview:large","max-video-preview":"max-video-preview:-1"},"canonical":"https:\/\/www.od.dk\/?page_id=1898","og_locale":"da_DK","og_type":"article","og_title":"L\u00e6rerseminar: Hvordan kan du snakke om Pal\u00e6stina i din undervisning? - Operation Dagsv\u00e6rk","og_description":"Operation Dagsv\u00e6rk, i samarbejde med\u00a0Amnesty\u00a0International, udbyder et dags-seminarer\u00a0m\u00e5lrettet undervisere\/l\u00e6rere, der \u00f8nsker at adressere emnet Pal\u00e6stina, men som f\u00f8ler at de har brug for at blive kl\u00e6dt bedre p\u00e5.\u00a0Seminaret\u00a0 vil have fokus p\u00e5 mange af de begreber og deres juridiske betydning, som der ofte anvendes i forbindelse med samtalen om Pal\u00e6stina. Denne introduktion faciliteres\u00a0af Annette Stubkj\u00e6r Rimmer, som er politisk\u00a0r\u00e5dgiver i\u00a0Amnesty\u00a0International.","og_url":"https:\/\/www.od.dk\/?page_id=1898","og_site_name":"Operation Dagsv\u00e6rk","article_modified_time":"2025-09-29T12:22:44+00:00","twitter_card":"summary_large_image","twitter_misc":{"Estimeret l\u00e6setid":"3 minutter"},"schema":{"@context":"https:\/\/schema.org","@graph":[{"@type":"WebPage","@id":"https:\/\/www.od.dk\/?page_id=1898","url":"https:\/\/www.od.dk\/?page_id=1898","name":"L\u00e6rerseminar: Hvordan kan du snakke om Pal\u00e6stina i din undervisning? - Operation Dagsv\u00e6rk","isPartOf":{"@id":"https:\/\/www.od.dk\/#website"},"datePublished":"2025-09-29T12:19:01+00:00","dateModified":"2025-09-29T12:22:44+00:00","description":"Operation Dagsv\u00e6rk, i samarbejde med\u00a0Amnesty\u00a0International, udbyder et dags-seminarer\u00a0m\u00e5lrettet undervisere\/l\u00e6rere, der \u00f8nsker at adressere emnet Pal\u00e6stina, men som f\u00f8ler at de har brug for at blive kl\u00e6dt bedre p\u00e5.\u00a0Seminaret\u00a0 vil have fokus p\u00e5 mange af de begreber og deres juridiske betydning, som der ofte anvendes i forbindelse med samtalen om Pal\u00e6stina. Denne introduktion faciliteres\u00a0af Annette Stubkj\u00e6r Rimmer, som er politisk\u00a0r\u00e5dgiver i\u00a0Amnesty\u00a0International.","breadcrumb":{"@id":"https:\/\/www.od.dk\/?page_id=1898#breadcrumb"},"inLanguage":"da-DK","potentialAction":[{"@type":"ReadAction","target":["https:\/\/www.od.dk\/?page_id=1898"]}]},{"@type":"BreadcrumbList","@id":"https:\/\/www.od.dk\/?page_id=1898#breadcrumb","itemListElement":[{"@type":"ListItem","position":1,"name":"Forside","item":"https:\/\/www.od.dk\/"},{"@type":"ListItem","position":2,"name":"L\u00e6rerseminar: Hvordan kan du snakke om Pal\u00e6stina i din undervisning?"}]},{"@type":"WebSite","@id":"https:\/\/www.od.dk\/#website","url":"https:\/\/www.od.dk\/","name":"Operation Dagsv\u00e6rk","description":"Oplysning, stillingtagen, handling","alternateName":"OD","potentialAction":[{"@type":"SearchAction","target":{"@type":"EntryPoint","urlTemplate":"https:\/\/www.od.dk\/?s={search_term_string}"},"query-input":"required name=search_term_string"}],"inLanguage":"da-DK"}]}},"_links":{"self":[{"href":"https:\/\/www.od.dk\/index.php?rest_route=\/wp\/v2\/pages\/1898"}],"collection":[{"href":"https:\/\/www.od.dk\/index.php?rest_route=\/wp\/v2\/pages"}],"about":[{"href":"https:\/\/www.od.dk\/index.php?rest_route=\/wp\/v2\/types\/page"}],"author":[{"embeddable":true,"href":"https:\/\/www.od.dk\/index.php?rest_route=\/wp\/v2\/users\/16"}],"replies":[{"embeddable":true,"href":"https:\/\/www.od.dk\/index.php?rest_route=%2Fwp%2Fv2%2Fcomments&post=1898"}],"version-history":[{"count":3,"href":"https:\/\/www.od.dk\/index.php?rest_route=\/wp\/v2\/pages\/1898\/revisions"}],"predecessor-version":[{"id":1903,"href":"https:\/\/www.od.dk\/index.php?rest_route=\/wp\/v2\/pages\/1898\/revisions\/1903"}],"wp:attachment":[{"href":"https:\/\/www.od.dk\/index.php?rest_route=%2Fwp%2Fv2%2Fmedia&parent=1898"}],"curies":[{"name":"wp","href":"https:\/\/api.w.org\/{rel}","templated":true}]}}