{"id":286,"date":"2022-06-30T13:16:31","date_gmt":"2022-06-30T13:16:31","guid":{"rendered":"http:\/\/www.od.dk\/?page_id=286"},"modified":"2026-02-11T14:18:10","modified_gmt":"2026-02-11T13:18:10","slug":"stormoede","status":"publish","type":"page","link":"https:\/\/www.od.dk\/?page_id=286","title":{"rendered":"Storm\u00f8de"},"content":{"rendered":"\n<p>Storm\u00f8det er Operation Dagsv\u00e6rks \u00f8verste myndighed. Det er her elever fra hele landet diskuterer og v\u00e6lger Operation Dagsv\u00e6rks holdninger, prioriteringer og bestyrelse for det n\u00e6ste \u00e5r og f\u00e5r indflydelse  p\u00e5 hvilke udviklingsprojekter, vi skal arbejde for p\u00e5 Dagsv\u00e6rkdagen samt indholdet af kampagnen for disse projekter. <\/p>\n\n\n\n<p>Det er alts\u00e5 her du som elev kan f\u00e5 din stemme h\u00f8rt og v\u00e6re med til at bestemme retningen for Operation Dagsv\u00e6rk. Derudover skal du m\u00f8de andre s\u00f8de, seje og engagerede Dagsv\u00e6rkere fra hele landet &#8211; s\u00e5 det bliver en weekend med b\u00e5de sp\u00e6ndende diskussioner, vigtige beslutninger og sjov og hygge.&nbsp;<\/p>\n\n\n\n<p>I \u00e5r er Storm\u00f8det samtidig med Natv\u00e6rk i Den Gr\u00e5 Hal. Natv\u00e6rk er Operation Dagsv\u00e6rks St\u00f8ttekoncert, som elever p\u00e5 Christianshavns Gymnasium planl\u00e6gger og afholder. Derfor f\u00e5r alle der deltager til Storm\u00f8det billet til Natv\u00e6rk!<\/p>\n\n\n\n<div class=\"faktaboks\">\n  <div class=\"color-box\"><\/div>\n  <h2>Operation Dagsv\u00e6rks Storm\u00f8de 2026<\/h2>\n<p>&nbsp;<\/p>\n<ul>\n<li>Tid: 20.-22. februar 2026<\/li>\n<li>Sted: Studiestr\u00e6de 24, 1455 K\u00f8benhavn K<\/li>\n<\/ul>\n<p><a href=\"https:\/\/docs.google.com\/forms\/d\/e\/1FAIpQLScBIzUZONHZz64bSKFU4GW7UkrfXGX4qbsdWlLw_SRCGAiY7w\/viewform?usp=dialog\"><strong>Tilmeld dig her<\/strong><\/a><\/p>\n<p><a href=\"https:\/\/drive.google.com\/drive\/folders\/1tVzwZgb2u0vJkr70pLOGbV1Bw5RWLycl\">Find alle relevante dokumenter til Storm\u00f8de her<\/a><\/p>\n<\/div>\n\n\n\n<p><\/p>\n\n\n\n<h2 class=\"wp-block-heading\">Program<\/h2>\n\n\n\n<p>Det endelige program for storm\u00f8des udsendes til alle medlemsskoler og Dagsv\u00e6rksgrupper 2 uger f\u00f8r storm\u00f8det, men vi vil altid have f\u00f8lgende punkter p\u00e5 dagsorden:<\/p>\n\n\n\n<ul id=\"block-6987bfc1-f4e8-4c55-966d-9581fd767636\">\n<li>Valg af bestyrelse<\/li>\n\n\n\n<li>Godkendelse, vedtagelse og diskussion af arbejdsplan for n\u00e6ste \u00e5r, budget, regnskab, vedt\u00e6gter m.m.<\/li>\n\n\n\n<li>Vedtagelse og diskussion af politiske papirer for organisationen<\/li>\n\n\n\n<li>Workshop med n\u00e6ste \u00e5rs projektpartner om indhold af n\u00e6ste \u00e5rs kampagne<\/li>\n\n\n\n<li>F\u00f8rste runde projektvalg <\/li>\n\n\n\n<li>Socialt samv\u00e6r, hyggelige stunder, festlig stemning og meget mere!<\/li>\n<\/ul>\n\n\n\n<p><\/p>\n\n\n\n<h2 class=\"wp-block-heading\">Praktisk<\/h2>\n\n\n\n<p>Storm\u00f8det afholdes hen over en weekend og medlemsskoler af Operation Dagsv\u00e6rk f\u00e5r gratis to deltagere fra deres Dagsv\u00e6rksgruppe med (inkl. transport). Men I er mere end velkomne, via tilmelding, til at deltage s\u00e5 mange elever I har lyst til fra jeres Dagsv\u00e6rksgruppe. Alle skoler har to stemmer til de afstemninger og valg, der afholdes p\u00e5 Storm\u00f8det, uanset hvor mange I deltager. Hvis I er flere fra jeres Dagsv\u00e6rksgruppe, der gerne vil deltage, s\u00e5 kan I f\u00e5 jeres uddannelsesinstitution til at betale for det.<\/p>\n\n\n\n<p><\/p>\n\n\n\n<p>Har du nogen sp\u00f8rgsm\u00e5l er du altid velkommen til at kontakte os p\u00e5 <a>od@od.dk<\/a> eller 33 11 45 40<\/p>\n","protected":false},"excerpt":{"rendered":"<p>Storm\u00f8det er Operation Dagsv\u00e6rks \u00f8verste myndighed. Det er her elever fra hele landet diskuterer og v\u00e6lger Operation Dagsv\u00e6rks holdninger, prioriteringer og bestyrelse for det n\u00e6ste \u00e5r og f\u00e5r indflydelse p\u00e5 hvilke udviklingsprojekter, vi skal arbejde &hellip;<\/p>\n","protected":false},"author":1,"featured_media":634,"parent":0,"menu_order":0,"comment_status":"closed","ping_status":"closed","template":"","meta":{"footnotes":""},"acf":[],"yoast_head":"<!-- This site is optimized with the Yoast SEO plugin v22.5 - https:\/\/yoast.com\/wordpress\/plugins\/seo\/ -->\n<title>Storm\u00f8de - Operation Dagsv\u00e6rk<\/title>\n<meta name=\"description\" content=\"V\u00e6r med n\u00e5r elever fra hele landet diskuterer Operation Dagsv\u00e6rks politiske retning til vores \u00e5rlige Storm\u00f8de. Deltag og f\u00e5 din stemme h\u00f8rt!\" \/>\n<meta name=\"robots\" content=\"index, follow, max-snippet:-1, max-image-preview:large, max-video-preview:-1\" \/>\n<link rel=\"canonical\" href=\"https:\/\/www.od.dk\/?page_id=286\" \/>\n<meta property=\"og:locale\" content=\"da_DK\" \/>\n<meta property=\"og:type\" content=\"article\" \/>\n<meta property=\"og:title\" content=\"Storm\u00f8de - Operation Dagsv\u00e6rk\" \/>\n<meta property=\"og:description\" content=\"V\u00e6r med n\u00e5r elever fra hele landet diskuterer Operation Dagsv\u00e6rks politiske retning til vores \u00e5rlige Storm\u00f8de. Deltag og f\u00e5 din stemme h\u00f8rt!\" \/>\n<meta property=\"og:url\" content=\"https:\/\/www.od.dk\/?page_id=286\" \/>\n<meta property=\"og:site_name\" content=\"Operation Dagsv\u00e6rk\" \/>\n<meta property=\"article:modified_time\" content=\"2026-02-11T13:18:10+00:00\" \/>\n<meta property=\"og:image\" content=\"http:\/\/www.od.dk\/wp-content\/uploads\/2022\/10\/Billede-Stormoede-2021-54-e1664808706591.jpg\" \/>\n\t<meta property=\"og:image:width\" content=\"4032\" \/>\n\t<meta property=\"og:image:height\" content=\"2147\" \/>\n\t<meta property=\"og:image:type\" content=\"image\/jpeg\" \/>\n<meta name=\"twitter:card\" content=\"summary_large_image\" \/>\n<meta name=\"twitter:label1\" content=\"Estimeret l\u00e6setid\" \/>\n\t<meta name=\"twitter:data1\" content=\"2 minutter\" \/>\n<script type=\"application\/ld+json\" class=\"yoast-schema-graph\">{\"@context\":\"https:\/\/schema.org\",\"@graph\":[{\"@type\":\"WebPage\",\"@id\":\"https:\/\/www.od.dk\/?page_id=286\",\"url\":\"https:\/\/www.od.dk\/?page_id=286\",\"name\":\"Storm\u00f8de - Operation Dagsv\u00e6rk\",\"isPartOf\":{\"@id\":\"https:\/\/www.od.dk\/#website\"},\"primaryImageOfPage\":{\"@id\":\"https:\/\/www.od.dk\/?page_id=286#primaryimage\"},\"image\":{\"@id\":\"https:\/\/www.od.dk\/?page_id=286#primaryimage\"},\"thumbnailUrl\":\"https:\/\/www.od.dk\/wp-content\/uploads\/2022\/10\/Billede-Stormoede-2021-54-e1664808706591.jpg\",\"datePublished\":\"2022-06-30T13:16:31+00:00\",\"dateModified\":\"2026-02-11T13:18:10+00:00\",\"description\":\"V\u00e6r med n\u00e5r elever fra hele landet diskuterer Operation Dagsv\u00e6rks politiske retning til vores \u00e5rlige Storm\u00f8de. Deltag og f\u00e5 din stemme h\u00f8rt!\",\"breadcrumb\":{\"@id\":\"https:\/\/www.od.dk\/?page_id=286#breadcrumb\"},\"inLanguage\":\"da-DK\",\"potentialAction\":[{\"@type\":\"ReadAction\",\"target\":[\"https:\/\/www.od.dk\/?page_id=286\"]}]},{\"@type\":\"ImageObject\",\"inLanguage\":\"da-DK\",\"@id\":\"https:\/\/www.od.dk\/?page_id=286#primaryimage\",\"url\":\"https:\/\/www.od.dk\/wp-content\/uploads\/2022\/10\/Billede-Stormoede-2021-54-e1664808706591.jpg\",\"contentUrl\":\"https:\/\/www.od.dk\/wp-content\/uploads\/2022\/10\/Billede-Stormoede-2021-54-e1664808706591.jpg\",\"width\":4032,\"height\":2147},{\"@type\":\"BreadcrumbList\",\"@id\":\"https:\/\/www.od.dk\/?page_id=286#breadcrumb\",\"itemListElement\":[{\"@type\":\"ListItem\",\"position\":1,\"name\":\"Forside\",\"item\":\"https:\/\/www.od.dk\/\"},{\"@type\":\"ListItem\",\"position\":2,\"name\":\"Storm\u00f8de\"}]},{\"@type\":\"WebSite\",\"@id\":\"https:\/\/www.od.dk\/#website\",\"url\":\"https:\/\/www.od.dk\/\",\"name\":\"Operation Dagsv\u00e6rk\",\"description\":\"Oplysning, stillingtagen, handling\",\"alternateName\":\"OD\",\"potentialAction\":[{\"@type\":\"SearchAction\",\"target\":{\"@type\":\"EntryPoint\",\"urlTemplate\":\"https:\/\/www.od.dk\/?s={search_term_string}\"},\"query-input\":\"required name=search_term_string\"}],\"inLanguage\":\"da-DK\"}]}<\/script>\n<!-- \/ Yoast SEO plugin. -->","yoast_head_json":{"title":"Storm\u00f8de - Operation Dagsv\u00e6rk","description":"V\u00e6r med n\u00e5r elever fra hele landet diskuterer Operation Dagsv\u00e6rks politiske retning til vores \u00e5rlige Storm\u00f8de. Deltag og f\u00e5 din stemme h\u00f8rt!","robots":{"index":"index","follow":"follow","max-snippet":"max-snippet:-1","max-image-preview":"max-image-preview:large","max-video-preview":"max-video-preview:-1"},"canonical":"https:\/\/www.od.dk\/?page_id=286","og_locale":"da_DK","og_type":"article","og_title":"Storm\u00f8de - Operation Dagsv\u00e6rk","og_description":"V\u00e6r med n\u00e5r elever fra hele landet diskuterer Operation Dagsv\u00e6rks politiske retning til vores \u00e5rlige Storm\u00f8de. Deltag og f\u00e5 din stemme h\u00f8rt!","og_url":"https:\/\/www.od.dk\/?page_id=286","og_site_name":"Operation Dagsv\u00e6rk","article_modified_time":"2026-02-11T13:18:10+00:00","og_image":[{"width":4032,"height":2147,"url":"http:\/\/www.od.dk\/wp-content\/uploads\/2022\/10\/Billede-Stormoede-2021-54-e1664808706591.jpg","type":"image\/jpeg"}],"twitter_card":"summary_large_image","twitter_misc":{"Estimeret l\u00e6setid":"2 minutter"},"schema":{"@context":"https:\/\/schema.org","@graph":[{"@type":"WebPage","@id":"https:\/\/www.od.dk\/?page_id=286","url":"https:\/\/www.od.dk\/?page_id=286","name":"Storm\u00f8de - Operation Dagsv\u00e6rk","isPartOf":{"@id":"https:\/\/www.od.dk\/#website"},"primaryImageOfPage":{"@id":"https:\/\/www.od.dk\/?page_id=286#primaryimage"},"image":{"@id":"https:\/\/www.od.dk\/?page_id=286#primaryimage"},"thumbnailUrl":"https:\/\/www.od.dk\/wp-content\/uploads\/2022\/10\/Billede-Stormoede-2021-54-e1664808706591.jpg","datePublished":"2022-06-30T13:16:31+00:00","dateModified":"2026-02-11T13:18:10+00:00","description":"V\u00e6r med n\u00e5r elever fra hele landet diskuterer Operation Dagsv\u00e6rks politiske retning til vores \u00e5rlige Storm\u00f8de. Deltag og f\u00e5 din stemme h\u00f8rt!","breadcrumb":{"@id":"https:\/\/www.od.dk\/?page_id=286#breadcrumb"},"inLanguage":"da-DK","potentialAction":[{"@type":"ReadAction","target":["https:\/\/www.od.dk\/?page_id=286"]}]},{"@type":"ImageObject","inLanguage":"da-DK","@id":"https:\/\/www.od.dk\/?page_id=286#primaryimage","url":"https:\/\/www.od.dk\/wp-content\/uploads\/2022\/10\/Billede-Stormoede-2021-54-e1664808706591.jpg","contentUrl":"https:\/\/www.od.dk\/wp-content\/uploads\/2022\/10\/Billede-Stormoede-2021-54-e1664808706591.jpg","width":4032,"height":2147},{"@type":"BreadcrumbList","@id":"https:\/\/www.od.dk\/?page_id=286#breadcrumb","itemListElement":[{"@type":"ListItem","position":1,"name":"Forside","item":"https:\/\/www.od.dk\/"},{"@type":"ListItem","position":2,"name":"Storm\u00f8de"}]},{"@type":"WebSite","@id":"https:\/\/www.od.dk\/#website","url":"https:\/\/www.od.dk\/","name":"Operation Dagsv\u00e6rk","description":"Oplysning, stillingtagen, handling","alternateName":"OD","potentialAction":[{"@type":"SearchAction","target":{"@type":"EntryPoint","urlTemplate":"https:\/\/www.od.dk\/?s={search_term_string}"},"query-input":"required name=search_term_string"}],"inLanguage":"da-DK"}]}},"_links":{"self":[{"href":"https:\/\/www.od.dk\/index.php?rest_route=\/wp\/v2\/pages\/286"}],"collection":[{"href":"https:\/\/www.od.dk\/index.php?rest_route=\/wp\/v2\/pages"}],"about":[{"href":"https:\/\/www.od.dk\/index.php?rest_route=\/wp\/v2\/types\/page"}],"author":[{"embeddable":true,"href":"https:\/\/www.od.dk\/index.php?rest_route=\/wp\/v2\/users\/1"}],"replies":[{"embeddable":true,"href":"https:\/\/www.od.dk\/index.php?rest_route=%2Fwp%2Fv2%2Fcomments&post=286"}],"version-history":[{"count":34,"href":"https:\/\/www.od.dk\/index.php?rest_route=\/wp\/v2\/pages\/286\/revisions"}],"predecessor-version":[{"id":2116,"href":"https:\/\/www.od.dk\/index.php?rest_route=\/wp\/v2\/pages\/286\/revisions\/2116"}],"wp:featuredmedia":[{"embeddable":true,"href":"https:\/\/www.od.dk\/index.php?rest_route=\/wp\/v2\/media\/634"}],"wp:attachment":[{"href":"https:\/\/www.od.dk\/index.php?rest_route=%2Fwp%2Fv2%2Fmedia&parent=286"}],"curies":[{"name":"wp","href":"https:\/\/api.w.org\/{rel}","templated":true}]}}