{"id":293,"date":"2022-06-30T13:32:16","date_gmt":"2022-06-30T13:32:16","guid":{"rendered":"http:\/\/www.od.dk\/?page_id=293"},"modified":"2025-09-05T12:21:38","modified_gmt":"2025-09-05T10:21:38","slug":"kampagneweekend","status":"publish","type":"page","link":"https:\/\/www.od.dk\/?page_id=293","title":{"rendered":"Kampagneweekend"},"content":{"rendered":"\n<p><\/p>\n\n\n\n<p><strong>G\u00e5 ikke glip af kampagneweekend i Operation Dagsv\u00e6rk 2025!<\/strong><\/p>\n\n\n\n<p>Kom med n\u00e5r frivillige i Operation Dagsv\u00e6rk m\u00f8des p\u00e5 tv\u00e6rs af landet og skyder \u00e5rets kampagne \u201cStemmer for H\u00e5b og Solidaritet i Pal\u00e6stina\u201d i gang sammen! I vil m\u00f8de de unge pal\u00e6stinensere, som er en del af kampagnen, aktivister, kulturskabere, kunstnere og en masse andre seje mennesker &#8211; det bliver en weekend, I helt sikkert ikke vil g\u00e5 glip af!<\/p>\n\n\n\n<p>Hvorn\u00e5r? &#8211; Fra d. 19\/9 kl. 17 til 21\/9 kl. 16<\/p>\n\n\n\n<p>Hvor? &#8211; Mellemfolkeligt Samvirke \u00c5rhus, Mejlgade 53<\/p>\n\n\n\n<p>V\u00c6R MED TIL AT STYRKE OD-BEV\u00c6GELSEN OG SOLIDARITETEN MELLEM UNGE DANSKERE OG PAL\u00c6STINENSERE<\/p>\n\n\n\n<p>Danmarks OD-bev\u00e6gelse har i \u00e5r eksisteret i 40 \u00e5r, og vi skal g\u00f8re den st\u00e6rkere og st\u00f8rre! P\u00e5 kampagneweekenden inviterer vi jer ind, som udg\u00f8r OD\u2019s elevbev\u00e6gelse og sammen med de unge pal\u00e6stinensere vil vi styrke solidaritetsb\u00e5nd p\u00e5 tv\u00e6rs af Danmark og Pal\u00e6stina. Om I er helt nye eller garvede OD\u2019ere f\u00e5r I muligheden for at m\u00f8des med andre engagerede p\u00e5 tv\u00e6rs af landet, danne nye relationer og f\u00e5 en masse gode r\u00e5d og v\u00e6rkt\u00f8jer til, hvordan I kan f\u00e5 \u00e5rets kampagne ud og leve p\u00e5 jeres skoler. I l\u00f8bet af weekenden, kommer I ogs\u00e5 til at m\u00f8de de unge pal\u00e6stinensere, som er med i \u00e5rets kampagne og h\u00f8re om deres liv, hverdag og tanker.<\/p>\n\n\n\n<p>L\u00c6R OM \u00c5RETS KAMPAGNE \u201cSTEMMER FOR H\u00c5B OG SOLIDARITET I PAL\u00c6STINA\u201d<\/p>\n\n\n\n<p>Vi har sammensat et st\u00e6rkt program til jer i \u00e5r. Her vil I b\u00e5de blive pr\u00e6senteret for \u00e5rets f\u00e6llestime &#8211; opl\u00e6gget, som vi skal ud og holde p\u00e5 jeres gymnasier, der er lavet i samarbejde med de unge pal\u00e6stinensere i kampagnen. Vi vil diskutere \u00e5rets emner som silencing, h\u00e5b, dr\u00f8mme og solidaritet i kontekst af Pal\u00e6stina og I vil blive pr\u00e6senteret for de nye flotte kampagnematerialer, som I skal bruge, n\u00e5r vi skal have de unge pal\u00e6stinenseres stemmer helt ud p\u00e5 jeres gymnasier.&nbsp;<\/p>\n\n\n\n<p>L\u00c6R OM PAL\u00c6STINENSISK KULTUR OG V\u00c6R MED TIL FEST OM L\u00d8RDAGEN!<\/p>\n\n\n\n<p>I l\u00f8bet af weekenden kommer vi til at have en masse sjove og sp\u00e6ndende indslag, hvor vi f\u00e5r bes\u00f8g udefra, og hvor vi selv skal rundt i byen og bes\u00f8ge lokale grupper og ildsj\u00e6le, der vil l\u00e6re os om pal\u00e6stinensisk kultur gennem musik, performance, h\u00e5ndv\u00e6rk og andre kreative indslag. L\u00f8rdag aften vil vi byde op til dans og koncert med et band, som vi holder hemmeligt lidt endnu ;)&#8230; Men vi kan forsikre jer om, at det helt sikkert bliver en fest, som I ikke vil g\u00e5 glip af!<\/p>\n\n\n\n<p>EKSTRAORDIN\u00c6RT STORM\u00d8DE<\/p>\n\n\n\n<p>Som noget helt s\u00e6rligt har vi i \u00e5r ekstraordin\u00e6rt storm\u00f8de om s\u00f8ndagen, hvor vi bliver pr\u00e6senteret for n\u00e6ste \u00e5rs projektstillere og allerede her f\u00e5r mulighed for at stemme de bedste videre til afstemningen ude p\u00e5 skolerne.&nbsp;<\/p>\n\n\n\n<div class=\"faktaboks\">\n  <div class=\"color-box\"><\/div>\n  <h2>Tilmelding<\/h2>\n<p>&nbsp;<\/p>\n<ul>\n<li>Tid: 19.-21. september 2025<\/li>\n<li>Sted: Mellemfolkeligt Samvirke \u00c5rhus<\/li>\n<li>Undg\u00e5 fomo for \u00e5rets kampagneweekend og tilmeld dig\u00a0<a href=\"https:\/\/docs.google.com\/forms\/d\/e\/1FAIpQLSdYiTZOjXhI69RwxG2hevC3sq5D7wMw5Ia_qT0dmipNgRUYRw\/viewform?usp=header\">her<\/a><\/li>\n<li>Det er GRATIS at deltage og OD betaler din transport tur\/retur til \u00c5rhus<\/li>\n<\/ul>\n<p>&nbsp;<\/p>\n<\/div>\n\n\n\n<p>Der er plads til to dagsv\u00e6rkere fra hver skole, s\u00e5 bliv enige om internt i jeres gruppe, hvem der vil deltage, og hvis I er mange, der vil deltage, s\u00e5 skriv til os p\u00e5 <a href=\"mailto:kampagneleder@od.dk\">kampagneleder@od.dk<\/a> eller p\u00e5 33114540<\/p>\n\n\n\n<p>VI GL\u00c6DER OS TIL AT SE JER!<\/p>\n","protected":false},"excerpt":{"rendered":"<p>G\u00e5 ikke glip af kampagneweekend i Operation Dagsv\u00e6rk 2025! Kom med n\u00e5r frivillige i Operation Dagsv\u00e6rk m\u00f8des p\u00e5 tv\u00e6rs af landet og skyder \u00e5rets kampagne \u201cStemmer for H\u00e5b og Solidaritet i Pal\u00e6stina\u201d i gang sammen! &hellip;<\/p>\n","protected":false},"author":1,"featured_media":1802,"parent":31,"menu_order":0,"comment_status":"closed","ping_status":"closed","template":"","meta":{"footnotes":""},"acf":[],"yoast_head":"<!-- This site is optimized with the Yoast SEO plugin v22.5 - https:\/\/yoast.com\/wordpress\/plugins\/seo\/ -->\n<title>Kampagneweekend - Operation Dagsv\u00e6rk<\/title>\n<meta name=\"robots\" content=\"index, follow, max-snippet:-1, max-image-preview:large, max-video-preview:-1\" \/>\n<link rel=\"canonical\" href=\"https:\/\/www.od.dk\/?page_id=293\" \/>\n<meta property=\"og:locale\" content=\"da_DK\" \/>\n<meta property=\"og:type\" content=\"article\" \/>\n<meta property=\"og:title\" content=\"Kampagneweekend - Operation Dagsv\u00e6rk\" \/>\n<meta property=\"og:description\" content=\"G\u00e5 ikke glip af kampagneweekend i Operation Dagsv\u00e6rk 2025! Kom med n\u00e5r frivillige i Operation Dagsv\u00e6rk m\u00f8des p\u00e5 tv\u00e6rs af landet og skyder \u00e5rets kampagne \u201cStemmer for H\u00e5b og Solidaritet i Pal\u00e6stina\u201d i gang sammen! &hellip;\" \/>\n<meta property=\"og:url\" content=\"https:\/\/www.od.dk\/?page_id=293\" \/>\n<meta property=\"og:site_name\" content=\"Operation Dagsv\u00e6rk\" \/>\n<meta property=\"article:modified_time\" content=\"2025-09-05T10:21:38+00:00\" \/>\n<meta property=\"og:image\" content=\"https:\/\/www.od.dk\/wp-content\/uploads\/2025\/07\/call-to-action-billede-e1752668950713.jpg\" \/>\n\t<meta property=\"og:image:width\" content=\"5424\" \/>\n\t<meta property=\"og:image:height\" content=\"2026\" \/>\n\t<meta property=\"og:image:type\" content=\"image\/jpeg\" \/>\n<meta name=\"twitter:card\" content=\"summary_large_image\" \/>\n<meta name=\"twitter:label1\" content=\"Estimeret l\u00e6setid\" \/>\n\t<meta name=\"twitter:data1\" content=\"3 minutter\" \/>\n<script type=\"application\/ld+json\" class=\"yoast-schema-graph\">{\"@context\":\"https:\/\/schema.org\",\"@graph\":[{\"@type\":\"WebPage\",\"@id\":\"https:\/\/www.od.dk\/?page_id=293\",\"url\":\"https:\/\/www.od.dk\/?page_id=293\",\"name\":\"Kampagneweekend - Operation Dagsv\u00e6rk\",\"isPartOf\":{\"@id\":\"https:\/\/www.od.dk\/#website\"},\"primaryImageOfPage\":{\"@id\":\"https:\/\/www.od.dk\/?page_id=293#primaryimage\"},\"image\":{\"@id\":\"https:\/\/www.od.dk\/?page_id=293#primaryimage\"},\"thumbnailUrl\":\"https:\/\/www.od.dk\/wp-content\/uploads\/2025\/07\/call-to-action-billede-e1752668950713.jpg\",\"datePublished\":\"2022-06-30T13:32:16+00:00\",\"dateModified\":\"2025-09-05T10:21:38+00:00\",\"breadcrumb\":{\"@id\":\"https:\/\/www.od.dk\/?page_id=293#breadcrumb\"},\"inLanguage\":\"da-DK\",\"potentialAction\":[{\"@type\":\"ReadAction\",\"target\":[\"https:\/\/www.od.dk\/?page_id=293\"]}]},{\"@type\":\"ImageObject\",\"inLanguage\":\"da-DK\",\"@id\":\"https:\/\/www.od.dk\/?page_id=293#primaryimage\",\"url\":\"https:\/\/www.od.dk\/wp-content\/uploads\/2025\/07\/call-to-action-billede-e1752668950713.jpg\",\"contentUrl\":\"https:\/\/www.od.dk\/wp-content\/uploads\/2025\/07\/call-to-action-billede-e1752668950713.jpg\",\"width\":5424,\"height\":2026},{\"@type\":\"BreadcrumbList\",\"@id\":\"https:\/\/www.od.dk\/?page_id=293#breadcrumb\",\"itemListElement\":[{\"@type\":\"ListItem\",\"position\":1,\"name\":\"Forside\",\"item\":\"https:\/\/www.od.dk\/\"},{\"@type\":\"ListItem\",\"position\":2,\"name\":\"Forside\",\"item\":\"https:\/\/www.od.dk\/\"},{\"@type\":\"ListItem\",\"position\":3,\"name\":\"Kampagneweekend\"}]},{\"@type\":\"WebSite\",\"@id\":\"https:\/\/www.od.dk\/#website\",\"url\":\"https:\/\/www.od.dk\/\",\"name\":\"Operation Dagsv\u00e6rk\",\"description\":\"Oplysning, stillingtagen, handling\",\"alternateName\":\"OD\",\"potentialAction\":[{\"@type\":\"SearchAction\",\"target\":{\"@type\":\"EntryPoint\",\"urlTemplate\":\"https:\/\/www.od.dk\/?s={search_term_string}\"},\"query-input\":\"required name=search_term_string\"}],\"inLanguage\":\"da-DK\"}]}<\/script>\n<!-- \/ Yoast SEO plugin. -->","yoast_head_json":{"title":"Kampagneweekend - Operation Dagsv\u00e6rk","robots":{"index":"index","follow":"follow","max-snippet":"max-snippet:-1","max-image-preview":"max-image-preview:large","max-video-preview":"max-video-preview:-1"},"canonical":"https:\/\/www.od.dk\/?page_id=293","og_locale":"da_DK","og_type":"article","og_title":"Kampagneweekend - Operation Dagsv\u00e6rk","og_description":"G\u00e5 ikke glip af kampagneweekend i Operation Dagsv\u00e6rk 2025! Kom med n\u00e5r frivillige i Operation Dagsv\u00e6rk m\u00f8des p\u00e5 tv\u00e6rs af landet og skyder \u00e5rets kampagne \u201cStemmer for H\u00e5b og Solidaritet i Pal\u00e6stina\u201d i gang sammen! &hellip;","og_url":"https:\/\/www.od.dk\/?page_id=293","og_site_name":"Operation Dagsv\u00e6rk","article_modified_time":"2025-09-05T10:21:38+00:00","og_image":[{"width":5424,"height":2026,"url":"https:\/\/www.od.dk\/wp-content\/uploads\/2025\/07\/call-to-action-billede-e1752668950713.jpg","type":"image\/jpeg"}],"twitter_card":"summary_large_image","twitter_misc":{"Estimeret l\u00e6setid":"3 minutter"},"schema":{"@context":"https:\/\/schema.org","@graph":[{"@type":"WebPage","@id":"https:\/\/www.od.dk\/?page_id=293","url":"https:\/\/www.od.dk\/?page_id=293","name":"Kampagneweekend - Operation Dagsv\u00e6rk","isPartOf":{"@id":"https:\/\/www.od.dk\/#website"},"primaryImageOfPage":{"@id":"https:\/\/www.od.dk\/?page_id=293#primaryimage"},"image":{"@id":"https:\/\/www.od.dk\/?page_id=293#primaryimage"},"thumbnailUrl":"https:\/\/www.od.dk\/wp-content\/uploads\/2025\/07\/call-to-action-billede-e1752668950713.jpg","datePublished":"2022-06-30T13:32:16+00:00","dateModified":"2025-09-05T10:21:38+00:00","breadcrumb":{"@id":"https:\/\/www.od.dk\/?page_id=293#breadcrumb"},"inLanguage":"da-DK","potentialAction":[{"@type":"ReadAction","target":["https:\/\/www.od.dk\/?page_id=293"]}]},{"@type":"ImageObject","inLanguage":"da-DK","@id":"https:\/\/www.od.dk\/?page_id=293#primaryimage","url":"https:\/\/www.od.dk\/wp-content\/uploads\/2025\/07\/call-to-action-billede-e1752668950713.jpg","contentUrl":"https:\/\/www.od.dk\/wp-content\/uploads\/2025\/07\/call-to-action-billede-e1752668950713.jpg","width":5424,"height":2026},{"@type":"BreadcrumbList","@id":"https:\/\/www.od.dk\/?page_id=293#breadcrumb","itemListElement":[{"@type":"ListItem","position":1,"name":"Forside","item":"https:\/\/www.od.dk\/"},{"@type":"ListItem","position":2,"name":"Forside","item":"https:\/\/www.od.dk\/"},{"@type":"ListItem","position":3,"name":"Kampagneweekend"}]},{"@type":"WebSite","@id":"https:\/\/www.od.dk\/#website","url":"https:\/\/www.od.dk\/","name":"Operation Dagsv\u00e6rk","description":"Oplysning, stillingtagen, handling","alternateName":"OD","potentialAction":[{"@type":"SearchAction","target":{"@type":"EntryPoint","urlTemplate":"https:\/\/www.od.dk\/?s={search_term_string}"},"query-input":"required name=search_term_string"}],"inLanguage":"da-DK"}]}},"_links":{"self":[{"href":"https:\/\/www.od.dk\/index.php?rest_route=\/wp\/v2\/pages\/293"}],"collection":[{"href":"https:\/\/www.od.dk\/index.php?rest_route=\/wp\/v2\/pages"}],"about":[{"href":"https:\/\/www.od.dk\/index.php?rest_route=\/wp\/v2\/types\/page"}],"author":[{"embeddable":true,"href":"https:\/\/www.od.dk\/index.php?rest_route=\/wp\/v2\/users\/1"}],"replies":[{"embeddable":true,"href":"https:\/\/www.od.dk\/index.php?rest_route=%2Fwp%2Fv2%2Fcomments&post=293"}],"version-history":[{"count":39,"href":"https:\/\/www.od.dk\/index.php?rest_route=\/wp\/v2\/pages\/293\/revisions"}],"predecessor-version":[{"id":1856,"href":"https:\/\/www.od.dk\/index.php?rest_route=\/wp\/v2\/pages\/293\/revisions\/1856"}],"up":[{"embeddable":true,"href":"https:\/\/www.od.dk\/index.php?rest_route=\/wp\/v2\/pages\/31"}],"wp:featuredmedia":[{"embeddable":true,"href":"https:\/\/www.od.dk\/index.php?rest_route=\/wp\/v2\/media\/1802"}],"wp:attachment":[{"href":"https:\/\/www.od.dk\/index.php?rest_route=%2Fwp%2Fv2%2Fmedia&parent=293"}],"curies":[{"name":"wp","href":"https:\/\/api.w.org\/{rel}","templated":true}]}}